{"id":8811,"date":"2022-12-19T12:27:19","date_gmt":"2022-12-19T10:27:19","guid":{"rendered":"https:\/\/institut-parisien-du-dos.fr\/?page_id=8811"},"modified":"2024-03-19T00:51:15","modified_gmt":"2024-03-18T22:51:15","slug":"douleur-sacro-iliaque","status":"publish","type":"page","link":"https:\/\/www.institut-parisien-du-dos.fr\/fr\/les-pathologies\/douleur-sacro-iliaque.html","title":{"rendered":"La douleur sacro-iliaque"},"content":{"rendered":"<h2>Qu\u2019est-ce que l\u2019articulation sacro iliaque ?<\/h2>\n<p><img decoding=\"async\" class=\"size-medium wp-image-8814 alignright\" src=\"https:\/\/institut-parisien-du-dos.fr\/wp-content\/uploads\/2022\/12\/douleur-sacro-iliaque-300x231.png\" alt=\"douleur sacro-iliaque\" width=\"300\" height=\"231\" srcset=\"https:\/\/www.institut-parisien-du-dos.fr\/fr\/wp-content\/uploads\/2022\/12\/douleur-sacro-iliaque-300x231.png 300w, https:\/\/www.institut-parisien-du-dos.fr\/fr\/wp-content\/uploads\/2022\/12\/douleur-sacro-iliaque.png 675w\" sizes=\"(max-width: 300px) 100vw, 300px\" \/><\/p>\n<p>L\u2019articulation sacro-iliaque est l\u2019articulation situ\u00e9e entre le sacrum et l\u2019aile iliaque.<\/p>\n<p>Le sacrum \u00e9tant la prolongation de la colonne vert\u00e9brale et l\u2019aile iliaque appartenant au bassin, cette articulation fait le lien entre le haut et le bas du corps.<\/p>\n<p>Elle va donc \u00eatre soumise durant la vie \u00e0 d\u2019importantes contraintes m\u00e9caniques.<\/p>\n<p>Cette articulation est form\u00e9e d\u2019un important complexe ligamentaire qui lui permet une grande stabilit\u00e9. Mais avec le temps et parfois des contraintes excessives, l\u2019usure des ligaments peut entra\u00eener une d\u00e9stabilisation de cette articulation et une mobilit\u00e9 anormale qui va provoquer une usure cartilagineuse, une inflammation et des douleurs.<\/p>\n<p><strong>C\u2019est l\u2019arthrose sacro-iliaque.<\/strong><\/p>\n<h2>Quels sont les sympt\u00f4mes?<\/h2>\n<p><strong>Le signe le plus fr\u00e9quent est une douleur au niveau de la fesse<\/strong>, d\u2019un ou des deux c\u00f4t\u00e9s (si une ou les 2 articulations sacro-iliaques sont touch\u00e9es). Souvent cette douleur peut descendre dans la cuisse et la jambe et peut \u00eatre prise pour une douleur de sciatique.<\/p>\n<p>La douleur si\u00e8ge parfois un peu plus haut au niveau des lombaires.<\/p>\n<p>Il arrive m\u00eame que la douleur irradie devant, au niveau du pli de l\u2019aine.<\/p>\n<p>Les douleurs peuvent \u00eatre augment\u00e9es la journ\u00e9e lors du passage de la position assise \u00e0 debout, et la nuit, lors des changements de position.<\/p>\n<p>Les douleurs en lien avec l\u2019articulation sacro-iliaque sont souvent m\u00e9connues si vous ne voyez pas un sp\u00e9cialiste.<\/p>\n<p>L\u2019arthrose sacro-iliaque est encore plus fr\u00e9quente chez les patients qui ont b\u00e9n\u00e9fici\u00e9 d\u2019une arthrod\u00e8se lombaire basse (arthrod\u00e8se L5S1 par exemple).<\/p>\n<p>Elle peut aussi survenir dans les suites d\u2019un accouchement (par hyper-sollicitation du bassin).<\/p>\n<h2>Comment se fait le diagnostic?<\/h2>\n<p>Si vous ressentez les douleurs cit\u00e9es ci-dessus, nous vous conseillons de consulter un des sp\u00e9cialistes de l\u2019Institut Parisien du Dos.<\/p>\n<p>Apr\u00e8s un interrogatoire et un examen clinique complet, certains signes nous orienterons vers le diagnostic d\u2019arthrose sacro-iliaque.<\/p>\n<p>Il convient avant tout de s\u2019assurer qu\u2019il n\u2019y a pas d\u2019autres causes \u00e0 vos douleurs.<\/p>\n<p>Le plus souvent un scanner ou une IRM du rachis lombaire est demand\u00e9 pour rechercher une discopathie, une hernie discale ou de l\u2019arthrose lombaire. Des radiographies du bassin peuvent aussi \u00eatre demand\u00e9es pour \u00e9liminer une coxarthrose (arthrose de hanche).<\/p>\n<p>Un scanner et\/ou une IRM du bassin peuvent parfois mettre en \u00e9vidence l\u2019arthrose sacro-iliaque.<\/p>\n<p>Sur le scanner, une condensation et des \u00e9rosions des berges de l\u2019articulation peuvent \u00eatre visualis\u00e9es et de l\u2019air dans l\u2019articulation est un excellent signe d\u2019arthrose sacro-iliaque.<\/p>\n<p>Parfois, une scintigraphie peut \u00eatre r\u00e9alis\u00e9e et met en \u00e9vidence une hyperfixation au niveau de l\u2019articulation sacro-iliaque.<\/p>\n<p>Hyperfixation intense sur l\u2019articulation sacro-iliaque encadr\u00e9e en rouge<\/p>\n<p><img decoding=\"async\" class=\"aligncenter wp-image-8813 size-full\" src=\"https:\/\/institut-parisien-du-dos.fr\/wp-content\/uploads\/2022\/12\/Hyperfixation-intense-sur-larticulation-sacro-iliaque-encadree-en-rouge.png\" alt=\"Hyperfixation intense sur l\u2019articulation sacro-iliaque encadre\u0301e en rouge\" width=\"803\" height=\"491\" srcset=\"https:\/\/www.institut-parisien-du-dos.fr\/fr\/wp-content\/uploads\/2022\/12\/Hyperfixation-intense-sur-larticulation-sacro-iliaque-encadree-en-rouge.png 803w, https:\/\/www.institut-parisien-du-dos.fr\/fr\/wp-content\/uploads\/2022\/12\/Hyperfixation-intense-sur-larticulation-sacro-iliaque-encadree-en-rouge-300x183.png 300w\" sizes=\"(max-width: 803px) 100vw, 803px\" \/><\/p>\n<p>L\u2019imagerie n\u2019est pas forc\u00e9ment aussi typique et <strong>le seul examen qui permet de confirmer le diagnostic est une infiltration-test d\u2019anesth\u00e9sique local faite sous contr\u00f4le radiographique ou scanner.<\/strong><\/p>\n<p>Le radiologue, sur prescription, va injecter dans l\u2019articulation sacro-iliaque un anesth\u00e9siant local.<\/p>\n<p>Si apr\u00e8s quelques minutes les douleurs ont disparu, le diagnostic est confirm\u00e9, c\u2019est bien l\u2019articulation sacro-iliaque qui est responsable de vos douleurs. Il faut noter que les douleurs vont r\u00e9appara\u00eetre quelques heures apr\u00e8s l\u2019infiltration (quand le produit anesth\u00e9siant aura disparu).<\/p>\n<p>Si les douleurs persistent malgr\u00e9 le test anesth\u00e9sique, \u00e7a n\u2019est s\u00fbrement pas l\u2019articulation sacro-iliaque qui est \u00e0 l\u2019origine de vos douleurs et nous continuerons de chercher la cause ensemble.<\/p>\n<h2>Quel est le traitement de l\u2019arthrose sacro iliaque?<\/h2>\n<p>Comme toujours, il faut d\u00e9buter par un traitement m\u00e9dical.<\/p>\n<p>Ce traitement ne permettra pas de vous gu\u00e9rir mais de vous soulager.<\/p>\n<p>Les antalgiques, les anti-inflammatoires, les cortico\u00efdes et parfois la r\u00e9\u00e9ducation font partir de l\u2019arsenal th\u00e9rapeutique.<\/p>\n<p>Si le traitement m\u00e9dical est en \u00e9chec, et si seulement l\u2019infiltration d\u2019anesth\u00e9sique local a permis une diminution franche voire une disparition des douleurs, nous vous proposerons un traitement chirurgical : l\u2019arthrod\u00e8se sacro-iliaque.<\/p>\n<p><strong>L\u2019arthrod\u00e8se sacro-iliaque permet, de mani\u00e8re d\u00e9finitive, une am\u00e9lioration notable voire une disparition des douleurs en lien avec l\u2019arthrose sacro-iliaque.<\/strong><\/p>\n<p><strong>\u00a0<\/strong><\/p>\n<p>\u00a0<\/p>\n<h2>Comment se passe la chirurgie d\u2019arthrod\u00e8se sacro-iliaque?<\/h2>\n<p><img decoding=\"async\" class=\"size-medium wp-image-8819 alignright\" src=\"https:\/\/institut-parisien-du-dos.fr\/wp-content\/uploads\/2022\/12\/la-chirurgie-darthrodese-sacro-iliaque-234x300.png\" alt=\"la chirurgie d\u2019arthrode\u0300se sacro-iliaque\" width=\"234\" height=\"300\" srcset=\"https:\/\/www.institut-parisien-du-dos.fr\/fr\/wp-content\/uploads\/2022\/12\/la-chirurgie-darthrodese-sacro-iliaque-234x300.png 234w, https:\/\/www.institut-parisien-du-dos.fr\/fr\/wp-content\/uploads\/2022\/12\/la-chirurgie-darthrodese-sacro-iliaque.png 635w\" sizes=\"(max-width: 234px) 100vw, 234px\" \/>Une fois que votre chirurgien aura pos\u00e9 une indication d\u2019arthrod\u00e8se sacro-iliaque, toute notre attention sera mise pour vous expliquer comment cette chirurgie se d\u00e9roule.<\/p>\n<p>L\u2019arthrod\u00e8se sacro-iliaque a pour but de faire fusionner l\u2019articulation.<\/p>\n<p><strong>Il s\u2019agit d\u2019une chirurgie mini-invasive.<\/strong><\/p>\n<p>Par une cicatrice de quelques centim\u00e8tres sur le bord externe de la fesse, nous allons introduire 3 implants en titane afin de bloquer l\u2019articulation sacro-iliaque. Au bout de quelques mois, l\u2019articulation sacro-iliaque va fusionner, emp\u00eachant de mani\u00e8re d\u00e9finitive toute mobilit\u00e9 de l\u2019articulation et cela permet une diminution voire une disparition des douleurs.<\/p>\n<p>Cette intervention dure environ 30 minutes, sous anesth\u00e9sie g\u00e9n\u00e9rale, et la mise en place des 3 implants se fait sous contr\u00f4le radiographique au bloc op\u00e9ratoire afin de contr\u00f4ler tout au long de l\u2019intervention le parfait positionnement des implants.<\/p>\n<p><strong>Les suites sont tr\u00e8s simples.<\/strong><\/p>\n<p>Vous ressortez le lendemain le plus souvent.<\/p>\n<p><strong>La seul consigne que nous vous demandons de respecter est de marcher avec des b\u00e9quilles pendant 21 jours afin d\u2019avoir un appui soulag\u00e9 du c\u00f4t\u00e9 op\u00e9r\u00e9. <\/strong><\/p>\n<p>Il y a donc des anticoagulants pendant cette dur\u00e9e pour \u00e9viter la phl\u00e9bite.<\/p>\n<p>Ensuite un suivi est programm\u00e9 avec votre chirurgien.<\/p>\n<p>\u00a0<\/p>\n<h2>La mobilit\u00e9 est-elle diminu\u00e9e apr\u00e8s une arthrod\u00e8se sacro-iliaque?<\/h2>\n<p><strong>NON.<\/strong><\/p>\n<p>Il s\u2019agit d\u2019une articulation tr\u00e8s peu mobile en situation normale. <strong>Vous ne ressentirez donc aucune perte de mobilit\u00e9 apr\u00e8s la chirurgie. <\/strong><\/p>\n<p>Bien au contraire, le fait de ne plus avoir mal va vous permettre de refaire des activit\u00e9s que vous ne pouviez plus faire avant.<\/p>\n<p><img decoding=\"async\" class=\"aligncenter wp-image-8818 size-medium\" src=\"https:\/\/institut-parisien-du-dos.fr\/wp-content\/uploads\/2022\/12\/Radiographie-de-controle-apres-arthrodese-sacro-iliaque-300x276.png\" alt=\"Radiographie de contro\u0302le apre\u0300s arthrode\u0300se sacro-iliaque\" width=\"300\" height=\"276\" srcset=\"https:\/\/www.institut-parisien-du-dos.fr\/fr\/wp-content\/uploads\/2022\/12\/Radiographie-de-controle-apres-arthrodese-sacro-iliaque-300x276.png 300w, https:\/\/www.institut-parisien-du-dos.fr\/fr\/wp-content\/uploads\/2022\/12\/Radiographie-de-controle-apres-arthrodese-sacro-iliaque-1024x942.png 1024w, https:\/\/www.institut-parisien-du-dos.fr\/fr\/wp-content\/uploads\/2022\/12\/Radiographie-de-controle-apres-arthrodese-sacro-iliaque.png 1087w\" sizes=\"(max-width: 300px) 100vw, 300px\" \/><\/p>\n<p>Radiographie de contr\u00f4le apr\u00e8s arthrod\u00e8se sacro-iliaque<\/p>\n\n\n","protected":false},"excerpt":{"rendered":"<p>Qu\u2019est-ce que l\u2019articulation sacro iliaque ? L\u2019articulation sacro-iliaque est l\u2019articulation situ\u00e9e entre le sacrum et l\u2019aile iliaque. Le sacrum \u00e9tant la prolongation de la colonne vert\u00e9brale et l\u2019aile iliaque appartenant au bassin, cette articulation fait le lien entre le haut et le bas du corps. Elle va donc \u00eatre soumise durant la vie \u00e0 d\u2019importantes&#8230;<\/p>\n","protected":false},"author":1,"featured_media":7903,"parent":7908,"menu_order":1,"comment_status":"closed","ping_status":"closed","template":"","meta":{"footnotes":""},"class_list":["post-8811","page","type-page","status-publish","has-post-thumbnail","hentry"],"acf":[],"yoast_head":"<!-- This site is optimized with the Yoast SEO plugin v27.5 - https:\/\/yoast.com\/product\/yoast-seo-wordpress\/ -->\n<title>La douleur sacro-iliaque - Institut de Chirurgie du Dos Paris<\/title>\n<meta name=\"description\" content=\"Le principal sympt\u00f4me est une douleur dans la fesse. Le traitement est d&#039;abord m\u00e9dical et parfois on a recours \u00e0 l&#039;arthrod\u00e8se sacro-iliaque.\" \/>\n<meta name=\"robots\" content=\"index, follow, max-snippet:-1, max-image-preview:large, max-video-preview:-1\" \/>\n<link rel=\"canonical\" href=\"https:\/\/www.institut-parisien-du-dos.fr\/fr\/les-pathologies\/douleur-sacro-iliaque.html\" \/>\n<meta property=\"og:locale\" content=\"fr_FR\" \/>\n<meta property=\"og:type\" content=\"article\" \/>\n<meta property=\"og:title\" content=\"La douleur sacro-iliaque - Institut de Chirurgie du Dos Paris\" \/>\n<meta property=\"og:description\" content=\"Le principal sympt\u00f4me est une douleur dans la fesse. Le traitement est d&#039;abord m\u00e9dical et parfois on a recours \u00e0 l&#039;arthrod\u00e8se sacro-iliaque.\" \/>\n<meta property=\"og:url\" content=\"https:\/\/www.institut-parisien-du-dos.fr\/fr\/les-pathologies\/douleur-sacro-iliaque.html\" \/>\n<meta property=\"og:site_name\" content=\"Institut de Chirurgie du Dos Paris\" \/>\n<meta property=\"article:modified_time\" content=\"2024-03-18T22:51:15+00:00\" \/>\n<meta property=\"og:image\" content=\"https:\/\/www.institut-parisien-du-dos.fr\/fr\/wp-content\/uploads\/2022\/07\/colone-vertebrale-institut-parisien.jpg\" \/>\n\t<meta property=\"og:image:width\" content=\"800\" \/>\n\t<meta property=\"og:image:height\" content=\"600\" \/>\n\t<meta property=\"og:image:type\" content=\"image\/jpeg\" \/>\n<meta name=\"twitter:card\" content=\"summary_large_image\" \/>\n<meta name=\"twitter:label1\" content=\"Dur\u00e9e de lecture estim\u00e9e\" \/>\n\t<meta name=\"twitter:data1\" content=\"6 minutes\" \/>\n<script type=\"application\/ld+json\" class=\"yoast-schema-graph\">{\"@context\":\"https:\\\/\\\/schema.org\",\"@graph\":[{\"@type\":\"WebPage\",\"@id\":\"https:\\\/\\\/www.institut-parisien-du-dos.fr\\\/fr\\\/les-pathologies\\\/douleur-sacro-iliaque.html\",\"url\":\"https:\\\/\\\/www.institut-parisien-du-dos.fr\\\/fr\\\/les-pathologies\\\/douleur-sacro-iliaque.html\",\"name\":\"La douleur sacro-iliaque - Institut de Chirurgie du Dos Paris\",\"isPartOf\":{\"@id\":\"https:\\\/\\\/www.institut-parisien-du-dos.fr\\\/fr\\\/#website\"},\"primaryImageOfPage\":{\"@id\":\"https:\\\/\\\/www.institut-parisien-du-dos.fr\\\/fr\\\/les-pathologies\\\/douleur-sacro-iliaque.html#primaryimage\"},\"image\":{\"@id\":\"https:\\\/\\\/www.institut-parisien-du-dos.fr\\\/fr\\\/les-pathologies\\\/douleur-sacro-iliaque.html#primaryimage\"},\"thumbnailUrl\":\"https:\\\/\\\/www.institut-parisien-du-dos.fr\\\/fr\\\/wp-content\\\/uploads\\\/2022\\\/07\\\/colone-vertebrale-institut-parisien.jpg\",\"datePublished\":\"2022-12-19T10:27:19+00:00\",\"dateModified\":\"2024-03-18T22:51:15+00:00\",\"description\":\"Le principal sympt\u00f4me est une douleur dans la fesse. Le traitement est d'abord m\u00e9dical et parfois on a recours \u00e0 l'arthrod\u00e8se sacro-iliaque.\",\"breadcrumb\":{\"@id\":\"https:\\\/\\\/www.institut-parisien-du-dos.fr\\\/fr\\\/les-pathologies\\\/douleur-sacro-iliaque.html#breadcrumb\"},\"inLanguage\":\"fr-FR\",\"potentialAction\":[{\"@type\":\"ReadAction\",\"target\":[\"https:\\\/\\\/www.institut-parisien-du-dos.fr\\\/fr\\\/les-pathologies\\\/douleur-sacro-iliaque.html\"]}]},{\"@type\":\"ImageObject\",\"inLanguage\":\"fr-FR\",\"@id\":\"https:\\\/\\\/www.institut-parisien-du-dos.fr\\\/fr\\\/les-pathologies\\\/douleur-sacro-iliaque.html#primaryimage\",\"url\":\"https:\\\/\\\/www.institut-parisien-du-dos.fr\\\/fr\\\/wp-content\\\/uploads\\\/2022\\\/07\\\/colone-vertebrale-institut-parisien.jpg\",\"contentUrl\":\"https:\\\/\\\/www.institut-parisien-du-dos.fr\\\/fr\\\/wp-content\\\/uploads\\\/2022\\\/07\\\/colone-vertebrale-institut-parisien.jpg\",\"width\":800,\"height\":600},{\"@type\":\"BreadcrumbList\",\"@id\":\"https:\\\/\\\/www.institut-parisien-du-dos.fr\\\/fr\\\/les-pathologies\\\/douleur-sacro-iliaque.html#breadcrumb\",\"itemListElement\":[{\"@type\":\"ListItem\",\"position\":1,\"name\":\"Accueil\",\"item\":\"https:\\\/\\\/www.institut-parisien-du-dos.fr\\\/fr\\\/\"},{\"@type\":\"ListItem\",\"position\":2,\"name\":\"Pathologies\",\"item\":\"https:\\\/\\\/www.institut-parisien-du-dos.fr\\\/fr\\\/les-pathologies.html\"},{\"@type\":\"ListItem\",\"position\":3,\"name\":\"La douleur sacro-iliaque\"}]},{\"@type\":\"WebSite\",\"@id\":\"https:\\\/\\\/www.institut-parisien-du-dos.fr\\\/fr\\\/#website\",\"url\":\"https:\\\/\\\/www.institut-parisien-du-dos.fr\\\/fr\\\/\",\"name\":\"Institut Parisien du Dos\",\"description\":\"\",\"publisher\":{\"@id\":\"https:\\\/\\\/www.institut-parisien-du-dos.fr\\\/fr\\\/#organization\"},\"potentialAction\":[{\"@type\":\"SearchAction\",\"target\":{\"@type\":\"EntryPoint\",\"urlTemplate\":\"https:\\\/\\\/www.institut-parisien-du-dos.fr\\\/fr\\\/?s={search_term_string}\"},\"query-input\":{\"@type\":\"PropertyValueSpecification\",\"valueRequired\":true,\"valueName\":\"search_term_string\"}}],\"inLanguage\":\"fr-FR\"},{\"@type\":\"Organization\",\"@id\":\"https:\\\/\\\/www.institut-parisien-du-dos.fr\\\/fr\\\/#organization\",\"name\":\"Institut Parisien du Dos\",\"url\":\"https:\\\/\\\/www.institut-parisien-du-dos.fr\\\/fr\\\/\",\"logo\":{\"@type\":\"ImageObject\",\"inLanguage\":\"fr-FR\",\"@id\":\"https:\\\/\\\/www.institut-parisien-du-dos.fr\\\/fr\\\/#\\\/schema\\\/logo\\\/image\\\/\",\"url\":\"https:\\\/\\\/institut-parisien-du-dos.fr\\\/wp-content\\\/uploads\\\/2022\\\/10\\\/logo-institut-parisien-dos.jpg\",\"contentUrl\":\"https:\\\/\\\/institut-parisien-du-dos.fr\\\/wp-content\\\/uploads\\\/2022\\\/10\\\/logo-institut-parisien-dos.jpg\",\"width\":800,\"height\":600,\"caption\":\"Institut Parisien du Dos\"},\"image\":{\"@id\":\"https:\\\/\\\/www.institut-parisien-du-dos.fr\\\/fr\\\/#\\\/schema\\\/logo\\\/image\\\/\"},\"sameAs\":[\"https:\\\/\\\/www.instagram.com\\\/institut_parisien_du_dos\\\/\",\"https:\\\/\\\/www.linkedin.com\\\/company\\\/institut-parisien-du-dos\\\/\"]}]}<\/script>\n<!-- \/ Yoast SEO plugin. -->","yoast_head_json":{"title":"La douleur sacro-iliaque - Institut de Chirurgie du Dos Paris","description":"Le principal sympt\u00f4me est une douleur dans la fesse. Le traitement est d'abord m\u00e9dical et parfois on a recours \u00e0 l'arthrod\u00e8se sacro-iliaque.","robots":{"index":"index","follow":"follow","max-snippet":"max-snippet:-1","max-image-preview":"max-image-preview:large","max-video-preview":"max-video-preview:-1"},"canonical":"https:\/\/www.institut-parisien-du-dos.fr\/fr\/les-pathologies\/douleur-sacro-iliaque.html","og_locale":"fr_FR","og_type":"article","og_title":"La douleur sacro-iliaque - Institut de Chirurgie du Dos Paris","og_description":"Le principal sympt\u00f4me est une douleur dans la fesse. Le traitement est d'abord m\u00e9dical et parfois on a recours \u00e0 l'arthrod\u00e8se sacro-iliaque.","og_url":"https:\/\/www.institut-parisien-du-dos.fr\/fr\/les-pathologies\/douleur-sacro-iliaque.html","og_site_name":"Institut de Chirurgie du Dos Paris","article_modified_time":"2024-03-18T22:51:15+00:00","og_image":[{"width":800,"height":600,"url":"https:\/\/www.institut-parisien-du-dos.fr\/fr\/wp-content\/uploads\/2022\/07\/colone-vertebrale-institut-parisien.jpg","type":"image\/jpeg"}],"twitter_card":"summary_large_image","twitter_misc":{"Dur\u00e9e de lecture estim\u00e9e":"6 minutes"},"schema":{"@context":"https:\/\/schema.org","@graph":[{"@type":"WebPage","@id":"https:\/\/www.institut-parisien-du-dos.fr\/fr\/les-pathologies\/douleur-sacro-iliaque.html","url":"https:\/\/www.institut-parisien-du-dos.fr\/fr\/les-pathologies\/douleur-sacro-iliaque.html","name":"La douleur sacro-iliaque - Institut de Chirurgie du Dos Paris","isPartOf":{"@id":"https:\/\/www.institut-parisien-du-dos.fr\/fr\/#website"},"primaryImageOfPage":{"@id":"https:\/\/www.institut-parisien-du-dos.fr\/fr\/les-pathologies\/douleur-sacro-iliaque.html#primaryimage"},"image":{"@id":"https:\/\/www.institut-parisien-du-dos.fr\/fr\/les-pathologies\/douleur-sacro-iliaque.html#primaryimage"},"thumbnailUrl":"https:\/\/www.institut-parisien-du-dos.fr\/fr\/wp-content\/uploads\/2022\/07\/colone-vertebrale-institut-parisien.jpg","datePublished":"2022-12-19T10:27:19+00:00","dateModified":"2024-03-18T22:51:15+00:00","description":"Le principal sympt\u00f4me est une douleur dans la fesse. Le traitement est d'abord m\u00e9dical et parfois on a recours \u00e0 l'arthrod\u00e8se sacro-iliaque.","breadcrumb":{"@id":"https:\/\/www.institut-parisien-du-dos.fr\/fr\/les-pathologies\/douleur-sacro-iliaque.html#breadcrumb"},"inLanguage":"fr-FR","potentialAction":[{"@type":"ReadAction","target":["https:\/\/www.institut-parisien-du-dos.fr\/fr\/les-pathologies\/douleur-sacro-iliaque.html"]}]},{"@type":"ImageObject","inLanguage":"fr-FR","@id":"https:\/\/www.institut-parisien-du-dos.fr\/fr\/les-pathologies\/douleur-sacro-iliaque.html#primaryimage","url":"https:\/\/www.institut-parisien-du-dos.fr\/fr\/wp-content\/uploads\/2022\/07\/colone-vertebrale-institut-parisien.jpg","contentUrl":"https:\/\/www.institut-parisien-du-dos.fr\/fr\/wp-content\/uploads\/2022\/07\/colone-vertebrale-institut-parisien.jpg","width":800,"height":600},{"@type":"BreadcrumbList","@id":"https:\/\/www.institut-parisien-du-dos.fr\/fr\/les-pathologies\/douleur-sacro-iliaque.html#breadcrumb","itemListElement":[{"@type":"ListItem","position":1,"name":"Accueil","item":"https:\/\/www.institut-parisien-du-dos.fr\/fr\/"},{"@type":"ListItem","position":2,"name":"Pathologies","item":"https:\/\/www.institut-parisien-du-dos.fr\/fr\/les-pathologies.html"},{"@type":"ListItem","position":3,"name":"La douleur sacro-iliaque"}]},{"@type":"WebSite","@id":"https:\/\/www.institut-parisien-du-dos.fr\/fr\/#website","url":"https:\/\/www.institut-parisien-du-dos.fr\/fr\/","name":"Institut Parisien du Dos","description":"","publisher":{"@id":"https:\/\/www.institut-parisien-du-dos.fr\/fr\/#organization"},"potentialAction":[{"@type":"SearchAction","target":{"@type":"EntryPoint","urlTemplate":"https:\/\/www.institut-parisien-du-dos.fr\/fr\/?s={search_term_string}"},"query-input":{"@type":"PropertyValueSpecification","valueRequired":true,"valueName":"search_term_string"}}],"inLanguage":"fr-FR"},{"@type":"Organization","@id":"https:\/\/www.institut-parisien-du-dos.fr\/fr\/#organization","name":"Institut Parisien du Dos","url":"https:\/\/www.institut-parisien-du-dos.fr\/fr\/","logo":{"@type":"ImageObject","inLanguage":"fr-FR","@id":"https:\/\/www.institut-parisien-du-dos.fr\/fr\/#\/schema\/logo\/image\/","url":"https:\/\/institut-parisien-du-dos.fr\/wp-content\/uploads\/2022\/10\/logo-institut-parisien-dos.jpg","contentUrl":"https:\/\/institut-parisien-du-dos.fr\/wp-content\/uploads\/2022\/10\/logo-institut-parisien-dos.jpg","width":800,"height":600,"caption":"Institut Parisien du Dos"},"image":{"@id":"https:\/\/www.institut-parisien-du-dos.fr\/fr\/#\/schema\/logo\/image\/"},"sameAs":["https:\/\/www.instagram.com\/institut_parisien_du_dos\/","https:\/\/www.linkedin.com\/company\/institut-parisien-du-dos\/"]}]}},"_links":{"self":[{"href":"https:\/\/www.institut-parisien-du-dos.fr\/fr\/wp-json\/wp\/v2\/pages\/8811","targetHints":{"allow":["GET"]}}],"collection":[{"href":"https:\/\/www.institut-parisien-du-dos.fr\/fr\/wp-json\/wp\/v2\/pages"}],"about":[{"href":"https:\/\/www.institut-parisien-du-dos.fr\/fr\/wp-json\/wp\/v2\/types\/page"}],"author":[{"embeddable":true,"href":"https:\/\/www.institut-parisien-du-dos.fr\/fr\/wp-json\/wp\/v2\/users\/1"}],"replies":[{"embeddable":true,"href":"https:\/\/www.institut-parisien-du-dos.fr\/fr\/wp-json\/wp\/v2\/comments?post=8811"}],"version-history":[{"count":7,"href":"https:\/\/www.institut-parisien-du-dos.fr\/fr\/wp-json\/wp\/v2\/pages\/8811\/revisions"}],"predecessor-version":[{"id":8881,"href":"https:\/\/www.institut-parisien-du-dos.fr\/fr\/wp-json\/wp\/v2\/pages\/8811\/revisions\/8881"}],"up":[{"embeddable":true,"href":"https:\/\/www.institut-parisien-du-dos.fr\/fr\/wp-json\/wp\/v2\/pages\/7908"}],"wp:featuredmedia":[{"embeddable":true,"href":"https:\/\/www.institut-parisien-du-dos.fr\/fr\/wp-json\/wp\/v2\/media\/7903"}],"wp:attachment":[{"href":"https:\/\/www.institut-parisien-du-dos.fr\/fr\/wp-json\/wp\/v2\/media?parent=8811"}],"curies":[{"name":"wp","href":"https:\/\/api.w.org\/{rel}","templated":true}]}}