{"id":8696,"date":"2022-11-17T09:48:46","date_gmt":"2022-11-17T07:48:46","guid":{"rendered":"https:\/\/institut-parisien-du-dos.fr\/?page_id=8696"},"modified":"2022-11-17T09:48:46","modified_gmt":"2022-11-17T07:48:46","slug":"lintervention-chirurgicale","status":"publish","type":"page","link":"https:\/\/www.institut-parisien-du-dos.fr\/fr\/hospitalisation\/lintervention-chirurgicale.html","title":{"rendered":"L&rsquo;intervention chirurgicale"},"content":{"rendered":"<h2>Vos derniers pr\u00e9paratifs<\/h2>\n<hr>\n<p>Vous serez mis\u00a0<strong>\u00e0 jeun d\u00e9s minuit la veille au soir<\/strong>. En cas d\u2019intervention chirurgicale pr\u00e9vue l\u2019apr\u00e8s midi, apr\u00e8s accord de l\u2019anesth\u00e9siste, un petit d\u00e9jeuner l\u00e9ger pourra vous \u00eatre servi de bonne heure.<\/p>\n<p>Une fois attendu au bloc op\u00e9ratoire, vous serez pr\u00e9venu par l\u2019infirmi\u00e8re et prendrez votre\u00a0<strong>ultime douche \u00e0 la B\u00e9tadine<\/strong>\u00a0(cheveux compris). Avant votre transfert au bloc op\u00e9ratoire, vous prendrez un\u00a0<strong>l\u00e9ger calmant<\/strong>\u00a0afin de vous relaxer.<\/p>\n<p>\u00a0<\/p>\n<h2>Au bloc op\u00e9ratoire<\/h2>\n<hr>\n<p><img decoding=\"async\" class=\"alignnone wp-image-8697 size-large\" src=\"https:\/\/institut-parisien-du-dos.fr\/wp-content\/uploads\/2022\/11\/Salledebloc-1024x684.jpg\" alt=\"Salledebloc\" width=\"1024\" height=\"684\" srcset=\"https:\/\/www.institut-parisien-du-dos.fr\/fr\/wp-content\/uploads\/2022\/11\/Salledebloc-1024x684.jpg 1024w, https:\/\/www.institut-parisien-du-dos.fr\/fr\/wp-content\/uploads\/2022\/11\/Salledebloc-300x200.jpg 300w, https:\/\/www.institut-parisien-du-dos.fr\/fr\/wp-content\/uploads\/2022\/11\/Salledebloc-1536x1026.jpg 1536w, https:\/\/www.institut-parisien-du-dos.fr\/fr\/wp-content\/uploads\/2022\/11\/Salledebloc-scaled.jpg 1497w\" sizes=\"(max-width: 1024px) 100vw, 1024px\" \/><\/p>\n<p>Vous y serez transf\u00e9r\u00e9 en brancard \u00a0par le brancardier et accueilli par l\u2019infirmi\u00e8re de salle qui v\u00e9rifiera avec vous votre identit\u00e9, le cot\u00e9 \u00e0 op\u00e9rer si besoin, le cot\u00e9 de vos douleurs actuelles, et, par l\u2019anesth\u00e9siste qui vous installera en salle de pr\u00e9-anesth\u00e9sie afin de vous perfuser et vous pr\u00e9parer \u00e0 l\u2019intervention.<\/p>\n<p>Par la suite, vous serrez amen\u00e9 en salle op\u00e9ratoire o\u00f9 l\u2019infirmi\u00e8re de salle v\u00e9rifiera une derni\u00e8re fois votre identit\u00e9, le cot\u00e9 \u00e0 op\u00e9rer ou le si\u00e8ge de vos douleurs actuelles, et install\u00e9 avec l\u2019aide du personnel du bloc op\u00e9ratoire.<\/p>\n<p>L\u2019intervention pourra alors d\u00e9buter dans les meilleures conditions.<\/p>\n<p>Durant l\u2019intervention, le chirurgien pourra controler ses gestes op\u00e9ratoires r\u00e9alis\u00e9s \u00e0 l\u2019aide d\u2019une imagerie derni\u00e9re g\u00e9n\u00e9ration, le scanner de bloc op\u00e9ratoire (ZHIEM), qui permet a\u00e0 tout moment d\u2019avoir une imagerie en 3 dimension de la zone op\u00e9r\u00e9e. Chaque\u00a0salle de chirugie rachidienne en possede un, pour votre s\u00e9curit\u00e9.<\/p>\n<p><img decoding=\"async\" class=\"wp-image-8698 size-medium alignleft\" src=\"https:\/\/institut-parisien-du-dos.fr\/wp-content\/uploads\/2022\/11\/Zhiema-300x200.jpg\" alt=\"Zhiema\" width=\"300\" height=\"200\" srcset=\"https:\/\/www.institut-parisien-du-dos.fr\/fr\/wp-content\/uploads\/2022\/11\/Zhiema-300x200.jpg 300w, https:\/\/www.institut-parisien-du-dos.fr\/fr\/wp-content\/uploads\/2022\/11\/Zhiema-1024x684.jpg 1024w, https:\/\/www.institut-parisien-du-dos.fr\/fr\/wp-content\/uploads\/2022\/11\/Zhiema-1536x1026.jpg 1536w, https:\/\/www.institut-parisien-du-dos.fr\/fr\/wp-content\/uploads\/2022\/11\/Zhiema-scaled.jpg 1497w\" sizes=\"(max-width: 300px) 100vw, 300px\" \/><\/p>\n<p><img decoding=\"async\" class=\"size-medium wp-image-8699 alignleft\" src=\"https:\/\/institut-parisien-du-dos.fr\/wp-content\/uploads\/2022\/11\/Ziehmb-300x200.jpg\" alt=\"Ziehmb\" width=\"300\" height=\"200\" srcset=\"https:\/\/www.institut-parisien-du-dos.fr\/fr\/wp-content\/uploads\/2022\/11\/Ziehmb-300x200.jpg 300w, https:\/\/www.institut-parisien-du-dos.fr\/fr\/wp-content\/uploads\/2022\/11\/Ziehmb-1024x684.jpg 1024w, https:\/\/www.institut-parisien-du-dos.fr\/fr\/wp-content\/uploads\/2022\/11\/Ziehmb-1536x1026.jpg 1536w, https:\/\/www.institut-parisien-du-dos.fr\/fr\/wp-content\/uploads\/2022\/11\/Ziehmb-scaled.jpg 1497w\" sizes=\"(max-width: 300px) 100vw, 300px\" \/><\/p>\n<p>\u00a0<\/p>\n<p>\u00a0<\/p>\n<p><img decoding=\"async\" class=\"wp-image-8700 size-large\" src=\"https:\/\/institut-parisien-du-dos.fr\/wp-content\/uploads\/2022\/11\/bloc-opratoire-1024x683.jpg\" alt=\"bloc opratoire\" width=\"1024\" height=\"683\" srcset=\"https:\/\/www.institut-parisien-du-dos.fr\/fr\/wp-content\/uploads\/2022\/11\/bloc-opratoire-1024x683.jpg 1024w, https:\/\/www.institut-parisien-du-dos.fr\/fr\/wp-content\/uploads\/2022\/11\/bloc-opratoire-300x200.jpg 300w, https:\/\/www.institut-parisien-du-dos.fr\/fr\/wp-content\/uploads\/2022\/11\/bloc-opratoire-1536x1024.jpg 1536w, https:\/\/www.institut-parisien-du-dos.fr\/fr\/wp-content\/uploads\/2022\/11\/bloc-opratoire-scaled.jpg 1500w\" sizes=\"(max-width: 1024px) 100vw, 1024px\" \/><\/p>\n<h2>La salle de r\u00e9veil<\/h2>\n<hr>\n<p>A la fin de l\u2019intervention, vous passerez\u00a0<strong>au minimum deux heures en salle de r\u00e9veil<\/strong>, o\u00f9 vous serez :<\/p>\n<ul>\n<li>surveiller r\u00e9guli\u00e8rement par nos infirmi\u00e8res, tant au point de vue m\u00e9dical que neurologique (h\u00e9matome compressif),<\/li>\n<li>soulager des douleurs post-op\u00e9ratoires imm\u00e9diates apr\u00e8s lever de l\u2019anesth\u00e9sie g\u00e9n\u00e9rale,<\/li>\n<li>r\u00e9aliser une radiographie de contr\u00f4le de la zone op\u00e9r\u00e9e.<\/li>\n<\/ul>\n<div><\/div>\n<h2>Le retour dans votre chambre<\/h2>\n<hr>\n<p>Une fois soulag\u00e9 de vos douleurs et r\u00e9veill\u00e9 compl\u00e8tement apr\u00e8s votre anesth\u00e9sie g\u00e9n\u00e9rale, vous serez transf\u00e9rer dans votre chambre et accueilli par l\u2019infirmi\u00e8re d\u2019\u00e9tage qui poursuivra la surveillance instaur\u00e9e en salle de r\u00e9veil.<\/p>\n<p>Votre famille sera pr\u00e9venu de votre retour en chambre si la demande avait \u00e9t\u00e9 effectu\u00e9e par vos proches.<\/p>\n<p>Une fois leur programme op\u00e9ratoire fini, votre chirurgien et votre anesth\u00e9siste viendront vous voir afin de vous donner les consignes post-op\u00e9ratoire \u00e0 suivre ainsi que les constations per-op\u00e9ratoires et l\u2019acte chirurgical effectu\u00e9.<\/p>\n<p>Au cours de votre premi\u00e8re nuit, vous serez surveill\u00e9 de pr\u00e8s par l\u2019infirmi\u00e8re au point de vue neurologique, avec si besoin des phases de r\u00e9veils afin de \u00a0tester la mobilit\u00e9 de vos jambes ou bras.<\/p>\n\n\n","protected":false},"excerpt":{"rendered":"<p>Vos derniers pr\u00e9paratifs Vous serez mis\u00a0\u00e0 jeun d\u00e9s minuit la veille au soir. En cas d\u2019intervention chirurgicale pr\u00e9vue l\u2019apr\u00e8s midi, apr\u00e8s accord de l\u2019anesth\u00e9siste, un petit d\u00e9jeuner l\u00e9ger pourra vous \u00eatre servi de bonne heure. Une fois attendu au bloc op\u00e9ratoire, vous serez pr\u00e9venu par l\u2019infirmi\u00e8re et prendrez votre\u00a0ultime douche \u00e0 la B\u00e9tadine\u00a0(cheveux compris). Avant&#8230;<\/p>\n","protected":false},"author":1,"featured_media":7903,"parent":7993,"menu_order":6,"comment_status":"closed","ping_status":"closed","template":"","meta":{"footnotes":""},"class_list":["post-8696","page","type-page","status-publish","has-post-thumbnail","hentry"],"acf":[],"yoast_head":"<!-- This site is optimized with the Yoast SEO plugin v27.5 - https:\/\/yoast.com\/product\/yoast-seo-wordpress\/ -->\n<title>L&#039;intervention chirurgicale - Institut de Chirurgie du Dos Paris<\/title>\n<meta name=\"robots\" content=\"index, follow, max-snippet:-1, max-image-preview:large, max-video-preview:-1\" \/>\n<link rel=\"canonical\" href=\"https:\/\/www.institut-parisien-du-dos.fr\/fr\/hospitalisation\/lintervention-chirurgicale.html\" \/>\n<meta property=\"og:locale\" content=\"fr_FR\" \/>\n<meta property=\"og:type\" content=\"article\" \/>\n<meta property=\"og:title\" content=\"L&#039;intervention chirurgicale - Institut de Chirurgie du Dos Paris\" \/>\n<meta property=\"og:description\" content=\"Vos derniers pr\u00e9paratifs Vous serez mis\u00a0\u00e0 jeun d\u00e9s minuit la veille au soir. En cas d\u2019intervention chirurgicale pr\u00e9vue l\u2019apr\u00e8s midi, apr\u00e8s accord de l\u2019anesth\u00e9siste, un petit d\u00e9jeuner l\u00e9ger pourra vous \u00eatre servi de bonne heure. Une fois attendu au bloc op\u00e9ratoire, vous serez pr\u00e9venu par l\u2019infirmi\u00e8re et prendrez votre\u00a0ultime douche \u00e0 la B\u00e9tadine\u00a0(cheveux compris). Avant...\" \/>\n<meta property=\"og:url\" content=\"https:\/\/www.institut-parisien-du-dos.fr\/fr\/hospitalisation\/lintervention-chirurgicale.html\" \/>\n<meta property=\"og:site_name\" content=\"Institut de Chirurgie du Dos Paris\" \/>\n<meta property=\"og:image\" content=\"https:\/\/www.institut-parisien-du-dos.fr\/fr\/wp-content\/uploads\/2022\/07\/colone-vertebrale-institut-parisien.jpg\" \/>\n\t<meta property=\"og:image:width\" content=\"800\" \/>\n\t<meta property=\"og:image:height\" content=\"600\" \/>\n\t<meta property=\"og:image:type\" content=\"image\/jpeg\" \/>\n<meta name=\"twitter:card\" content=\"summary_large_image\" \/>\n<meta name=\"twitter:label1\" content=\"Dur\u00e9e de lecture estim\u00e9e\" \/>\n\t<meta name=\"twitter:data1\" content=\"2 minutes\" \/>\n<script type=\"application\/ld+json\" class=\"yoast-schema-graph\">{\"@context\":\"https:\\\/\\\/schema.org\",\"@graph\":[{\"@type\":\"WebPage\",\"@id\":\"https:\\\/\\\/www.institut-parisien-du-dos.fr\\\/fr\\\/hospitalisation\\\/lintervention-chirurgicale.html\",\"url\":\"https:\\\/\\\/www.institut-parisien-du-dos.fr\\\/fr\\\/hospitalisation\\\/lintervention-chirurgicale.html\",\"name\":\"L'intervention chirurgicale - Institut de Chirurgie du Dos Paris\",\"isPartOf\":{\"@id\":\"https:\\\/\\\/www.institut-parisien-du-dos.fr\\\/fr\\\/#website\"},\"primaryImageOfPage\":{\"@id\":\"https:\\\/\\\/www.institut-parisien-du-dos.fr\\\/fr\\\/hospitalisation\\\/lintervention-chirurgicale.html#primaryimage\"},\"image\":{\"@id\":\"https:\\\/\\\/www.institut-parisien-du-dos.fr\\\/fr\\\/hospitalisation\\\/lintervention-chirurgicale.html#primaryimage\"},\"thumbnailUrl\":\"https:\\\/\\\/www.institut-parisien-du-dos.fr\\\/fr\\\/wp-content\\\/uploads\\\/2022\\\/07\\\/colone-vertebrale-institut-parisien.jpg\",\"datePublished\":\"2022-11-17T07:48:46+00:00\",\"breadcrumb\":{\"@id\":\"https:\\\/\\\/www.institut-parisien-du-dos.fr\\\/fr\\\/hospitalisation\\\/lintervention-chirurgicale.html#breadcrumb\"},\"inLanguage\":\"fr-FR\",\"potentialAction\":[{\"@type\":\"ReadAction\",\"target\":[\"https:\\\/\\\/www.institut-parisien-du-dos.fr\\\/fr\\\/hospitalisation\\\/lintervention-chirurgicale.html\"]}]},{\"@type\":\"ImageObject\",\"inLanguage\":\"fr-FR\",\"@id\":\"https:\\\/\\\/www.institut-parisien-du-dos.fr\\\/fr\\\/hospitalisation\\\/lintervention-chirurgicale.html#primaryimage\",\"url\":\"https:\\\/\\\/www.institut-parisien-du-dos.fr\\\/fr\\\/wp-content\\\/uploads\\\/2022\\\/07\\\/colone-vertebrale-institut-parisien.jpg\",\"contentUrl\":\"https:\\\/\\\/www.institut-parisien-du-dos.fr\\\/fr\\\/wp-content\\\/uploads\\\/2022\\\/07\\\/colone-vertebrale-institut-parisien.jpg\",\"width\":800,\"height\":600},{\"@type\":\"BreadcrumbList\",\"@id\":\"https:\\\/\\\/www.institut-parisien-du-dos.fr\\\/fr\\\/hospitalisation\\\/lintervention-chirurgicale.html#breadcrumb\",\"itemListElement\":[{\"@type\":\"ListItem\",\"position\":1,\"name\":\"Accueil\",\"item\":\"https:\\\/\\\/www.institut-parisien-du-dos.fr\\\/fr\\\/\"},{\"@type\":\"ListItem\",\"position\":2,\"name\":\"L&rsquo;hospitalisation\",\"item\":\"https:\\\/\\\/www.institut-parisien-du-dos.fr\\\/fr\\\/hospitalisation.html\"},{\"@type\":\"ListItem\",\"position\":3,\"name\":\"L&rsquo;intervention chirurgicale\"}]},{\"@type\":\"WebSite\",\"@id\":\"https:\\\/\\\/www.institut-parisien-du-dos.fr\\\/fr\\\/#website\",\"url\":\"https:\\\/\\\/www.institut-parisien-du-dos.fr\\\/fr\\\/\",\"name\":\"Institut Parisien du Dos\",\"description\":\"\",\"publisher\":{\"@id\":\"https:\\\/\\\/www.institut-parisien-du-dos.fr\\\/fr\\\/#organization\"},\"potentialAction\":[{\"@type\":\"SearchAction\",\"target\":{\"@type\":\"EntryPoint\",\"urlTemplate\":\"https:\\\/\\\/www.institut-parisien-du-dos.fr\\\/fr\\\/?s={search_term_string}\"},\"query-input\":{\"@type\":\"PropertyValueSpecification\",\"valueRequired\":true,\"valueName\":\"search_term_string\"}}],\"inLanguage\":\"fr-FR\"},{\"@type\":\"Organization\",\"@id\":\"https:\\\/\\\/www.institut-parisien-du-dos.fr\\\/fr\\\/#organization\",\"name\":\"Institut Parisien du Dos\",\"url\":\"https:\\\/\\\/www.institut-parisien-du-dos.fr\\\/fr\\\/\",\"logo\":{\"@type\":\"ImageObject\",\"inLanguage\":\"fr-FR\",\"@id\":\"https:\\\/\\\/www.institut-parisien-du-dos.fr\\\/fr\\\/#\\\/schema\\\/logo\\\/image\\\/\",\"url\":\"https:\\\/\\\/institut-parisien-du-dos.fr\\\/wp-content\\\/uploads\\\/2022\\\/10\\\/logo-institut-parisien-dos.jpg\",\"contentUrl\":\"https:\\\/\\\/institut-parisien-du-dos.fr\\\/wp-content\\\/uploads\\\/2022\\\/10\\\/logo-institut-parisien-dos.jpg\",\"width\":800,\"height\":600,\"caption\":\"Institut Parisien du Dos\"},\"image\":{\"@id\":\"https:\\\/\\\/www.institut-parisien-du-dos.fr\\\/fr\\\/#\\\/schema\\\/logo\\\/image\\\/\"},\"sameAs\":[\"https:\\\/\\\/www.instagram.com\\\/institut_parisien_du_dos\\\/\",\"https:\\\/\\\/www.linkedin.com\\\/company\\\/institut-parisien-du-dos\\\/\"]}]}<\/script>\n<!-- \/ Yoast SEO plugin. -->","yoast_head_json":{"title":"L'intervention chirurgicale - Institut de Chirurgie du Dos Paris","robots":{"index":"index","follow":"follow","max-snippet":"max-snippet:-1","max-image-preview":"max-image-preview:large","max-video-preview":"max-video-preview:-1"},"canonical":"https:\/\/www.institut-parisien-du-dos.fr\/fr\/hospitalisation\/lintervention-chirurgicale.html","og_locale":"fr_FR","og_type":"article","og_title":"L'intervention chirurgicale - Institut de Chirurgie du Dos Paris","og_description":"Vos derniers pr\u00e9paratifs Vous serez mis\u00a0\u00e0 jeun d\u00e9s minuit la veille au soir. En cas d\u2019intervention chirurgicale pr\u00e9vue l\u2019apr\u00e8s midi, apr\u00e8s accord de l\u2019anesth\u00e9siste, un petit d\u00e9jeuner l\u00e9ger pourra vous \u00eatre servi de bonne heure. Une fois attendu au bloc op\u00e9ratoire, vous serez pr\u00e9venu par l\u2019infirmi\u00e8re et prendrez votre\u00a0ultime douche \u00e0 la B\u00e9tadine\u00a0(cheveux compris). Avant...","og_url":"https:\/\/www.institut-parisien-du-dos.fr\/fr\/hospitalisation\/lintervention-chirurgicale.html","og_site_name":"Institut de Chirurgie du Dos Paris","og_image":[{"width":800,"height":600,"url":"https:\/\/www.institut-parisien-du-dos.fr\/fr\/wp-content\/uploads\/2022\/07\/colone-vertebrale-institut-parisien.jpg","type":"image\/jpeg"}],"twitter_card":"summary_large_image","twitter_misc":{"Dur\u00e9e de lecture estim\u00e9e":"2 minutes"},"schema":{"@context":"https:\/\/schema.org","@graph":[{"@type":"WebPage","@id":"https:\/\/www.institut-parisien-du-dos.fr\/fr\/hospitalisation\/lintervention-chirurgicale.html","url":"https:\/\/www.institut-parisien-du-dos.fr\/fr\/hospitalisation\/lintervention-chirurgicale.html","name":"L'intervention chirurgicale - Institut de Chirurgie du Dos Paris","isPartOf":{"@id":"https:\/\/www.institut-parisien-du-dos.fr\/fr\/#website"},"primaryImageOfPage":{"@id":"https:\/\/www.institut-parisien-du-dos.fr\/fr\/hospitalisation\/lintervention-chirurgicale.html#primaryimage"},"image":{"@id":"https:\/\/www.institut-parisien-du-dos.fr\/fr\/hospitalisation\/lintervention-chirurgicale.html#primaryimage"},"thumbnailUrl":"https:\/\/www.institut-parisien-du-dos.fr\/fr\/wp-content\/uploads\/2022\/07\/colone-vertebrale-institut-parisien.jpg","datePublished":"2022-11-17T07:48:46+00:00","breadcrumb":{"@id":"https:\/\/www.institut-parisien-du-dos.fr\/fr\/hospitalisation\/lintervention-chirurgicale.html#breadcrumb"},"inLanguage":"fr-FR","potentialAction":[{"@type":"ReadAction","target":["https:\/\/www.institut-parisien-du-dos.fr\/fr\/hospitalisation\/lintervention-chirurgicale.html"]}]},{"@type":"ImageObject","inLanguage":"fr-FR","@id":"https:\/\/www.institut-parisien-du-dos.fr\/fr\/hospitalisation\/lintervention-chirurgicale.html#primaryimage","url":"https:\/\/www.institut-parisien-du-dos.fr\/fr\/wp-content\/uploads\/2022\/07\/colone-vertebrale-institut-parisien.jpg","contentUrl":"https:\/\/www.institut-parisien-du-dos.fr\/fr\/wp-content\/uploads\/2022\/07\/colone-vertebrale-institut-parisien.jpg","width":800,"height":600},{"@type":"BreadcrumbList","@id":"https:\/\/www.institut-parisien-du-dos.fr\/fr\/hospitalisation\/lintervention-chirurgicale.html#breadcrumb","itemListElement":[{"@type":"ListItem","position":1,"name":"Accueil","item":"https:\/\/www.institut-parisien-du-dos.fr\/fr\/"},{"@type":"ListItem","position":2,"name":"L&rsquo;hospitalisation","item":"https:\/\/www.institut-parisien-du-dos.fr\/fr\/hospitalisation.html"},{"@type":"ListItem","position":3,"name":"L&rsquo;intervention chirurgicale"}]},{"@type":"WebSite","@id":"https:\/\/www.institut-parisien-du-dos.fr\/fr\/#website","url":"https:\/\/www.institut-parisien-du-dos.fr\/fr\/","name":"Institut Parisien du Dos","description":"","publisher":{"@id":"https:\/\/www.institut-parisien-du-dos.fr\/fr\/#organization"},"potentialAction":[{"@type":"SearchAction","target":{"@type":"EntryPoint","urlTemplate":"https:\/\/www.institut-parisien-du-dos.fr\/fr\/?s={search_term_string}"},"query-input":{"@type":"PropertyValueSpecification","valueRequired":true,"valueName":"search_term_string"}}],"inLanguage":"fr-FR"},{"@type":"Organization","@id":"https:\/\/www.institut-parisien-du-dos.fr\/fr\/#organization","name":"Institut Parisien du Dos","url":"https:\/\/www.institut-parisien-du-dos.fr\/fr\/","logo":{"@type":"ImageObject","inLanguage":"fr-FR","@id":"https:\/\/www.institut-parisien-du-dos.fr\/fr\/#\/schema\/logo\/image\/","url":"https:\/\/institut-parisien-du-dos.fr\/wp-content\/uploads\/2022\/10\/logo-institut-parisien-dos.jpg","contentUrl":"https:\/\/institut-parisien-du-dos.fr\/wp-content\/uploads\/2022\/10\/logo-institut-parisien-dos.jpg","width":800,"height":600,"caption":"Institut Parisien du Dos"},"image":{"@id":"https:\/\/www.institut-parisien-du-dos.fr\/fr\/#\/schema\/logo\/image\/"},"sameAs":["https:\/\/www.instagram.com\/institut_parisien_du_dos\/","https:\/\/www.linkedin.com\/company\/institut-parisien-du-dos\/"]}]}},"_links":{"self":[{"href":"https:\/\/www.institut-parisien-du-dos.fr\/fr\/wp-json\/wp\/v2\/pages\/8696","targetHints":{"allow":["GET"]}}],"collection":[{"href":"https:\/\/www.institut-parisien-du-dos.fr\/fr\/wp-json\/wp\/v2\/pages"}],"about":[{"href":"https:\/\/www.institut-parisien-du-dos.fr\/fr\/wp-json\/wp\/v2\/types\/page"}],"author":[{"embeddable":true,"href":"https:\/\/www.institut-parisien-du-dos.fr\/fr\/wp-json\/wp\/v2\/users\/1"}],"replies":[{"embeddable":true,"href":"https:\/\/www.institut-parisien-du-dos.fr\/fr\/wp-json\/wp\/v2\/comments?post=8696"}],"version-history":[{"count":1,"href":"https:\/\/www.institut-parisien-du-dos.fr\/fr\/wp-json\/wp\/v2\/pages\/8696\/revisions"}],"predecessor-version":[{"id":8701,"href":"https:\/\/www.institut-parisien-du-dos.fr\/fr\/wp-json\/wp\/v2\/pages\/8696\/revisions\/8701"}],"up":[{"embeddable":true,"href":"https:\/\/www.institut-parisien-du-dos.fr\/fr\/wp-json\/wp\/v2\/pages\/7993"}],"wp:featuredmedia":[{"embeddable":true,"href":"https:\/\/www.institut-parisien-du-dos.fr\/fr\/wp-json\/wp\/v2\/media\/7903"}],"wp:attachment":[{"href":"https:\/\/www.institut-parisien-du-dos.fr\/fr\/wp-json\/wp\/v2\/media?parent=8696"}],"curies":[{"name":"wp","href":"https:\/\/api.w.org\/{rel}","templated":true}]}}