{"id":8357,"date":"2022-10-16T15:25:14","date_gmt":"2022-10-16T13:25:14","guid":{"rendered":"https:\/\/institut-parisien-du-dos.fr\/?page_id=8357"},"modified":"2023-01-12T16:04:09","modified_gmt":"2023-01-12T14:04:09","slug":"canal-lombaire-etroit-stenose-lombaire","status":"publish","type":"page","link":"https:\/\/www.institut-parisien-du-dos.fr\/fr\/les-pathologies\/la-pathologie-lombaire\/canal-lombaire-etroit-stenose-lombaire.html","title":{"rendered":"Canal lombaire \u00e9troit (St\u00e9nose lombaire)"},"content":{"rendered":"<p>Vous pouvez t\u00e9l\u00e9charger une version pdf : <a href=\"\/wp-content\/uploads\/2022\/10\/Le-Canal-Lombaire-etroit.pdf\">Le canal lombaire \u00e9troit<\/a><\/p>\n<h2>Anatomie du canal lombaire \u00e9troit<\/h2>\n<hr>\n<p><img decoding=\"async\" class=\"wp-image-8386 size-medium alignleft\" src=\"https:\/\/institut-parisien-du-dos.fr\/wp-content\/uploads\/2022\/10\/Anatomierachis-lombaire-200x300.jpeg\" alt=\"Anatomierachis lombaire\" width=\"200\" height=\"300\" srcset=\"https:\/\/www.institut-parisien-du-dos.fr\/fr\/wp-content\/uploads\/2022\/10\/Anatomierachis-lombaire-200x300.jpeg 200w, https:\/\/www.institut-parisien-du-dos.fr\/fr\/wp-content\/uploads\/2022\/10\/Anatomierachis-lombaire-683x1024.jpeg 683w, https:\/\/www.institut-parisien-du-dos.fr\/fr\/wp-content\/uploads\/2022\/10\/Anatomierachis-lombaire-1024x1536.jpeg 1024w, https:\/\/www.institut-parisien-du-dos.fr\/fr\/wp-content\/uploads\/2022\/10\/Anatomierachis-lombaire.jpeg 667w\" sizes=\"(max-width: 200px) 100vw, 200px\" \/><\/p>\n<p>Le canal lombaire\u00a0 \u00e9troit correspond \u00e0 une\u00a0diminution du diam\u00e8tre du canal rachidien lombaire par augmentation d\u2019un ou plusieurs \u00e9l\u00e9ments qui\u00a0le constituent\u00a0(articulaire post\u00e9rieur, capsule articulaire, et, disque intervert\u00e9bral), ou, celui-ci est pr\u00e9sent d\u00e9s votre naissance (<em>canal lombaire \u00e9troit constitutionnel<\/em>).<\/p>\n<p>Avoir un canal lombaire \u00e9troit n\u2019entraine pas forcement une g\u00e8ne.<\/p>\n<p>Avec l\u2019\u00e2ge par contre, d\u2019autres probl\u00e8mes peuvent s\u2019y ajouter et augmenter ainsi le r\u00e9tr\u00e9cissement.<\/p>\n<p>La\u00a0<strong><em>colonne vert\u00e9brale<\/em><\/strong>\u00a0(ou rachis) est constitu\u00e9e de 24 vert\u00e8bres, empil\u00e9es les unes sur les autres, et \u00a0reli\u00e9es entre elles par un disque intervert\u00e9bral.<\/p>\n<div><strong>\u00a0<\/strong><\/div>\n<h3><strong>La vert\u00e8bre<\/strong><\/h3>\n<p>\u00a0<\/p>\n<p><img decoding=\"async\" class=\"alignnone wp-image-8388 size-full\" src=\"https:\/\/institut-parisien-du-dos.fr\/wp-content\/uploads\/2022\/10\/anatomie-rachis-lombaire-anterieur-et-posterieur-1.jpeg\" alt=\"anatomie rachis lombaire anterieur et posterieur\" width=\"822\" height=\"584\" srcset=\"https:\/\/www.institut-parisien-du-dos.fr\/fr\/wp-content\/uploads\/2022\/10\/anatomie-rachis-lombaire-anterieur-et-posterieur-1.jpeg 822w, https:\/\/www.institut-parisien-du-dos.fr\/fr\/wp-content\/uploads\/2022\/10\/anatomie-rachis-lombaire-anterieur-et-posterieur-1-300x213.jpeg 300w\" sizes=\"(max-width: 822px) 100vw, 822px\" \/><\/p>\n<p><img decoding=\"async\" class=\"alignnone wp-image-8389 size-full\" src=\"https:\/\/institut-parisien-du-dos.fr\/wp-content\/uploads\/2022\/10\/Anatomie-vertebre-lombaire-en-coupe.jpeg\" alt=\"Anatomie vertebre lombaire en coupe\" width=\"732\" height=\"656\" srcset=\"https:\/\/www.institut-parisien-du-dos.fr\/fr\/wp-content\/uploads\/2022\/10\/Anatomie-vertebre-lombaire-en-coupe.jpeg 732w, https:\/\/www.institut-parisien-du-dos.fr\/fr\/wp-content\/uploads\/2022\/10\/Anatomie-vertebre-lombaire-en-coupe-300x269.jpeg 300w\" sizes=\"(max-width: 732px) 100vw, 732px\" \/><\/p>\n<p>Chaque vert\u00e8bre lombaire pr\u00e9sente dans sa partie post\u00e9rieure un \u00ab\u00a0trou\u00a0\u00bb, ou\u00a0<strong><em>canal rachidien<\/em><\/strong>, au sein duquel sont prot\u00e9g\u00e9es les structures nerveuses, la\u00a0<strong><em>moelle \u00e9pini\u00e8re<\/em><\/strong>.<\/p>\n<p>En effet, la moelle\u00a0\u00e9pini\u00e8re\u00a0concentre toutes les fibres nerveuses qui transmettent les ordres voulus ou non du cerveau aux diff\u00e9rentes parties\u00a0 de notre corps. Elle se termine en regard de la deuxi\u00e8me vert\u00e8bre lombaire,\u00a0par le sac dural qui contient les racines nerveuses motrices et sensitives des deux membres inf\u00e9rieurs, et, des sphincters v\u00e9sicaux et rectaux (la queue de cheval).\u00a0 Chaque racine sort du canal rachidien par un orifice, le\u00a0<em>foramen<\/em>\u00a0situ\u00e9 \u00e0 hauteur d\u2019un disque intervert\u00e9bral.<\/p>\n<p>Ce canal lombaire est normalement assez large pour prot\u00e9ger le sac dural.<\/p>\n<p>Parfois, \u00e0 cause d\u2019une anatomie cong\u00e9nitale particuli\u00e8re (<em>canal lombaire \u00e9troit constitutionnel<\/em>) ou \u00e0 cause d\u2019une arthrose post\u00e9rieure (<em>canal lombaire \u00e9troit d\u00e9g\u00e9n\u00e9ratif<\/em>), celui-ci peut se r\u00e9tr\u00e9cir progressivement et entrainer une compression de son contenu, les racines nerveuses.<\/p>\n<h3><strong>Le disque intervert\u00e9bral<\/strong><\/h3>\n<p>Le\u00a0<strong><em>disque intervert\u00e9bral lombaire<\/em><\/strong>\u00a0est constitu\u00e9 d\u2019un annulus en p\u00e9riph\u00e9rie (anneau fibreux), et au centre d\u2019un nucl\u00e9us (ou noyau g\u00e9latineux).<\/p>\n<p>Il est un \u00e9l\u00e9ment essentiel de cette structure complexe, il assure les mouvements de notre colonne vert\u00e9brale, en\u00a0flexion\/extension (pench\u00e9 en avantou vers l\u2019arri\u00e8re), en torsion et en inclinaison lat\u00e9rale. Il a aussi un r\u00f4le d\u2019amortisseur en cas de choc ou d\u2019hyperpression entre deux vert\u00e8bres, permettant une r\u00e9partition harmonieuse\u00a0 des contraintes.<\/p>\n<p><img decoding=\"async\" class=\"alignnone wp-image-8390 size-full\" src=\"https:\/\/institut-parisien-du-dos.fr\/wp-content\/uploads\/2022\/10\/DISQUE.jpeg\" alt=\"DISQUE\" width=\"543\" height=\"363\" srcset=\"https:\/\/www.institut-parisien-du-dos.fr\/fr\/wp-content\/uploads\/2022\/10\/DISQUE.jpeg 543w, https:\/\/www.institut-parisien-du-dos.fr\/fr\/wp-content\/uploads\/2022\/10\/DISQUE-300x201.jpeg 300w\" sizes=\"(max-width: 543px) 100vw, 543px\" \/><\/p>\n<p>De part toutes ces caract\u00e9ristiques, on comprend alors pourquoi le disque intervert\u00e9bral est aussi un \u00e9l\u00e9ment de fragilit\u00e9 de la colonne vert\u00e9brale. Avec les ann\u00e9es, il devient moins souple, se d\u00e9shydrate et se fissure au niveau de son annulus. Des efforts physiques r\u00e9p\u00e9t\u00e9s, au travail ou pendant une activit\u00e9 sportive, peuvent acc\u00e9l\u00e9rer son vieillissement.<\/p>\n<p>Une\u00a0<a href=\"\/fr\/les-pathologies\/la-pathologie-lombaire\/hernie-discale-lombaire.html\">Hernie Discale Lombaire<\/a>\u00a0peut aggraver des douleurs pr\u00e9existantes de canal lombaire \u00e9troit, en diminuant encore plus le diam\u00e8tre du canal lombaire.<\/p>\n<h3><strong>Les articulaires post\u00e9rieures<\/strong><\/h3>\n<p>La mobilit\u00e9 du rachis lombaire dans les 3 dimensions de l\u2019espace est possible gr\u00e2ce \u00e0 la pr\u00e9sence d\u2019un complexe articulaire particulier, les\u00a0<strong><em>articulaires post\u00e9rieures<\/em><\/strong>.<\/p>\n<p><img decoding=\"async\" class=\"alignnone wp-image-8391 size-full\" src=\"https:\/\/institut-parisien-du-dos.fr\/wp-content\/uploads\/2022\/10\/compression-dun-nerf-par-un-massif-articulaires.jpeg\" alt=\"compression d'un nerf par un massif articulaires\" width=\"693\" height=\"693\" srcset=\"https:\/\/www.institut-parisien-du-dos.fr\/fr\/wp-content\/uploads\/2022\/10\/compression-dun-nerf-par-un-massif-articulaires.jpeg 693w, https:\/\/www.institut-parisien-du-dos.fr\/fr\/wp-content\/uploads\/2022\/10\/compression-dun-nerf-par-un-massif-articulaires-300x300.jpeg 300w, https:\/\/www.institut-parisien-du-dos.fr\/fr\/wp-content\/uploads\/2022\/10\/compression-dun-nerf-par-un-massif-articulaires-150x150.jpeg 150w\" sizes=\"(max-width: 693px) 100vw, 693px\" \/><\/p>\n<p>Comme toutes les articulations du corps humain, elles sont sujettes \u00e0 l\u2019apparition d\u2019une arthrose,\u00a0li\u00e9e au vieillissement, entrainant une d\u00e9formation de celles-ci, un \u00e9paississement de la capsule articulaire.<\/p>\n<p>Cette arthrose des articulaires post\u00e9rieures engendre une diminution du canal lombaire d\u2019origine d\u00e9g\u00e9n\u00e9rative, ou arthrosique.<\/p>\n<p>D\u2019autres facteurs peuvent r\u00e9tr\u00e9cir le canal rachidien, comme par exemple le glissement d\u2019une vert\u00e8bre (le\u00a0<a href=\"https:\/\/www.institut-parisien-du-dos.fr\/index.php?option=com_content&amp;view=article&amp;catid=30&amp;id=17\">Spondylolisth\u00e9sis Lombaire<\/a>,\u00a0 soit par lyse isthmique, soit par hypermobilit\u00e9).<\/p>\n<p>Tous ces facteurs pathologiques entrainent une diminution progressive du diam\u00e8tre du canal lombaire, jusqu\u2019\u00e0 la st\u00e9nose compl\u00e8te. Son contenu (les racines nerveuses) sera alors plus ou moins comprim\u00e9.<\/p>\n<p>Les vaisseaux sanguins qui alimentent les nerfs peuvent aussi \u00eatre comprim\u00e9s et ne plus leur fournir de sang. Les nerfs peuvent alors s\u2019abimer de mani\u00e8re d\u00e9finitive.<\/p>\n<h2>Quelles sont les consequences de l\u2019apparition d\u2019un canal lombaire etroit?<\/h2>\n<hr>\n<p>\u00a0<\/p>\n<h3><strong>La\u00a0<a href=\"\/fr\/les-pathologies\/la-lombalgie.html\">Lombalgie\u00a0(Mal de Dos)<\/a><\/strong><\/h3>\n<p>La d\u00e9g\u00e9n\u00e9rescence discale et l\u2019arthrose des articulaires post\u00e9rieures sont \u00e0 l\u2019origine de douleur du rachis lombaire, ou\u00a0<strong><em>lombalgie<\/em><\/strong>.<\/p>\n<p>D\u2019\u00e9volution progressive avec le vieillissement, elle peut \u00eatre tr\u00e8s invalidante, surtout en cas de spondylolisth\u00e9sis dynamique associ\u00e9.<\/p>\n<h3><strong>La radiculalgie<\/strong><\/h3>\n<p>L\u2019arthrose des articulaires post\u00e9rieures et l\u2019apparition d\u2019une hernie discale peuvent \u00eatre \u00e0 l\u2019origine d\u2019une compression de la racine nerveuse qui quitte le sac dural au niveau du foramen. Cette compression peut entrainer une douleur \u00e0 la jambe, la\u00a0<strong><em>radiculalgie\u00a0<\/em><\/strong>(la cruralgie, la sciatalgie).<\/p>\n<p>Chaque trajet douloureux dans la jambe oriente donc d\u00e9s le d\u00e9part vers une racine bien d\u00e9finie\u00a0: la\u00a0<em>cruralgie<\/em>\u00a0en avant de la cuisse,\u00a0 la\u00a0<em>radiculalgie L5<\/em>\u00a0sur le bord externe de la jambe et la\u00a0<em>sciatique S1<\/em>\u00a0en arri\u00e8re de la jambe.<\/p>\n<p>A cette cause m\u00e9canique (par compression de la racine), le canal lombaire \u00e9troit entraine une inflammation et une irritation de la racine nerveuse, provoquant elles aussi une radiculalgie.<\/p>\n<p>Ces douleurs peuvent \u00eatre pr\u00e9sentes\u00a0 lors de vos efforts de marche, ou bien au repos dans les cas \u00e9volu\u00e9s (r\u00e9veils et insomnie nocturne).<\/p>\n<p>L\u2019intensit\u00e9 de cette douleur est tr\u00e8s variable selon les individus, on retrouve parfois plusieurs trajets douloureux, orientant vers un canal lombaire \u00e9troit pluri-\u00e9tag\u00e9s.<\/p>\n<h3><strong>Les paresth\u00e9sies \u00a0et les dysesth\u00e9sies<\/strong><\/h3>\n<p>Elle peut s\u2019accompagner de\u00a0<strong><em>paresth\u00e9sies<\/em><\/strong>\u00a0(sensation de picotement, d\u2019engourdissement, de d\u00e9charge \u00e9lectrique ou de fourmillements) ou de\u00a0<strong><em>dysesth\u00e9sies<\/em><\/strong>\u00a0(alt\u00e9ration de la sensibilit\u00e9) du membre inf\u00e9rieur.<\/p>\n<p>Parfois seules les paresth\u00e9sies ou les dysesth\u00e9sies sont pr\u00e9sentes, passant le plus souvent inaper\u00e7u ou passager. Un avis m\u00e9dical sera n\u00e9cessaire pour confirmer le diagnostic.<\/p>\n<ul>\n<li><strong>Le d\u00e9ficit moteur et\/ou sphinct\u00e9rien, le syndrome de la queue de cheval<\/strong><\/li>\n<\/ul>\n<p>Parfois vous n\u2019arrivez plus bien \u00e0 bouger certaines parties de votre corps pouvant entrainer une chute (sensation de l\u00e2chage du genou, impossibilit\u00e9 de marcher sur la pointe ou le talon du pied, impression d\u2019un pied qui racle le sol \u00e0 la marche,\u2026), on parle alors de\u00a0<strong><em>paralysie<\/em>\u00a0<\/strong>partielle ou compl\u00e8te. En cas de paralysie, la pression exerc\u00e9e par les \u00e9l\u00e9ments arthrosiques sur le nerf peut entrainer des l\u00e9sions irr\u00e9versibles, et la paralysie comme s\u00e9quelle d\u00e9finitive. Il s\u2019agit donc d\u2019une\u00a0<em>urgence chirurgicale<\/em>.<\/p>\n<p>Un canal lombaire \u00e9troit peut aussi comprimer les racines nerveuses \u00e0 destin\u00e9e du p\u00e9rin\u00e9e, la queue de cheval, cela peut provoquer des probl\u00e8mes pour uriner, d\u2019impuissance ou de constipation opini\u00e2tre\u2026 On parle alors de\u00a0<strong><em>syndrome de la queue de cheval<\/em><\/strong>, aux l\u00e9sions irr\u00e9versibles fr\u00e9quentes et tr\u00e8s invalidantes. Il s\u2019agit donc la aussi d\u2019une\u00a0<em>urgence chirurgicale<\/em>.<\/p>\n<h3><strong>La claudication neurog\u00e8ne<\/strong><\/h3>\n<p>On trouve souvent \u00e0 l\u2019interrogatoire une fatigabilit\u00e9 \u00e0 la marche, d\u2019apparition progressive et continue, avec obligation de s\u2019arr\u00eater et de s\u2019asseoir de plus en plus rapidement.<\/p>\n<p>Dans les formes s\u00e9v\u00e8res, la distance maximale parcourue n\u2019est que de quelques m\u00e8tres, avec impossibilit\u00e9 de pouvoir sortir de son domicile, faire ses courses, avec une exclusion sociale et professionnelle compl\u00e8te.<\/p>\n<p>\u00a0<\/p>\n<h2>Comment en faire le diagnostic?<\/h2>\n<hr>\n<p>\u00a0<\/p>\n<h3>La\u00a0<strong>radiographie du rachis lombaire<\/strong><\/h3>\n<p>(de face et de profil, et dynamique) est prescrite en cas de douleur persistante, non soulag\u00e9e par un traitement m\u00e9dical simple.<\/p>\n<p><img decoding=\"async\" class=\"alignnone wp-image-8392 size-full\" src=\"https:\/\/institut-parisien-du-dos.fr\/wp-content\/uploads\/2022\/10\/Radiographie-canal-lombaire-etroit.jpeg\" alt=\"Radiographie canal lombaire etroit\" width=\"245\" height=\"230\"><\/p>\n<p>Elle permet d\u2019\u00e9liminer d\u2019autres causes \u00e0 l\u2019origine de radiculalgie.<\/p>\n<h3>Le\u00a0<strong>scanner ou l\u2019 IRM du rachis lombaire\u00a0<\/strong><\/h3>\n<p>Il est prescrit en cas de persistance des douleurs malgr\u00e9 la modification du traitement m\u00e9dical antalgique, toujours en compl\u00e9ment du bilan radiographique. Il permet de visualiser le canal lombaire \u00e9troit et la compression de la racine en cas de radiculalgie, ainsi qu\u2019un bilan complet des autres disques.<\/p>\n<p>Le\u00a0<em>scanner du rachis lombaire<\/em>\u00a0est l\u2019examen de premi\u00e8re intention \u00e0 r\u00e9aliser. Il permet une \u00e9tude pr\u00e9cise entre autre des structures osseuses.<\/p>\n<p><img decoding=\"async\" class=\"alignnone size-full wp-image-8393\" src=\"https:\/\/institut-parisien-du-dos.fr\/wp-content\/uploads\/2022\/10\/Scanner-du-rachis-lombaire.-Canal-lombaire-etroit-severe-L4-L5-de-face.jpg\" alt=\"Scanner du rachis lombaire. Canal lombaire etroit severe L4-L5 de face\" width=\"166\" height=\"185\">\u00a0 \u00a0 \u00a0 \u00a0 \u00a0 <img decoding=\"async\" class=\"alignnone size-full wp-image-8394\" src=\"https:\/\/institut-parisien-du-dos.fr\/wp-content\/uploads\/2022\/10\/Scanner-du-rachis-lombaire.-Canal-lombaire-etroit-severe-L4-L5-de-profil.jpg\" alt=\"Scanner du rachis lombaire. Canal lombaire etroit severe L4-L5 de profil\" width=\"200\" height=\"188\">\u00a0 \u00a0 \u00a0 \u00a0 <img decoding=\"async\" class=\"alignnone size-full wp-image-8395\" src=\"https:\/\/institut-parisien-du-dos.fr\/wp-content\/uploads\/2022\/10\/TDM-rachis-lombaire-normal.jpeg\" alt=\"TDM rachis lombaire normal\" width=\"200\" height=\"224\"><\/p>\n<p>Scanner du rachis lombaire\u00a0: Canal lombaire \u00e9troit s\u00e9v\u00e8re L4-L5 \u00a0 \u00a0 \u00a0 \u00a0 \u00a0 \u00a0 \u00a0 \u00a0 \u00a0 \u00a0 \u00a0 \u00a0Scanner lombaire normal<\/p>\n<p>En cas de doute persistant, une\u00a0<em>IRM du rachis lombaire<\/em>\u00a0pourra alors \u00eatre prescrite. Elle sera syst\u00e9matique en cas d\u2019intervention chirurgicale pr\u00e9vue.<\/p>\n<p><img decoding=\"async\" class=\"alignnone size-full wp-image-8396\" src=\"https:\/\/institut-parisien-du-dos.fr\/wp-content\/uploads\/2022\/10\/IRM-rachis-lombaire-normal-de-profils.jpeg\" alt=\"IRM rachis lombaire normal de profils\" width=\"110\" height=\"163\">\u00a0 <img decoding=\"async\" class=\"alignnone size-full wp-image-8397\" src=\"https:\/\/institut-parisien-du-dos.fr\/wp-content\/uploads\/2022\/10\/IRM-rachis-lombaire-coupe-normale.jpeg\" alt=\"IRM rachis lombaire coupe normale\" width=\"154\" height=\"112\"><\/p>\n<p>IRM Rachis Lombaire normal. Le cordon m\u00e9dullaire est totalement rond.<\/p>\n<p><img decoding=\"async\" class=\"alignnone wp-image-8398 size-full\" src=\"https:\/\/institut-parisien-du-dos.fr\/wp-content\/uploads\/2022\/10\/IRM-rachis-lombaire-normal-de-profils-1.jpeg\" alt=\"IRM rachis lombaire normal de profils\" width=\"110\" height=\"163\">\u00a0 <img decoding=\"async\" class=\"alignnone size-medium wp-image-8399\" src=\"https:\/\/institut-parisien-du-dos.fr\/wp-content\/uploads\/2022\/10\/IRM-sagitale-canal-lombaire-etroit-146x300.jpeg\" alt=\"IRM sagitale canal lombaire etroit\" width=\"146\" height=\"300\" srcset=\"https:\/\/www.institut-parisien-du-dos.fr\/fr\/wp-content\/uploads\/2022\/10\/IRM-sagitale-canal-lombaire-etroit-146x300.jpeg 146w, https:\/\/www.institut-parisien-du-dos.fr\/fr\/wp-content\/uploads\/2022\/10\/IRM-sagitale-canal-lombaire-etroit.jpeg 153w\" sizes=\"(max-width: 146px) 100vw, 146px\" \/>\u00a0 <img decoding=\"async\" class=\"alignnone size-medium wp-image-8400\" src=\"https:\/\/institut-parisien-du-dos.fr\/wp-content\/uploads\/2022\/10\/irm-cle-1-95x300.jpeg\" alt=\"irm cle 1\" width=\"95\" height=\"300\" srcset=\"https:\/\/www.institut-parisien-du-dos.fr\/fr\/wp-content\/uploads\/2022\/10\/irm-cle-1-95x300.jpeg 95w, https:\/\/www.institut-parisien-du-dos.fr\/fr\/wp-content\/uploads\/2022\/10\/irm-cle-1.jpeg 100w\" sizes=\"(max-width: 95px) 100vw, 95px\" \/>\u00a0 <img decoding=\"async\" class=\"alignnone size-medium wp-image-8401\" src=\"https:\/\/institut-parisien-du-dos.fr\/wp-content\/uploads\/2022\/10\/irm-cle-2-105x300.jpeg\" alt=\"irm cle 2\" width=\"105\" height=\"300\" srcset=\"https:\/\/www.institut-parisien-du-dos.fr\/fr\/wp-content\/uploads\/2022\/10\/irm-cle-2-105x300.jpeg 105w, https:\/\/www.institut-parisien-du-dos.fr\/fr\/wp-content\/uploads\/2022\/10\/irm-cle-2.jpeg 110w\" sizes=\"(max-width: 105px) 100vw, 105px\" \/><\/p>\n<p>IRM du rachis lombaire avec s\u00e9quence my\u00e9lographique\u00a0: aspect typique en \u00ab\u00a0collier de perle\u00a0\u00bb correspondant \u00e0 une compression \u00e9tag\u00e9e du cordon m\u00e9dullaire.<\/p>\n<p>\u00a0<\/p>\n<p><img decoding=\"async\" class=\"alignnone size-full wp-image-8402\" src=\"https:\/\/institut-parisien-du-dos.fr\/wp-content\/uploads\/2022\/10\/IRM-rachis-lombaire-coupe-normale-1.jpeg\" alt=\"IRM rachis lombaire coupe normale\" width=\"154\" height=\"112\"> <img decoding=\"async\" class=\"alignnone size-full wp-image-8403\" src=\"https:\/\/institut-parisien-du-dos.fr\/wp-content\/uploads\/2022\/10\/Coupe-IRM-en-L4-L5.-Canal-lombaire-etroit.jpg\" alt=\"Coupe IRM en L4-L5. Canal lombaire etroit\" width=\"198\" height=\"211\"><\/p>\n<p>Coupe IRM en L4-L5\u00a0: canal lombaire \u00e9troit. Le diam\u00e8tre du cordon m\u00e9dullaire est r\u00e9duit de 90%.<\/p>\n<h3>L\u2019<strong>\u00e9lectrophysiologie\u00a0<\/strong>(EMG, PES)<\/h3>\n<p>Il a peu d\u2019int\u00e9r\u00eat sauf en cas de formes frustres ou si plusieurs causes sont possibles.<\/p>\n<h2>Quelle est l\u2019evolution naturelle d\u2019un canal lombaire \u00e9troit et les moyens th\u00e9rapeutiques disponibles?<\/h2>\n<hr>\n<p><strong>Le traitement m\u00e9dical, et l\u2019\u00e9volution naturelle<\/strong><\/p>\n<p>Le<em>\u00a0traitement m\u00e9dical<\/em>\u00a0est tr\u00e8s vari\u00e9\u00a0: antalgique, AINS, r\u00e9\u00e9ducation, voire le port d\u2019un corset lombaire,<a href=\"\/fr\/les-traitements\/medicaux\/les-infiltrations.html\">\u00a0Infiltrations<\/a>\u00a0\u00e9pidurale ou foraminale, \u2026<\/p>\n<p>Il est syst\u00e9matiquement de premi\u00e8re intention, sauf en cas de complications neurologiques (5 \u00e0 10% des cas).<\/p>\n<p>Il permet de stabiliser les douleurs, parfois sur de nombreuses ann\u00e9es. Il n\u2019existe pas de facteurs permettant de conna\u00eetre l\u2019\u00e9volutivit\u00e9 des douleurs (\u00e9volution fr\u00e9quente par des crises de dur\u00e9e variable).<\/p>\n<p>Il est souvent inefficace en cas de st\u00e9nose canalaire s\u00e9v\u00e8re, de glissement vert\u00e9bral important, ou de symptomatologie s\u00e9v\u00e8re (claudication neurog\u00e8ne s\u00e9v\u00e8re \u00e0 quelques m\u00e8tres).<\/p>\n<p><strong>L\u2019<em>\u00e9volution naturelle<\/em>\u00a0du canal lombaire \u00e9troit est vers l\u2019aggravation des douleurs, des paresth\u00e9sies, de la claudication neurog\u00e8ne jusqu\u2019\u00e0 l\u2019apparition de d\u00e9ficits moteurs et\/ou sensitifs, ou de syndrome de la queue de cheval.<\/strong><\/p>\n<p>Cette \u00e9volution peut \u00eatre sur quelques semaines, quelques mois ou quelques ann\u00e9es.<\/p>\n<p>Toutes les \u00e9tudes m\u00e9dicales, ces derni\u00e8res ann\u00e9es, ont montr\u00e9 une sup\u00e9riorit\u00e9 du traitement chirurgical par rapport au traitement m\u00e9dical quand \u00e0 la prise en charge du canal lombaire \u00e9troit. Seul celui-ci permet d\u2019\u00e9largir le diam\u00e8tre du canal m\u00e9dullaire.<\/p>\n<h3>Quand faut-il operer?<\/h3>\n<p>\u2013\u00a0 \u00a0 \u00a0 \u00a0en cas de d\u00e9ficit moteur, sensitif et\/ou de syndrome de la queue de cheval,<\/p>\n<p>\u2013\u00a0\u00a0\u00a0\u00a0\u00a0\u00a0 en cas de s\u00e9v\u00e9rit\u00e9 des signes cliniques (claudication neurog\u00e8ne s\u00e9v\u00e8re \u00e0 quelques m\u00e8tres)<\/p>\n<p>\u2013 \u00a0 \u00a0 \u00a0 en cas de demande du patient ne supportant plus ses douleurs, malgr\u00e9 le traitement m\u00e9dical.<\/p>\n<h3><strong>Le traitement chirurgical : Op\u00e9ration d\u2019un canal lombaire \u00e9troit (r\u00e9treci)<\/strong><\/h3>\n<p>Le but du traitement chirurgical est de redonner rapidement une autonomie au patient (am\u00e9liorer le p\u00e9rim\u00e8tre de marche), et de supprimer les douleurs radiculaires.<\/p>\n<p>L\u2019acte chirurgical (<a href=\"\/fr\/les-traitements\/chirurgicaux\/liberation-medullaire-ou-laminectomie-2.html\">Lib\u00e9ration m\u00e9dullaire<\/a>) consiste en \u00ab\u00a0lib\u00e9rer\u00a0\u00bb le canal des \u00e9l\u00e9ments qui le st\u00e9nose (l\u2019os des lames et des articulaires, la capsule articulaire, le ligament jaune, et une hernie discale si elle est pr\u00e9sente). On r\u00e9alise alors une\u00a0<strong>\u00ab\u00a0laminectomie\u00a0<\/strong>\u00bb (on enl\u00e8ve la lame) avec \u00ab\u00a0<strong>arthrectomie partielle\u00a0<\/strong>\u00bb (on enl\u00e8ve une partie du massif articulaire), associ\u00e9e si cela est besoin en une \u00ab\u00a0<strong>arthrod\u00e8se<\/strong>\u00a0\u00bb rachidienne (on pose du mat\u00e9riel) en cas de rachis d\u00e9form\u00e9 ou tr\u00e8s mobile, de douleurs des articulaires post\u00e9rieures.<\/p>\n<p>Le nombre d\u2019\u00e9tage \u00e0 lib\u00e9rer d\u00e9pend du bilan radiologique.<\/p>\n<p><img decoding=\"async\" class=\"alignnone wp-image-8404 size-full\" src=\"https:\/\/institut-parisien-du-dos.fr\/wp-content\/uploads\/2022\/10\/laminectomie-rachis-lombaire.jpeg\" alt=\"laminectomie rachis lombaire\" width=\"432\" height=\"326\" srcset=\"https:\/\/www.institut-parisien-du-dos.fr\/fr\/wp-content\/uploads\/2022\/10\/laminectomie-rachis-lombaire.jpeg 432w, https:\/\/www.institut-parisien-du-dos.fr\/fr\/wp-content\/uploads\/2022\/10\/laminectomie-rachis-lombaire-300x226.jpeg 300w\" sizes=\"(max-width: 432px) 100vw, 432px\" \/><\/p>\n<p>Laminectomie et arthrectomie permettant de lib\u00e9rer le canal rachidien<\/p>\n<p>Parfois, un geste d\u2019\u00a0\u00ab\u00a0<a href=\"\/fr\/les-traitements\/chirurgicaux\/arthrodese-posterieure.html\">Arthrod\u00e8se post\u00e9rieure<\/a>\u00a0\u00bb est effectu\u00e9 au cours de l\u2019intervention (mat\u00e9riel permettant de rigidifier la colonne vert\u00e9brale, avec des vis p\u00e9diculaires et 2 tiges ou plaques de part et d\u2019autre), dont la longueur d\u00e9pend de l\u2019analyse de votre bilan radiographique.<\/p>\n<p>On y associe syst\u00e9matiquement une greffe osseuse\u00a0 \u00e0 cot\u00e9 du mat\u00e9riel (os pr\u00e9lev\u00e9 lors de la laminectomie) pour assurer une stabilit\u00e9 \u00e0 long terme de la colonne vert\u00e9brale.<\/p>\n<p>En cas d\u2019arthrod\u00e8se, une immobilisation par corset lombaire rigide vous sera le plus souvent prescrite, pour une dur\u00e9e de 3 mois.<\/p>\n<p><img decoding=\"async\" class=\"alignnone wp-image-8405 size-full\" src=\"https:\/\/institut-parisien-du-dos.fr\/wp-content\/uploads\/2022\/10\/arthrodese-du-rachis-lombaire.jpeg\" alt=\"arthrodese du rachis lombaire\" width=\"340\" height=\"222\" srcset=\"https:\/\/www.institut-parisien-du-dos.fr\/fr\/wp-content\/uploads\/2022\/10\/arthrodese-du-rachis-lombaire.jpeg 340w, https:\/\/www.institut-parisien-du-dos.fr\/fr\/wp-content\/uploads\/2022\/10\/arthrodese-du-rachis-lombaire-300x196.jpeg 300w\" sizes=\"(max-width: 340px) 100vw, 340px\" \/><\/p>\n<p>Vissage p\u00e9diculaire et greffe osseuse associ\u00e9e.<\/p>\n<p><strong>Fiches d\u2019information de la Soci\u00e9t\u00e9 Fran\u00e7aise de Chirurgie Rachidienne, SFCR (pdf)\u00a0:<\/strong><\/p>\n<p><a href=\"\/wp-content\/uploads\/2022\/10\/information-sur-la-stenose-lombaire.pdf\">Informations sur la st\u00e9nose lombaire<\/a><\/p>\n\n\n","protected":false},"excerpt":{"rendered":"<p>Vous pouvez t\u00e9l\u00e9charger une version pdf : Le canal lombaire \u00e9troit Anatomie du canal lombaire \u00e9troit Le canal lombaire\u00a0 \u00e9troit correspond \u00e0 une\u00a0diminution du diam\u00e8tre du canal rachidien lombaire par augmentation d\u2019un ou plusieurs \u00e9l\u00e9ments qui\u00a0le constituent\u00a0(articulaire post\u00e9rieur, capsule articulaire, et, disque intervert\u00e9bral), ou, celui-ci est pr\u00e9sent d\u00e9s votre naissance (canal lombaire \u00e9troit constitutionnel). Avoir&#8230;<\/p>\n","protected":false},"author":1,"featured_media":7903,"parent":8020,"menu_order":1,"comment_status":"closed","ping_status":"closed","template":"","meta":{"footnotes":""},"class_list":["post-8357","page","type-page","status-publish","has-post-thumbnail","hentry"],"acf":[],"yoast_head":"<!-- This site is optimized with the Yoast SEO plugin v27.5 - https:\/\/yoast.com\/product\/yoast-seo-wordpress\/ -->\n<title>Canal lombaire \u00e9troit (St\u00e9nose lombaire) - Institut de Chirurgie du Dos Paris<\/title>\n<meta name=\"robots\" content=\"index, follow, max-snippet:-1, max-image-preview:large, max-video-preview:-1\" \/>\n<link rel=\"canonical\" href=\"https:\/\/www.institut-parisien-du-dos.fr\/fr\/les-pathologies\/la-pathologie-lombaire\/canal-lombaire-etroit-stenose-lombaire.html\" \/>\n<meta property=\"og:locale\" content=\"fr_FR\" \/>\n<meta property=\"og:type\" content=\"article\" \/>\n<meta property=\"og:title\" content=\"Canal lombaire \u00e9troit (St\u00e9nose lombaire) - Institut de Chirurgie du Dos Paris\" \/>\n<meta property=\"og:description\" content=\"Vous pouvez t\u00e9l\u00e9charger une version pdf : Le canal lombaire \u00e9troit Anatomie du canal lombaire \u00e9troit Le canal lombaire\u00a0 \u00e9troit correspond \u00e0 une\u00a0diminution du diam\u00e8tre du canal rachidien lombaire par augmentation d\u2019un ou plusieurs \u00e9l\u00e9ments qui\u00a0le constituent\u00a0(articulaire post\u00e9rieur, capsule articulaire, et, disque intervert\u00e9bral), ou, celui-ci est pr\u00e9sent d\u00e9s votre naissance (canal lombaire \u00e9troit constitutionnel). Avoir...\" \/>\n<meta property=\"og:url\" content=\"https:\/\/www.institut-parisien-du-dos.fr\/fr\/les-pathologies\/la-pathologie-lombaire\/canal-lombaire-etroit-stenose-lombaire.html\" \/>\n<meta property=\"og:site_name\" content=\"Institut de Chirurgie du Dos Paris\" \/>\n<meta property=\"article:modified_time\" content=\"2023-01-12T14:04:09+00:00\" \/>\n<meta property=\"og:image\" content=\"https:\/\/www.institut-parisien-du-dos.fr\/fr\/wp-content\/uploads\/2022\/07\/colone-vertebrale-institut-parisien.jpg\" \/>\n\t<meta property=\"og:image:width\" content=\"800\" \/>\n\t<meta property=\"og:image:height\" content=\"600\" \/>\n\t<meta property=\"og:image:type\" content=\"image\/jpeg\" \/>\n<meta name=\"twitter:card\" content=\"summary_large_image\" \/>\n<meta name=\"twitter:label1\" content=\"Dur\u00e9e de lecture estim\u00e9e\" \/>\n\t<meta name=\"twitter:data1\" content=\"13 minutes\" \/>\n<script type=\"application\/ld+json\" class=\"yoast-schema-graph\">{\"@context\":\"https:\\\/\\\/schema.org\",\"@graph\":[{\"@type\":\"WebPage\",\"@id\":\"https:\\\/\\\/www.institut-parisien-du-dos.fr\\\/fr\\\/les-pathologies\\\/la-pathologie-lombaire\\\/canal-lombaire-etroit-stenose-lombaire.html\",\"url\":\"https:\\\/\\\/www.institut-parisien-du-dos.fr\\\/fr\\\/les-pathologies\\\/la-pathologie-lombaire\\\/canal-lombaire-etroit-stenose-lombaire.html\",\"name\":\"Canal lombaire \u00e9troit (St\u00e9nose lombaire) - Institut de Chirurgie du Dos Paris\",\"isPartOf\":{\"@id\":\"https:\\\/\\\/www.institut-parisien-du-dos.fr\\\/fr\\\/#website\"},\"primaryImageOfPage\":{\"@id\":\"https:\\\/\\\/www.institut-parisien-du-dos.fr\\\/fr\\\/les-pathologies\\\/la-pathologie-lombaire\\\/canal-lombaire-etroit-stenose-lombaire.html#primaryimage\"},\"image\":{\"@id\":\"https:\\\/\\\/www.institut-parisien-du-dos.fr\\\/fr\\\/les-pathologies\\\/la-pathologie-lombaire\\\/canal-lombaire-etroit-stenose-lombaire.html#primaryimage\"},\"thumbnailUrl\":\"https:\\\/\\\/www.institut-parisien-du-dos.fr\\\/fr\\\/wp-content\\\/uploads\\\/2022\\\/07\\\/colone-vertebrale-institut-parisien.jpg\",\"datePublished\":\"2022-10-16T13:25:14+00:00\",\"dateModified\":\"2023-01-12T14:04:09+00:00\",\"breadcrumb\":{\"@id\":\"https:\\\/\\\/www.institut-parisien-du-dos.fr\\\/fr\\\/les-pathologies\\\/la-pathologie-lombaire\\\/canal-lombaire-etroit-stenose-lombaire.html#breadcrumb\"},\"inLanguage\":\"fr-FR\",\"potentialAction\":[{\"@type\":\"ReadAction\",\"target\":[\"https:\\\/\\\/www.institut-parisien-du-dos.fr\\\/fr\\\/les-pathologies\\\/la-pathologie-lombaire\\\/canal-lombaire-etroit-stenose-lombaire.html\"]}]},{\"@type\":\"ImageObject\",\"inLanguage\":\"fr-FR\",\"@id\":\"https:\\\/\\\/www.institut-parisien-du-dos.fr\\\/fr\\\/les-pathologies\\\/la-pathologie-lombaire\\\/canal-lombaire-etroit-stenose-lombaire.html#primaryimage\",\"url\":\"https:\\\/\\\/www.institut-parisien-du-dos.fr\\\/fr\\\/wp-content\\\/uploads\\\/2022\\\/07\\\/colone-vertebrale-institut-parisien.jpg\",\"contentUrl\":\"https:\\\/\\\/www.institut-parisien-du-dos.fr\\\/fr\\\/wp-content\\\/uploads\\\/2022\\\/07\\\/colone-vertebrale-institut-parisien.jpg\",\"width\":800,\"height\":600},{\"@type\":\"BreadcrumbList\",\"@id\":\"https:\\\/\\\/www.institut-parisien-du-dos.fr\\\/fr\\\/les-pathologies\\\/la-pathologie-lombaire\\\/canal-lombaire-etroit-stenose-lombaire.html#breadcrumb\",\"itemListElement\":[{\"@type\":\"ListItem\",\"position\":1,\"name\":\"Accueil\",\"item\":\"https:\\\/\\\/www.institut-parisien-du-dos.fr\\\/fr\\\/\"},{\"@type\":\"ListItem\",\"position\":2,\"name\":\"Pathologies\",\"item\":\"https:\\\/\\\/www.institut-parisien-du-dos.fr\\\/fr\\\/les-pathologies.html\"},{\"@type\":\"ListItem\",\"position\":3,\"name\":\"La pathologie lombaire\",\"item\":\"https:\\\/\\\/www.institut-parisien-du-dos.fr\\\/fr\\\/les-pathologies\\\/la-pathologie-lombaire.html\"},{\"@type\":\"ListItem\",\"position\":4,\"name\":\"Canal lombaire \u00e9troit (St\u00e9nose lombaire)\"}]},{\"@type\":\"WebSite\",\"@id\":\"https:\\\/\\\/www.institut-parisien-du-dos.fr\\\/fr\\\/#website\",\"url\":\"https:\\\/\\\/www.institut-parisien-du-dos.fr\\\/fr\\\/\",\"name\":\"Institut Parisien du Dos\",\"description\":\"\",\"publisher\":{\"@id\":\"https:\\\/\\\/www.institut-parisien-du-dos.fr\\\/fr\\\/#organization\"},\"potentialAction\":[{\"@type\":\"SearchAction\",\"target\":{\"@type\":\"EntryPoint\",\"urlTemplate\":\"https:\\\/\\\/www.institut-parisien-du-dos.fr\\\/fr\\\/?s={search_term_string}\"},\"query-input\":{\"@type\":\"PropertyValueSpecification\",\"valueRequired\":true,\"valueName\":\"search_term_string\"}}],\"inLanguage\":\"fr-FR\"},{\"@type\":\"Organization\",\"@id\":\"https:\\\/\\\/www.institut-parisien-du-dos.fr\\\/fr\\\/#organization\",\"name\":\"Institut Parisien du Dos\",\"url\":\"https:\\\/\\\/www.institut-parisien-du-dos.fr\\\/fr\\\/\",\"logo\":{\"@type\":\"ImageObject\",\"inLanguage\":\"fr-FR\",\"@id\":\"https:\\\/\\\/www.institut-parisien-du-dos.fr\\\/fr\\\/#\\\/schema\\\/logo\\\/image\\\/\",\"url\":\"https:\\\/\\\/institut-parisien-du-dos.fr\\\/wp-content\\\/uploads\\\/2022\\\/10\\\/logo-institut-parisien-dos.jpg\",\"contentUrl\":\"https:\\\/\\\/institut-parisien-du-dos.fr\\\/wp-content\\\/uploads\\\/2022\\\/10\\\/logo-institut-parisien-dos.jpg\",\"width\":800,\"height\":600,\"caption\":\"Institut Parisien du Dos\"},\"image\":{\"@id\":\"https:\\\/\\\/www.institut-parisien-du-dos.fr\\\/fr\\\/#\\\/schema\\\/logo\\\/image\\\/\"},\"sameAs\":[\"https:\\\/\\\/www.instagram.com\\\/institut_parisien_du_dos\\\/\",\"https:\\\/\\\/www.linkedin.com\\\/company\\\/institut-parisien-du-dos\\\/\"]}]}<\/script>\n<!-- \/ Yoast SEO plugin. -->","yoast_head_json":{"title":"Canal lombaire \u00e9troit (St\u00e9nose lombaire) - Institut de Chirurgie du Dos Paris","robots":{"index":"index","follow":"follow","max-snippet":"max-snippet:-1","max-image-preview":"max-image-preview:large","max-video-preview":"max-video-preview:-1"},"canonical":"https:\/\/www.institut-parisien-du-dos.fr\/fr\/les-pathologies\/la-pathologie-lombaire\/canal-lombaire-etroit-stenose-lombaire.html","og_locale":"fr_FR","og_type":"article","og_title":"Canal lombaire \u00e9troit (St\u00e9nose lombaire) - Institut de Chirurgie du Dos Paris","og_description":"Vous pouvez t\u00e9l\u00e9charger une version pdf : Le canal lombaire \u00e9troit Anatomie du canal lombaire \u00e9troit Le canal lombaire\u00a0 \u00e9troit correspond \u00e0 une\u00a0diminution du diam\u00e8tre du canal rachidien lombaire par augmentation d\u2019un ou plusieurs \u00e9l\u00e9ments qui\u00a0le constituent\u00a0(articulaire post\u00e9rieur, capsule articulaire, et, disque intervert\u00e9bral), ou, celui-ci est pr\u00e9sent d\u00e9s votre naissance (canal lombaire \u00e9troit constitutionnel). Avoir...","og_url":"https:\/\/www.institut-parisien-du-dos.fr\/fr\/les-pathologies\/la-pathologie-lombaire\/canal-lombaire-etroit-stenose-lombaire.html","og_site_name":"Institut de Chirurgie du Dos Paris","article_modified_time":"2023-01-12T14:04:09+00:00","og_image":[{"width":800,"height":600,"url":"https:\/\/www.institut-parisien-du-dos.fr\/fr\/wp-content\/uploads\/2022\/07\/colone-vertebrale-institut-parisien.jpg","type":"image\/jpeg"}],"twitter_card":"summary_large_image","twitter_misc":{"Dur\u00e9e de lecture estim\u00e9e":"13 minutes"},"schema":{"@context":"https:\/\/schema.org","@graph":[{"@type":"WebPage","@id":"https:\/\/www.institut-parisien-du-dos.fr\/fr\/les-pathologies\/la-pathologie-lombaire\/canal-lombaire-etroit-stenose-lombaire.html","url":"https:\/\/www.institut-parisien-du-dos.fr\/fr\/les-pathologies\/la-pathologie-lombaire\/canal-lombaire-etroit-stenose-lombaire.html","name":"Canal lombaire \u00e9troit (St\u00e9nose lombaire) - Institut de Chirurgie du Dos Paris","isPartOf":{"@id":"https:\/\/www.institut-parisien-du-dos.fr\/fr\/#website"},"primaryImageOfPage":{"@id":"https:\/\/www.institut-parisien-du-dos.fr\/fr\/les-pathologies\/la-pathologie-lombaire\/canal-lombaire-etroit-stenose-lombaire.html#primaryimage"},"image":{"@id":"https:\/\/www.institut-parisien-du-dos.fr\/fr\/les-pathologies\/la-pathologie-lombaire\/canal-lombaire-etroit-stenose-lombaire.html#primaryimage"},"thumbnailUrl":"https:\/\/www.institut-parisien-du-dos.fr\/fr\/wp-content\/uploads\/2022\/07\/colone-vertebrale-institut-parisien.jpg","datePublished":"2022-10-16T13:25:14+00:00","dateModified":"2023-01-12T14:04:09+00:00","breadcrumb":{"@id":"https:\/\/www.institut-parisien-du-dos.fr\/fr\/les-pathologies\/la-pathologie-lombaire\/canal-lombaire-etroit-stenose-lombaire.html#breadcrumb"},"inLanguage":"fr-FR","potentialAction":[{"@type":"ReadAction","target":["https:\/\/www.institut-parisien-du-dos.fr\/fr\/les-pathologies\/la-pathologie-lombaire\/canal-lombaire-etroit-stenose-lombaire.html"]}]},{"@type":"ImageObject","inLanguage":"fr-FR","@id":"https:\/\/www.institut-parisien-du-dos.fr\/fr\/les-pathologies\/la-pathologie-lombaire\/canal-lombaire-etroit-stenose-lombaire.html#primaryimage","url":"https:\/\/www.institut-parisien-du-dos.fr\/fr\/wp-content\/uploads\/2022\/07\/colone-vertebrale-institut-parisien.jpg","contentUrl":"https:\/\/www.institut-parisien-du-dos.fr\/fr\/wp-content\/uploads\/2022\/07\/colone-vertebrale-institut-parisien.jpg","width":800,"height":600},{"@type":"BreadcrumbList","@id":"https:\/\/www.institut-parisien-du-dos.fr\/fr\/les-pathologies\/la-pathologie-lombaire\/canal-lombaire-etroit-stenose-lombaire.html#breadcrumb","itemListElement":[{"@type":"ListItem","position":1,"name":"Accueil","item":"https:\/\/www.institut-parisien-du-dos.fr\/fr\/"},{"@type":"ListItem","position":2,"name":"Pathologies","item":"https:\/\/www.institut-parisien-du-dos.fr\/fr\/les-pathologies.html"},{"@type":"ListItem","position":3,"name":"La pathologie lombaire","item":"https:\/\/www.institut-parisien-du-dos.fr\/fr\/les-pathologies\/la-pathologie-lombaire.html"},{"@type":"ListItem","position":4,"name":"Canal lombaire \u00e9troit (St\u00e9nose lombaire)"}]},{"@type":"WebSite","@id":"https:\/\/www.institut-parisien-du-dos.fr\/fr\/#website","url":"https:\/\/www.institut-parisien-du-dos.fr\/fr\/","name":"Institut Parisien du Dos","description":"","publisher":{"@id":"https:\/\/www.institut-parisien-du-dos.fr\/fr\/#organization"},"potentialAction":[{"@type":"SearchAction","target":{"@type":"EntryPoint","urlTemplate":"https:\/\/www.institut-parisien-du-dos.fr\/fr\/?s={search_term_string}"},"query-input":{"@type":"PropertyValueSpecification","valueRequired":true,"valueName":"search_term_string"}}],"inLanguage":"fr-FR"},{"@type":"Organization","@id":"https:\/\/www.institut-parisien-du-dos.fr\/fr\/#organization","name":"Institut Parisien du Dos","url":"https:\/\/www.institut-parisien-du-dos.fr\/fr\/","logo":{"@type":"ImageObject","inLanguage":"fr-FR","@id":"https:\/\/www.institut-parisien-du-dos.fr\/fr\/#\/schema\/logo\/image\/","url":"https:\/\/institut-parisien-du-dos.fr\/wp-content\/uploads\/2022\/10\/logo-institut-parisien-dos.jpg","contentUrl":"https:\/\/institut-parisien-du-dos.fr\/wp-content\/uploads\/2022\/10\/logo-institut-parisien-dos.jpg","width":800,"height":600,"caption":"Institut Parisien du Dos"},"image":{"@id":"https:\/\/www.institut-parisien-du-dos.fr\/fr\/#\/schema\/logo\/image\/"},"sameAs":["https:\/\/www.instagram.com\/institut_parisien_du_dos\/","https:\/\/www.linkedin.com\/company\/institut-parisien-du-dos\/"]}]}},"_links":{"self":[{"href":"https:\/\/www.institut-parisien-du-dos.fr\/fr\/wp-json\/wp\/v2\/pages\/8357","targetHints":{"allow":["GET"]}}],"collection":[{"href":"https:\/\/www.institut-parisien-du-dos.fr\/fr\/wp-json\/wp\/v2\/pages"}],"about":[{"href":"https:\/\/www.institut-parisien-du-dos.fr\/fr\/wp-json\/wp\/v2\/types\/page"}],"author":[{"embeddable":true,"href":"https:\/\/www.institut-parisien-du-dos.fr\/fr\/wp-json\/wp\/v2\/users\/1"}],"replies":[{"embeddable":true,"href":"https:\/\/www.institut-parisien-du-dos.fr\/fr\/wp-json\/wp\/v2\/comments?post=8357"}],"version-history":[{"count":10,"href":"https:\/\/www.institut-parisien-du-dos.fr\/fr\/wp-json\/wp\/v2\/pages\/8357\/revisions"}],"predecessor-version":[{"id":8844,"href":"https:\/\/www.institut-parisien-du-dos.fr\/fr\/wp-json\/wp\/v2\/pages\/8357\/revisions\/8844"}],"up":[{"embeddable":true,"href":"https:\/\/www.institut-parisien-du-dos.fr\/fr\/wp-json\/wp\/v2\/pages\/8020"}],"wp:featuredmedia":[{"embeddable":true,"href":"https:\/\/www.institut-parisien-du-dos.fr\/fr\/wp-json\/wp\/v2\/media\/7903"}],"wp:attachment":[{"href":"https:\/\/www.institut-parisien-du-dos.fr\/fr\/wp-json\/wp\/v2\/media?parent=8357"}],"curies":[{"name":"wp","href":"https:\/\/api.w.org\/{rel}","templated":true}]}}