{"id":8104,"date":"2022-07-22T14:32:32","date_gmt":"2022-07-22T14:32:32","guid":{"rendered":"https:\/\/www.ipad.xdev.ovh\/?page_id=8104"},"modified":"2023-01-05T16:14:55","modified_gmt":"2023-01-05T14:14:55","slug":"la-lombalgie","status":"publish","type":"page","link":"https:\/\/www.institut-parisien-du-dos.fr\/fr\/les-pathologies\/la-lombalgie.html","title":{"rendered":"La lombalgie (ou mal du dos)"},"content":{"rendered":"<section class=\"wpb-content-wrapper\"><section class=\"l-section wpb_row height_custom\"><div class=\"l-section-h i-cf\"><div class=\"g-cols vc_row via_grid cols_1 laptops-cols_inherit tablets-cols_inherit mobiles-cols_1 valign_top type_default stacking_default\"><div class=\"wpb_column vc_column_container\"><div class=\"vc_column-inner\"><div class=\"wpb_text_column\"><div class=\"wpb_wrapper\"><h2>Lombalgies par discopathie d\u00e9g\u00e9n\u00e9rative lombaire de l\u2019adulte<\/h2>\n<p><strong><picture><source type=\"image\/webp\" data-srcset=\"https:\/\/institut-parisien-du-dos.fr\/wp-content\/uploads\/2022\/10\/Lombalgie2-200x300.jpeg.webp\"><\/source><img decoding=\"async\" class=\"alignnone wp-image-8553 size-medium lazyload\" src=\"data:image\/png;base64,iVBORw0KGgoAAAANSUhEUgAAAMgAAAEsAQMAAAC8NG79AAAAA1BMVEVHcEyC+tLSAAAAAXRSTlMAQObYZgAAAB5JREFUWMPtwTEBAAAAwqD1T20Hb6AAAAAAAAAA4DceeAABFyjdmQAAAABJRU5ErkJggg==\" alt=\"Lombalgie2\" width=\"200\" height=\"300\" data-eio=\"p\" data-src=\"https:\/\/institut-parisien-du-dos.fr\/wp-content\/uploads\/2022\/10\/Lombalgie2-200x300.jpeg\"><\/picture><noscript><img decoding=\"async\" class=\"alignnone wp-image-8553 size-medium\" src=\"https:\/\/institut-parisien-du-dos.fr\/wp-content\/uploads\/2022\/10\/Lombalgie2-200x300.jpeg\" alt=\"Lombalgie2\" width=\"200\" height=\"300\" data-eio=\"l\" srcset=\"https:\/\/www.institut-parisien-du-dos.fr\/fr\/wp-content\/uploads\/2022\/10\/Lombalgie2-200x300.jpeg 200w, https:\/\/www.institut-parisien-du-dos.fr\/fr\/wp-content\/uploads\/2022\/10\/Lombalgie2-683x1024.jpeg 683w, https:\/\/www.institut-parisien-du-dos.fr\/fr\/wp-content\/uploads\/2022\/10\/Lombalgie2-1024x1536.jpeg 1024w, https:\/\/www.institut-parisien-du-dos.fr\/fr\/wp-content\/uploads\/2022\/10\/Lombalgie2.jpeg 667w\" sizes=\"(max-width: 200px) 100vw, 200px\" \/><\/noscript><picture><source type=\"image\/webp\" data-srcset=\"https:\/\/institut-parisien-du-dos.fr\/wp-content\/uploads\/2022\/10\/discopathiemodic-300x290.jpeg.webp\"><\/source><img decoding=\"async\" class=\"alignnone size-medium wp-image-8554 lazyload\" src=\"data:image\/png;base64,iVBORw0KGgoAAAANSUhEUgAAASwAAAEiAQMAAAB5uX1GAAAAA1BMVEVHcEyC+tLSAAAAAXRSTlMAQObYZgAAACFJREFUaN7twQENAAAAwqD3T20PBxQAAAAAAAAAAAAA8GksLgABTE7lWQAAAABJRU5ErkJggg==\" alt=\"discopathiemodic\" width=\"300\" height=\"290\" data-eio=\"p\" data-src=\"https:\/\/institut-parisien-du-dos.fr\/wp-content\/uploads\/2022\/10\/discopathiemodic-300x290.jpeg\"><\/picture><noscript><img decoding=\"async\" class=\"alignnone size-medium wp-image-8554\" src=\"https:\/\/institut-parisien-du-dos.fr\/wp-content\/uploads\/2022\/10\/discopathiemodic-300x290.jpeg\" alt=\"discopathiemodic\" width=\"300\" height=\"290\" data-eio=\"l\" srcset=\"https:\/\/www.institut-parisien-du-dos.fr\/fr\/wp-content\/uploads\/2022\/10\/discopathiemodic-300x290.jpeg 300w, https:\/\/www.institut-parisien-du-dos.fr\/fr\/wp-content\/uploads\/2022\/10\/discopathiemodic-1024x989.jpeg 1024w, https:\/\/www.institut-parisien-du-dos.fr\/fr\/wp-content\/uploads\/2022\/10\/discopathiemodic.jpeg 1035w\" sizes=\"(max-width: 300px) 100vw, 300px\" \/><\/noscript><\/strong><\/p>\n<p>\u00a0<\/p>\n<h2>Rappel anatomique<strong><em><br \/><\/em><\/strong><\/h2>\n<p>La colonne vert\u00e9brale est compos\u00e9e de vert\u00e8bres s\u00e9par\u00e9es les unes des autres par des disques intervert\u00e9braux.<\/p>\n<p>Le disque se comporte comme un coussin amortisseur compos\u00e9 \u00e0 plus de 70% d\u2019eau.<\/p>\n<p>\u00a0<\/p>\n<h2>Evolution du disque intervertebral<strong><em><br \/><\/em><\/strong><\/h2>\n<p>Certain facteurs influences la d\u00e9g\u00e9n\u00e9rescence discale (g\u00e9n\u00e9tiques mais aussi l\u2019age, contraintes inappropri\u00e9es, tabac\u2026)<\/p>\n<h2>Lombalgie discog\u00e9nique<\/h2>\n<p>La d\u00e9struction du disque conduit \u00e0 de multiples expressions cliniques:<\/p>\n<ul>\n<li>Lombalgies discog\u00e9niques sans perte de hauteur discale (Souvent sans douleurs des jambes:Sciatiques)<\/li>\n<li>Lombalgies discog\u00e9niques avec perte de hauteur discale (Souvent avec douleurs des jambes:Sciatiques)<\/li>\n<\/ul>\n<h2>Le traitement<\/h2>\n<ol>\n<li>M\u00e9dical dans un premier temps avec de la r\u00e9\u00e9ducation<\/li>\n<li>Puis chirurgical, en cas de perte de hauteur discale et d\u2019\u00e9chec du traitement m\u00e9dical\n<ul>\n<li><a href=\"\/fr\/les-traitements\/chirurgicaux\/arthrodese-posterieure.html\">Arthrod\u00e8se post\u00e9rieure<\/a><\/li>\n<li><a href=\"\/fr\/les-traitements\/chirurgicaux\/arthrodese-anterieure-lombaire.html\">Arthrod\u00e8se ant\u00e9rieure Lombaire<\/a><\/li>\n<li><a href=\"\/fr\/les-traitements\/chirurgicaux\/prothese-discale.html\">La proth\u00e8se Discale<\/a><\/li>\n<\/ul>\n<\/li>\n<\/ol>\n<div id=\"stacks_out_1830_page33\" class=\"stacks_out\">\n<div id=\"stacks_in_1830_page33\" class=\"stacks_in\"><strong>Fiches d\u2019information de la SFCR:\u00a0(pdf)<\/strong><\/div>\n<ul>\n<li class=\"stacks_in\"><a href=\"\/wp-content\/uploads\/2022\/10\/information-sur-les-lombalgies.pdf\">Information sur la lombalgie<\/a><\/li>\n<li class=\"stacks_in\"><a href=\"\/wp-content\/uploads\/2022\/10\/chirurgie-arthrodese-anterieure-lombaire.pdf\">Intervention sur l\u2019arthrod\u00e8se lombaire lombaire ant\u00e9rieure<\/a><\/li>\n<\/ul>\n<\/div>\n<\/div><\/div><\/div><\/div><\/div><\/div><\/section>\n\n<\/section>","protected":false},"excerpt":{"rendered":"Lombalgies par discopathie d\u00e9g\u00e9n\u00e9rative lombaire de l&rsquo;adulte \u00a0 Rappel anatomique La colonne vert\u00e9brale est compos\u00e9e de vert\u00e8bres s\u00e9par\u00e9es les unes des autres par des disques intervert\u00e9braux. Le disque se comporte comme un coussin amortisseur compos\u00e9 \u00e0 plus de 70% d&rsquo;eau. \u00a0 Evolution du disque intervertebral Certain facteurs influences la d\u00e9g\u00e9n\u00e9rescence discale (g\u00e9n\u00e9tiques mais aussi l&rsquo;age,...","protected":false},"author":1,"featured_media":7903,"parent":7908,"menu_order":6,"comment_status":"closed","ping_status":"closed","template":"","meta":{"footnotes":""},"class_list":["post-8104","page","type-page","status-publish","has-post-thumbnail","hentry"],"acf":[],"yoast_head":"<!-- This site is optimized with the Yoast SEO plugin v27.5 - https:\/\/yoast.com\/product\/yoast-seo-wordpress\/ -->\n<title>La lombalgie (ou mal du dos) - Institut de Chirurgie du Dos Paris<\/title>\n<meta name=\"robots\" content=\"index, follow, max-snippet:-1, max-image-preview:large, max-video-preview:-1\" \/>\n<link rel=\"canonical\" href=\"https:\/\/www.institut-parisien-du-dos.fr\/fr\/les-pathologies\/la-lombalgie.html\" \/>\n<meta property=\"og:locale\" content=\"fr_FR\" \/>\n<meta property=\"og:type\" content=\"article\" \/>\n<meta property=\"og:title\" content=\"La lombalgie (ou mal du dos) - Institut de Chirurgie du Dos Paris\" \/>\n<meta property=\"og:url\" content=\"https:\/\/www.institut-parisien-du-dos.fr\/fr\/les-pathologies\/la-lombalgie.html\" \/>\n<meta property=\"og:site_name\" content=\"Institut de Chirurgie du Dos Paris\" \/>\n<meta property=\"article:modified_time\" content=\"2023-01-05T14:14:55+00:00\" \/>\n<meta property=\"og:image\" content=\"https:\/\/www.institut-parisien-du-dos.fr\/fr\/wp-content\/uploads\/2022\/07\/colone-vertebrale-institut-parisien.jpg\" \/>\n\t<meta property=\"og:image:width\" content=\"800\" \/>\n\t<meta property=\"og:image:height\" content=\"600\" \/>\n\t<meta property=\"og:image:type\" content=\"image\/jpeg\" \/>\n<meta name=\"twitter:card\" content=\"summary_large_image\" \/>\n<meta name=\"twitter:label1\" content=\"Dur\u00e9e de lecture estim\u00e9e\" \/>\n\t<meta name=\"twitter:data1\" content=\"2 minutes\" \/>\n<script type=\"application\/ld+json\" class=\"yoast-schema-graph\">{\"@context\":\"https:\\\/\\\/schema.org\",\"@graph\":[{\"@type\":\"WebPage\",\"@id\":\"https:\\\/\\\/www.institut-parisien-du-dos.fr\\\/fr\\\/les-pathologies\\\/la-lombalgie.html\",\"url\":\"https:\\\/\\\/www.institut-parisien-du-dos.fr\\\/fr\\\/les-pathologies\\\/la-lombalgie.html\",\"name\":\"La lombalgie (ou mal du dos) - Institut de Chirurgie du Dos Paris\",\"isPartOf\":{\"@id\":\"https:\\\/\\\/www.institut-parisien-du-dos.fr\\\/fr\\\/#website\"},\"primaryImageOfPage\":{\"@id\":\"https:\\\/\\\/www.institut-parisien-du-dos.fr\\\/fr\\\/les-pathologies\\\/la-lombalgie.html#primaryimage\"},\"image\":{\"@id\":\"https:\\\/\\\/www.institut-parisien-du-dos.fr\\\/fr\\\/les-pathologies\\\/la-lombalgie.html#primaryimage\"},\"thumbnailUrl\":\"https:\\\/\\\/www.institut-parisien-du-dos.fr\\\/fr\\\/wp-content\\\/uploads\\\/2022\\\/07\\\/colone-vertebrale-institut-parisien.jpg\",\"datePublished\":\"2022-07-22T14:32:32+00:00\",\"dateModified\":\"2023-01-05T14:14:55+00:00\",\"breadcrumb\":{\"@id\":\"https:\\\/\\\/www.institut-parisien-du-dos.fr\\\/fr\\\/les-pathologies\\\/la-lombalgie.html#breadcrumb\"},\"inLanguage\":\"fr-FR\",\"potentialAction\":[{\"@type\":\"ReadAction\",\"target\":[\"https:\\\/\\\/www.institut-parisien-du-dos.fr\\\/fr\\\/les-pathologies\\\/la-lombalgie.html\"]}]},{\"@type\":\"ImageObject\",\"inLanguage\":\"fr-FR\",\"@id\":\"https:\\\/\\\/www.institut-parisien-du-dos.fr\\\/fr\\\/les-pathologies\\\/la-lombalgie.html#primaryimage\",\"url\":\"https:\\\/\\\/www.institut-parisien-du-dos.fr\\\/fr\\\/wp-content\\\/uploads\\\/2022\\\/07\\\/colone-vertebrale-institut-parisien.jpg\",\"contentUrl\":\"https:\\\/\\\/www.institut-parisien-du-dos.fr\\\/fr\\\/wp-content\\\/uploads\\\/2022\\\/07\\\/colone-vertebrale-institut-parisien.jpg\",\"width\":800,\"height\":600},{\"@type\":\"BreadcrumbList\",\"@id\":\"https:\\\/\\\/www.institut-parisien-du-dos.fr\\\/fr\\\/les-pathologies\\\/la-lombalgie.html#breadcrumb\",\"itemListElement\":[{\"@type\":\"ListItem\",\"position\":1,\"name\":\"Accueil\",\"item\":\"https:\\\/\\\/www.institut-parisien-du-dos.fr\\\/fr\\\/\"},{\"@type\":\"ListItem\",\"position\":2,\"name\":\"Pathologies\",\"item\":\"https:\\\/\\\/www.institut-parisien-du-dos.fr\\\/fr\\\/les-pathologies.html\"},{\"@type\":\"ListItem\",\"position\":3,\"name\":\"La lombalgie (ou mal du dos)\"}]},{\"@type\":\"WebSite\",\"@id\":\"https:\\\/\\\/www.institut-parisien-du-dos.fr\\\/fr\\\/#website\",\"url\":\"https:\\\/\\\/www.institut-parisien-du-dos.fr\\\/fr\\\/\",\"name\":\"Institut Parisien du Dos\",\"description\":\"\",\"publisher\":{\"@id\":\"https:\\\/\\\/www.institut-parisien-du-dos.fr\\\/fr\\\/#organization\"},\"potentialAction\":[{\"@type\":\"SearchAction\",\"target\":{\"@type\":\"EntryPoint\",\"urlTemplate\":\"https:\\\/\\\/www.institut-parisien-du-dos.fr\\\/fr\\\/?s={search_term_string}\"},\"query-input\":{\"@type\":\"PropertyValueSpecification\",\"valueRequired\":true,\"valueName\":\"search_term_string\"}}],\"inLanguage\":\"fr-FR\"},{\"@type\":\"Organization\",\"@id\":\"https:\\\/\\\/www.institut-parisien-du-dos.fr\\\/fr\\\/#organization\",\"name\":\"Institut Parisien du Dos\",\"url\":\"https:\\\/\\\/www.institut-parisien-du-dos.fr\\\/fr\\\/\",\"logo\":{\"@type\":\"ImageObject\",\"inLanguage\":\"fr-FR\",\"@id\":\"https:\\\/\\\/www.institut-parisien-du-dos.fr\\\/fr\\\/#\\\/schema\\\/logo\\\/image\\\/\",\"url\":\"https:\\\/\\\/institut-parisien-du-dos.fr\\\/wp-content\\\/uploads\\\/2022\\\/10\\\/logo-institut-parisien-dos.jpg\",\"contentUrl\":\"https:\\\/\\\/institut-parisien-du-dos.fr\\\/wp-content\\\/uploads\\\/2022\\\/10\\\/logo-institut-parisien-dos.jpg\",\"width\":800,\"height\":600,\"caption\":\"Institut Parisien du Dos\"},\"image\":{\"@id\":\"https:\\\/\\\/www.institut-parisien-du-dos.fr\\\/fr\\\/#\\\/schema\\\/logo\\\/image\\\/\"},\"sameAs\":[\"https:\\\/\\\/www.instagram.com\\\/institut_parisien_du_dos\\\/\",\"https:\\\/\\\/www.linkedin.com\\\/company\\\/institut-parisien-du-dos\\\/\"]}]}<\/script>\n<!-- \/ Yoast SEO plugin. -->","yoast_head_json":{"title":"La lombalgie (ou mal du dos) - Institut de Chirurgie du Dos Paris","robots":{"index":"index","follow":"follow","max-snippet":"max-snippet:-1","max-image-preview":"max-image-preview:large","max-video-preview":"max-video-preview:-1"},"canonical":"https:\/\/www.institut-parisien-du-dos.fr\/fr\/les-pathologies\/la-lombalgie.html","og_locale":"fr_FR","og_type":"article","og_title":"La lombalgie (ou mal du dos) - Institut de Chirurgie du Dos Paris","og_url":"https:\/\/www.institut-parisien-du-dos.fr\/fr\/les-pathologies\/la-lombalgie.html","og_site_name":"Institut de Chirurgie du Dos Paris","article_modified_time":"2023-01-05T14:14:55+00:00","og_image":[{"width":800,"height":600,"url":"https:\/\/www.institut-parisien-du-dos.fr\/fr\/wp-content\/uploads\/2022\/07\/colone-vertebrale-institut-parisien.jpg","type":"image\/jpeg"}],"twitter_card":"summary_large_image","twitter_misc":{"Dur\u00e9e de lecture estim\u00e9e":"2 minutes"},"schema":{"@context":"https:\/\/schema.org","@graph":[{"@type":"WebPage","@id":"https:\/\/www.institut-parisien-du-dos.fr\/fr\/les-pathologies\/la-lombalgie.html","url":"https:\/\/www.institut-parisien-du-dos.fr\/fr\/les-pathologies\/la-lombalgie.html","name":"La lombalgie (ou mal du dos) - Institut de Chirurgie du Dos Paris","isPartOf":{"@id":"https:\/\/www.institut-parisien-du-dos.fr\/fr\/#website"},"primaryImageOfPage":{"@id":"https:\/\/www.institut-parisien-du-dos.fr\/fr\/les-pathologies\/la-lombalgie.html#primaryimage"},"image":{"@id":"https:\/\/www.institut-parisien-du-dos.fr\/fr\/les-pathologies\/la-lombalgie.html#primaryimage"},"thumbnailUrl":"https:\/\/www.institut-parisien-du-dos.fr\/fr\/wp-content\/uploads\/2022\/07\/colone-vertebrale-institut-parisien.jpg","datePublished":"2022-07-22T14:32:32+00:00","dateModified":"2023-01-05T14:14:55+00:00","breadcrumb":{"@id":"https:\/\/www.institut-parisien-du-dos.fr\/fr\/les-pathologies\/la-lombalgie.html#breadcrumb"},"inLanguage":"fr-FR","potentialAction":[{"@type":"ReadAction","target":["https:\/\/www.institut-parisien-du-dos.fr\/fr\/les-pathologies\/la-lombalgie.html"]}]},{"@type":"ImageObject","inLanguage":"fr-FR","@id":"https:\/\/www.institut-parisien-du-dos.fr\/fr\/les-pathologies\/la-lombalgie.html#primaryimage","url":"https:\/\/www.institut-parisien-du-dos.fr\/fr\/wp-content\/uploads\/2022\/07\/colone-vertebrale-institut-parisien.jpg","contentUrl":"https:\/\/www.institut-parisien-du-dos.fr\/fr\/wp-content\/uploads\/2022\/07\/colone-vertebrale-institut-parisien.jpg","width":800,"height":600},{"@type":"BreadcrumbList","@id":"https:\/\/www.institut-parisien-du-dos.fr\/fr\/les-pathologies\/la-lombalgie.html#breadcrumb","itemListElement":[{"@type":"ListItem","position":1,"name":"Accueil","item":"https:\/\/www.institut-parisien-du-dos.fr\/fr\/"},{"@type":"ListItem","position":2,"name":"Pathologies","item":"https:\/\/www.institut-parisien-du-dos.fr\/fr\/les-pathologies.html"},{"@type":"ListItem","position":3,"name":"La lombalgie (ou mal du dos)"}]},{"@type":"WebSite","@id":"https:\/\/www.institut-parisien-du-dos.fr\/fr\/#website","url":"https:\/\/www.institut-parisien-du-dos.fr\/fr\/","name":"Institut Parisien du Dos","description":"","publisher":{"@id":"https:\/\/www.institut-parisien-du-dos.fr\/fr\/#organization"},"potentialAction":[{"@type":"SearchAction","target":{"@type":"EntryPoint","urlTemplate":"https:\/\/www.institut-parisien-du-dos.fr\/fr\/?s={search_term_string}"},"query-input":{"@type":"PropertyValueSpecification","valueRequired":true,"valueName":"search_term_string"}}],"inLanguage":"fr-FR"},{"@type":"Organization","@id":"https:\/\/www.institut-parisien-du-dos.fr\/fr\/#organization","name":"Institut Parisien du Dos","url":"https:\/\/www.institut-parisien-du-dos.fr\/fr\/","logo":{"@type":"ImageObject","inLanguage":"fr-FR","@id":"https:\/\/www.institut-parisien-du-dos.fr\/fr\/#\/schema\/logo\/image\/","url":"https:\/\/institut-parisien-du-dos.fr\/wp-content\/uploads\/2022\/10\/logo-institut-parisien-dos.jpg","contentUrl":"https:\/\/institut-parisien-du-dos.fr\/wp-content\/uploads\/2022\/10\/logo-institut-parisien-dos.jpg","width":800,"height":600,"caption":"Institut Parisien du Dos"},"image":{"@id":"https:\/\/www.institut-parisien-du-dos.fr\/fr\/#\/schema\/logo\/image\/"},"sameAs":["https:\/\/www.instagram.com\/institut_parisien_du_dos\/","https:\/\/www.linkedin.com\/company\/institut-parisien-du-dos\/"]}]}},"_links":{"self":[{"href":"https:\/\/www.institut-parisien-du-dos.fr\/fr\/wp-json\/wp\/v2\/pages\/8104","targetHints":{"allow":["GET"]}}],"collection":[{"href":"https:\/\/www.institut-parisien-du-dos.fr\/fr\/wp-json\/wp\/v2\/pages"}],"about":[{"href":"https:\/\/www.institut-parisien-du-dos.fr\/fr\/wp-json\/wp\/v2\/types\/page"}],"author":[{"embeddable":true,"href":"https:\/\/www.institut-parisien-du-dos.fr\/fr\/wp-json\/wp\/v2\/users\/1"}],"replies":[{"embeddable":true,"href":"https:\/\/www.institut-parisien-du-dos.fr\/fr\/wp-json\/wp\/v2\/comments?post=8104"}],"version-history":[{"count":9,"href":"https:\/\/www.institut-parisien-du-dos.fr\/fr\/wp-json\/wp\/v2\/pages\/8104\/revisions"}],"predecessor-version":[{"id":8833,"href":"https:\/\/www.institut-parisien-du-dos.fr\/fr\/wp-json\/wp\/v2\/pages\/8104\/revisions\/8833"}],"up":[{"embeddable":true,"href":"https:\/\/www.institut-parisien-du-dos.fr\/fr\/wp-json\/wp\/v2\/pages\/7908"}],"wp:featuredmedia":[{"embeddable":true,"href":"https:\/\/www.institut-parisien-du-dos.fr\/fr\/wp-json\/wp\/v2\/media\/7903"}],"wp:attachment":[{"href":"https:\/\/www.institut-parisien-du-dos.fr\/fr\/wp-json\/wp\/v2\/media?parent=8104"}],"curies":[{"name":"wp","href":"https:\/\/api.w.org\/{rel}","templated":true}]}}