{"id":8036,"date":"2022-07-19T15:38:45","date_gmt":"2022-07-19T15:38:45","guid":{"rendered":"https:\/\/www.ipad.xdev.ovh\/?page_id=8036"},"modified":"2022-10-16T22:21:58","modified_gmt":"2022-10-16T20:21:58","slug":"la-pathologie-cervicale","status":"publish","type":"page","link":"https:\/\/www.institut-parisien-du-dos.fr\/fr\/les-pathologies\/la-pathologie-cervicale.html","title":{"rendered":"La pathologie cervicale"},"content":{"rendered":"<section class=\"wpb-content-wrapper\"><section class=\"l-section wpb_row height_auto\"><div class=\"l-section-h i-cf\"><div class=\"g-cols vc_row via_grid cols_1 laptops-cols_inherit tablets-cols_inherit mobiles-cols_1 valign_top type_default stacking_default\"><div class=\"wpb_column vc_column_container\"><div class=\"vc_column-inner\"><div class=\"w-separator size_custom\" style=\"height:130px\"><\/div><\/div><\/div><\/div><\/div><\/section><section class=\"l-section wpb_row height_small color_primary with_img\"><div class=\"l-section-img\" style=\"background-image: url(https:\/\/www.institut-parisien-du-dos.fr\/fr\/wp-content\/uploads\/2022\/07\/cover-pathologies.jpg);\" data-img-width=\"1500\" data-img-height=\"711\"><\/div><div class=\"l-section-overlay\" style=\"background:var(--color-content-overlay)\"><\/div><div class=\"l-section-h i-cf\"><div class=\"g-cols vc_row via_grid cols_1 laptops-cols_inherit tablets-cols_inherit mobiles-cols_1 valign_middle type_default stacking_default\"><div class=\"wpb_column vc_column_container us_custom_eb849559\"><div class=\"vc_column-inner\"><div class=\"w-separator size_medium\"><\/div><ol class=\"g-breadcrumbs us_custom_8b3d6790 has_text_color separator_icon align_none hide_current\" itemscope itemtype=\"http:\/\/schema.org\/BreadcrumbList\"><li class=\"g-breadcrumbs-item\" itemscope itemprop=\"itemListElement\" itemtype=\"http:\/\/schema.org\/ListItem\"><a itemprop=\"item\" href=\"https:\/\/www.institut-parisien-du-dos.fr\/fr\/\"><span itemprop=\"name\">Accueil<\/span><\/a><meta itemprop=\"position\" content=\"1\"\/><\/li><li class=\"g-breadcrumbs-separator\"><i class=\"far fa-angle-right\"><\/i><\/li><li class=\"g-breadcrumbs-item\">Pages<\/li><\/ol><div class=\"wpb_text_column\"><div class=\"wpb_wrapper\"><h1>La pathologie cervicale<\/h1>\n<\/div><\/div><div class=\"w-separator size_huge\"><\/div><\/div><\/div><\/div><\/div><\/section><section class=\"l-section wpb_row height_auto\"><div class=\"l-section-h i-cf\"><div class=\"g-cols vc_row via_grid cols_1 laptops-cols_inherit tablets-cols_inherit mobiles-cols_1 valign_top type_default stacking_default\"><div class=\"wpb_column vc_column_container us_custom_c2f20314\"><div class=\"vc_column-inner\"><div class=\"w-grid type_grid layout_8095 cols_3 overflow_hidden\" id=\"us_grid_1\" data-filterable=\"true\"><style>#us_grid_1 .w-grid-item{padding:1rem}#us_grid_1 .w-grid-list{margin:-1rem}.w-grid + #us_grid_1 .w-grid-list,.w-grid-none + #us_grid_1 .w-grid-list{margin-top:1rem}@media (max-width:899px){#us_grid_1 .w-grid-item{width:50%}}@media (max-width:599px){#us_grid_1 .w-grid-list{margin:0}#us_grid_1 .w-grid-item{width:100%;padding:0;margin-bottom:1rem}}.layout_8095 .w-grid-item-h{border-radius:0.6rem;box-shadow:0 0.03rem 0.06rem rgba(0,0,0,0.1),0 0.1rem 0.3rem rgba(0,0,0,0.1);transition-duration:0.3s}.no-touch .layout_8095 .w-grid-item-h:hover{box-shadow:0 0.3rem 0.6rem rgba(0,0,0,0.1),0 1rem 3rem rgba(0,0,0,0.15);z-index:4}.layout_8095 .usg_post_title_1{font-size:24px!important;line-height:30px!important;font-weight:700!important}.layout_8095 .usg_vwrapper_2{border-radius:10px!important;border-color:var(--color-alt-content-border)!important;border-width:1px!important;background:var(--color-alt-content-bg)!important;padding:7% 9% 7% 9%!important}.layout_8095 .usg_btn_1{margin-top:10px!important}<\/style><div class=\"w-grid-list\">\t<article class=\"w-grid-item size_1x1 post-8458 page type-page status-publish has-post-thumbnail hentry\" data-id=\"8458\">\r\n\t\t<div class=\"w-grid-item-h\">\r\n\t\t\t\t\t\t<div class=\"w-vwrapper usg_vwrapper_2 align_left valign_middle\"><h2 class=\"w-post-elm post_title usg_post_title_1 entry-title color_link_inherit\"><a href=\"https:\/\/www.institut-parisien-du-dos.fr\/fr\/les-pathologies\/la-pathologie-cervicale\/hernie-discale-cervicale.html\">Hernie Discale Cervicale<\/a><\/h2><div class=\"w-post-elm post_custom_field usg_post_custom_field_1 type_text\"><p>La hernie discale cervicale peut venir comprimer un nerf ou la moelle \u00e9pini\u00e8re. Si un nerf est comprim\u00e9, vous aurez mal dans le cou et dans un bras jusqu&rsquo;aux doigts, c&rsquo;est la <a href=\"https:\/\/institut-parisien-du-dos.fr\/les-pathologies\/la-pathologie-cervicale\/la-nevralgie-cervico-brachiale.html\">n\u00e9vralgie cervico-brachiale<\/a>. Si la moelle est comprim\u00e9, vous pouvez ressentir une faiblesse dans les 4 membres et parfois une paralysie. Son traitement est d&rsquo;abord m\u00e9dical, mais en cas d&rsquo;inefficacit\u00e9 il faut parfois avoir recours \u00e0 la chirurgie.<\/p>\n<\/div><a class=\"w-btn us-btn-style_15 usg_btn_1\" href=\"https:\/\/www.institut-parisien-du-dos.fr\/fr\/les-pathologies\/la-pathologie-cervicale\/hernie-discale-cervicale.html\"><span class=\"w-btn-label\">Lire plus<\/span><\/a><\/div>\t\t<\/div>\r\n\t<\/article>\r\n\t<article class=\"w-grid-item size_1x1 post-8487 page type-page status-publish has-post-thumbnail hentry\" data-id=\"8487\">\r\n\t\t<div class=\"w-grid-item-h\">\r\n\t\t\t\t\t\t<div class=\"w-vwrapper usg_vwrapper_2 align_left valign_middle\"><h2 class=\"w-post-elm post_title usg_post_title_1 entry-title color_link_inherit\"><a href=\"https:\/\/www.institut-parisien-du-dos.fr\/fr\/les-pathologies\/la-pathologie-cervicale\/canal-cervical-etroit-myelopathie-cervicale.html\">Canal Cervical Etroit (My\u00e9lopathie Cervicale)<\/a><\/h2><div class=\"w-post-elm post_custom_field usg_post_custom_field_1 type_text\"><span class=\"w-post-elm-value\"><\/span><\/div><a class=\"w-btn us-btn-style_15 usg_btn_1\" href=\"https:\/\/www.institut-parisien-du-dos.fr\/fr\/les-pathologies\/la-pathologie-cervicale\/canal-cervical-etroit-myelopathie-cervicale.html\"><span class=\"w-btn-label\">Lire plus<\/span><\/a><\/div>\t\t<\/div>\r\n\t<\/article>\r\n\t<article class=\"w-grid-item size_1x1 post-8506 page type-page status-publish has-post-thumbnail hentry\" data-id=\"8506\">\r\n\t\t<div class=\"w-grid-item-h\">\r\n\t\t\t\t\t\t<div class=\"w-vwrapper usg_vwrapper_2 align_left valign_middle\"><h2 class=\"w-post-elm post_title usg_post_title_1 entry-title color_link_inherit\"><a href=\"https:\/\/www.institut-parisien-du-dos.fr\/fr\/les-pathologies\/la-pathologie-cervicale\/la-nevralgie-cervico-brachiale.html\">La N\u00e9vralgie Cervico-brachiale<\/a><\/h2><div class=\"w-post-elm post_custom_field usg_post_custom_field_1 type_text\"><span class=\"w-post-elm-value\"><\/span><\/div><a class=\"w-btn us-btn-style_15 usg_btn_1\" href=\"https:\/\/www.institut-parisien-du-dos.fr\/fr\/les-pathologies\/la-pathologie-cervicale\/la-nevralgie-cervico-brachiale.html\"><span class=\"w-btn-label\">Lire plus<\/span><\/a><\/div>\t\t<\/div>\r\n\t<\/article>\r\n<\/div><div class=\"w-grid-preloader\"><div class=\"g-preloader type_1\">\r\n\t<div><\/div>\r\n<\/div>\r\n<\/div>\t<div class=\"w-grid-json hidden\" onclick='return {&quot;action&quot;:&quot;us_ajax_grid&quot;,&quot;ajax_url&quot;:&quot;https:\\\/\\\/www.institut-parisien-du-dos.fr\\\/fr\\\/wp-admin\\\/admin-ajax.php&quot;,&quot;infinite_scroll&quot;:0,&quot;max_num_pages&quot;:1,&quot;pagination&quot;:&quot;none&quot;,&quot;permalink_url&quot;:&quot;https:\\\/\\\/www.institut-parisien-du-dos.fr\\\/fr\\\/wp-json\\\/wp\\\/v2\\\/pages\\\/8036&quot;,&quot;template_vars&quot;:{&quot;columns&quot;:&quot;3&quot;,&quot;exclude_items&quot;:&quot;none&quot;,&quot;img_size&quot;:&quot;default&quot;,&quot;ignore_items_size&quot;:false,&quot;items_layout&quot;:&quot;8095&quot;,&quot;items_offset&quot;:&quot;1&quot;,&quot;load_animation&quot;:&quot;none&quot;,&quot;overriding_link&quot;:&quot;none&quot;,&quot;post_id&quot;:8036,&quot;query_args&quot;:{&quot;post_parent&quot;:8036,&quot;post_type&quot;:&quot;any&quot;,&quot;ignore_sticky_posts&quot;:1,&quot;posts_per_page&quot;:&quot;7&quot;},&quot;orderby_query_args&quot;:{&quot;orderby&quot;:{&quot;menu_order&quot;:&quot;ASC&quot;},&quot;order&quot;:&quot;ASC&quot;},&quot;type&quot;:&quot;grid&quot;,&quot;us_grid_ajax_index&quot;:1,&quot;us_grid_filter_params&quot;:null,&quot;us_grid_index&quot;:1,&quot;_us_grid_post_type&quot;:&quot;current_child_pages&quot;}}'><\/div>\r\n\t<\/div><div class=\"w-separator size_large\"><\/div><\/div><\/div><\/div><\/div><\/section>\n\n\n<\/section>","protected":false},"excerpt":{"rendered":"Vous pouvez t\u00e9l\u00e9charger une version PDF : \u00a0La Hernie discale cervicale Anatomie du rachis cervical. Origine de la hernie discale . La\u00a0colonne vert\u00e9brale\u00a0(ou rachis) est constitu\u00e9e de 24 vert\u00e8bres, empil\u00e9es les unes sur les autres, et \u00a0reli\u00e9es entre elles par un disque intervert\u00e9bral. Au point de vue anatomique, elle est subdivis\u00e9e en 3 zones distinctes\u00a0:...","protected":false},"author":1,"featured_media":7903,"parent":7908,"menu_order":2,"comment_status":"closed","ping_status":"closed","template":"","meta":{"footnotes":""},"class_list":["post-8036","page","type-page","status-publish","has-post-thumbnail","hentry"],"acf":[],"yoast_head":"<!-- This site is optimized with the Yoast SEO plugin v27.5 - https:\/\/yoast.com\/product\/yoast-seo-wordpress\/ -->\n<title>La pathologie cervicale - Institut de Chirurgie du Dos Paris<\/title>\n<meta name=\"robots\" content=\"index, follow, max-snippet:-1, max-image-preview:large, max-video-preview:-1\" \/>\n<link rel=\"canonical\" href=\"https:\/\/www.institut-parisien-du-dos.fr\/fr\/les-pathologies\/la-pathologie-cervicale.html\" \/>\n<meta property=\"og:locale\" content=\"fr_FR\" \/>\n<meta property=\"og:type\" content=\"article\" \/>\n<meta property=\"og:title\" content=\"La pathologie cervicale - Institut de Chirurgie du Dos Paris\" \/>\n<meta property=\"og:url\" content=\"https:\/\/www.institut-parisien-du-dos.fr\/fr\/les-pathologies\/la-pathologie-cervicale.html\" \/>\n<meta property=\"og:site_name\" content=\"Institut de Chirurgie du Dos Paris\" \/>\n<meta property=\"article:modified_time\" content=\"2022-10-16T20:21:58+00:00\" \/>\n<meta property=\"og:image\" content=\"https:\/\/www.institut-parisien-du-dos.fr\/fr\/wp-content\/uploads\/2022\/07\/colone-vertebrale-institut-parisien.jpg\" \/>\n\t<meta property=\"og:image:width\" content=\"800\" \/>\n\t<meta property=\"og:image:height\" content=\"600\" \/>\n\t<meta property=\"og:image:type\" content=\"image\/jpeg\" \/>\n<meta name=\"twitter:card\" content=\"summary_large_image\" \/>\n<meta name=\"twitter:label1\" content=\"Dur\u00e9e de lecture estim\u00e9e\" \/>\n\t<meta name=\"twitter:data1\" content=\"1 minute\" \/>\n<script type=\"application\/ld+json\" class=\"yoast-schema-graph\">{\"@context\":\"https:\\\/\\\/schema.org\",\"@graph\":[{\"@type\":\"WebPage\",\"@id\":\"https:\\\/\\\/www.institut-parisien-du-dos.fr\\\/fr\\\/les-pathologies\\\/la-pathologie-cervicale.html\",\"url\":\"https:\\\/\\\/www.institut-parisien-du-dos.fr\\\/fr\\\/les-pathologies\\\/la-pathologie-cervicale.html\",\"name\":\"La pathologie cervicale - Institut de Chirurgie du Dos Paris\",\"isPartOf\":{\"@id\":\"https:\\\/\\\/www.institut-parisien-du-dos.fr\\\/fr\\\/#website\"},\"primaryImageOfPage\":{\"@id\":\"https:\\\/\\\/www.institut-parisien-du-dos.fr\\\/fr\\\/les-pathologies\\\/la-pathologie-cervicale.html#primaryimage\"},\"image\":{\"@id\":\"https:\\\/\\\/www.institut-parisien-du-dos.fr\\\/fr\\\/les-pathologies\\\/la-pathologie-cervicale.html#primaryimage\"},\"thumbnailUrl\":\"https:\\\/\\\/www.institut-parisien-du-dos.fr\\\/fr\\\/wp-content\\\/uploads\\\/2022\\\/07\\\/colone-vertebrale-institut-parisien.jpg\",\"datePublished\":\"2022-07-19T15:38:45+00:00\",\"dateModified\":\"2022-10-16T20:21:58+00:00\",\"breadcrumb\":{\"@id\":\"https:\\\/\\\/www.institut-parisien-du-dos.fr\\\/fr\\\/les-pathologies\\\/la-pathologie-cervicale.html#breadcrumb\"},\"inLanguage\":\"fr-FR\",\"potentialAction\":[{\"@type\":\"ReadAction\",\"target\":[\"https:\\\/\\\/www.institut-parisien-du-dos.fr\\\/fr\\\/les-pathologies\\\/la-pathologie-cervicale.html\"]}]},{\"@type\":\"ImageObject\",\"inLanguage\":\"fr-FR\",\"@id\":\"https:\\\/\\\/www.institut-parisien-du-dos.fr\\\/fr\\\/les-pathologies\\\/la-pathologie-cervicale.html#primaryimage\",\"url\":\"https:\\\/\\\/www.institut-parisien-du-dos.fr\\\/fr\\\/wp-content\\\/uploads\\\/2022\\\/07\\\/colone-vertebrale-institut-parisien.jpg\",\"contentUrl\":\"https:\\\/\\\/www.institut-parisien-du-dos.fr\\\/fr\\\/wp-content\\\/uploads\\\/2022\\\/07\\\/colone-vertebrale-institut-parisien.jpg\",\"width\":800,\"height\":600},{\"@type\":\"BreadcrumbList\",\"@id\":\"https:\\\/\\\/www.institut-parisien-du-dos.fr\\\/fr\\\/les-pathologies\\\/la-pathologie-cervicale.html#breadcrumb\",\"itemListElement\":[{\"@type\":\"ListItem\",\"position\":1,\"name\":\"Accueil\",\"item\":\"https:\\\/\\\/www.institut-parisien-du-dos.fr\\\/fr\\\/\"},{\"@type\":\"ListItem\",\"position\":2,\"name\":\"Pathologies\",\"item\":\"https:\\\/\\\/www.institut-parisien-du-dos.fr\\\/fr\\\/les-pathologies.html\"},{\"@type\":\"ListItem\",\"position\":3,\"name\":\"La pathologie cervicale\"}]},{\"@type\":\"WebSite\",\"@id\":\"https:\\\/\\\/www.institut-parisien-du-dos.fr\\\/fr\\\/#website\",\"url\":\"https:\\\/\\\/www.institut-parisien-du-dos.fr\\\/fr\\\/\",\"name\":\"Institut Parisien du Dos\",\"description\":\"\",\"publisher\":{\"@id\":\"https:\\\/\\\/www.institut-parisien-du-dos.fr\\\/fr\\\/#organization\"},\"potentialAction\":[{\"@type\":\"SearchAction\",\"target\":{\"@type\":\"EntryPoint\",\"urlTemplate\":\"https:\\\/\\\/www.institut-parisien-du-dos.fr\\\/fr\\\/?s={search_term_string}\"},\"query-input\":{\"@type\":\"PropertyValueSpecification\",\"valueRequired\":true,\"valueName\":\"search_term_string\"}}],\"inLanguage\":\"fr-FR\"},{\"@type\":\"Organization\",\"@id\":\"https:\\\/\\\/www.institut-parisien-du-dos.fr\\\/fr\\\/#organization\",\"name\":\"Institut Parisien du Dos\",\"url\":\"https:\\\/\\\/www.institut-parisien-du-dos.fr\\\/fr\\\/\",\"logo\":{\"@type\":\"ImageObject\",\"inLanguage\":\"fr-FR\",\"@id\":\"https:\\\/\\\/www.institut-parisien-du-dos.fr\\\/fr\\\/#\\\/schema\\\/logo\\\/image\\\/\",\"url\":\"https:\\\/\\\/institut-parisien-du-dos.fr\\\/wp-content\\\/uploads\\\/2022\\\/10\\\/logo-institut-parisien-dos.jpg\",\"contentUrl\":\"https:\\\/\\\/institut-parisien-du-dos.fr\\\/wp-content\\\/uploads\\\/2022\\\/10\\\/logo-institut-parisien-dos.jpg\",\"width\":800,\"height\":600,\"caption\":\"Institut Parisien du Dos\"},\"image\":{\"@id\":\"https:\\\/\\\/www.institut-parisien-du-dos.fr\\\/fr\\\/#\\\/schema\\\/logo\\\/image\\\/\"},\"sameAs\":[\"https:\\\/\\\/www.instagram.com\\\/institut_parisien_du_dos\\\/\",\"https:\\\/\\\/www.linkedin.com\\\/company\\\/institut-parisien-du-dos\\\/\"]}]}<\/script>\n<!-- \/ Yoast SEO plugin. -->","yoast_head_json":{"title":"La pathologie cervicale - Institut de Chirurgie du Dos Paris","robots":{"index":"index","follow":"follow","max-snippet":"max-snippet:-1","max-image-preview":"max-image-preview:large","max-video-preview":"max-video-preview:-1"},"canonical":"https:\/\/www.institut-parisien-du-dos.fr\/fr\/les-pathologies\/la-pathologie-cervicale.html","og_locale":"fr_FR","og_type":"article","og_title":"La pathologie cervicale - Institut de Chirurgie du Dos Paris","og_url":"https:\/\/www.institut-parisien-du-dos.fr\/fr\/les-pathologies\/la-pathologie-cervicale.html","og_site_name":"Institut de Chirurgie du Dos Paris","article_modified_time":"2022-10-16T20:21:58+00:00","og_image":[{"width":800,"height":600,"url":"https:\/\/www.institut-parisien-du-dos.fr\/fr\/wp-content\/uploads\/2022\/07\/colone-vertebrale-institut-parisien.jpg","type":"image\/jpeg"}],"twitter_card":"summary_large_image","twitter_misc":{"Dur\u00e9e de lecture estim\u00e9e":"1 minute"},"schema":{"@context":"https:\/\/schema.org","@graph":[{"@type":"WebPage","@id":"https:\/\/www.institut-parisien-du-dos.fr\/fr\/les-pathologies\/la-pathologie-cervicale.html","url":"https:\/\/www.institut-parisien-du-dos.fr\/fr\/les-pathologies\/la-pathologie-cervicale.html","name":"La pathologie cervicale - Institut de Chirurgie du Dos Paris","isPartOf":{"@id":"https:\/\/www.institut-parisien-du-dos.fr\/fr\/#website"},"primaryImageOfPage":{"@id":"https:\/\/www.institut-parisien-du-dos.fr\/fr\/les-pathologies\/la-pathologie-cervicale.html#primaryimage"},"image":{"@id":"https:\/\/www.institut-parisien-du-dos.fr\/fr\/les-pathologies\/la-pathologie-cervicale.html#primaryimage"},"thumbnailUrl":"https:\/\/www.institut-parisien-du-dos.fr\/fr\/wp-content\/uploads\/2022\/07\/colone-vertebrale-institut-parisien.jpg","datePublished":"2022-07-19T15:38:45+00:00","dateModified":"2022-10-16T20:21:58+00:00","breadcrumb":{"@id":"https:\/\/www.institut-parisien-du-dos.fr\/fr\/les-pathologies\/la-pathologie-cervicale.html#breadcrumb"},"inLanguage":"fr-FR","potentialAction":[{"@type":"ReadAction","target":["https:\/\/www.institut-parisien-du-dos.fr\/fr\/les-pathologies\/la-pathologie-cervicale.html"]}]},{"@type":"ImageObject","inLanguage":"fr-FR","@id":"https:\/\/www.institut-parisien-du-dos.fr\/fr\/les-pathologies\/la-pathologie-cervicale.html#primaryimage","url":"https:\/\/www.institut-parisien-du-dos.fr\/fr\/wp-content\/uploads\/2022\/07\/colone-vertebrale-institut-parisien.jpg","contentUrl":"https:\/\/www.institut-parisien-du-dos.fr\/fr\/wp-content\/uploads\/2022\/07\/colone-vertebrale-institut-parisien.jpg","width":800,"height":600},{"@type":"BreadcrumbList","@id":"https:\/\/www.institut-parisien-du-dos.fr\/fr\/les-pathologies\/la-pathologie-cervicale.html#breadcrumb","itemListElement":[{"@type":"ListItem","position":1,"name":"Accueil","item":"https:\/\/www.institut-parisien-du-dos.fr\/fr\/"},{"@type":"ListItem","position":2,"name":"Pathologies","item":"https:\/\/www.institut-parisien-du-dos.fr\/fr\/les-pathologies.html"},{"@type":"ListItem","position":3,"name":"La pathologie cervicale"}]},{"@type":"WebSite","@id":"https:\/\/www.institut-parisien-du-dos.fr\/fr\/#website","url":"https:\/\/www.institut-parisien-du-dos.fr\/fr\/","name":"Institut Parisien du Dos","description":"","publisher":{"@id":"https:\/\/www.institut-parisien-du-dos.fr\/fr\/#organization"},"potentialAction":[{"@type":"SearchAction","target":{"@type":"EntryPoint","urlTemplate":"https:\/\/www.institut-parisien-du-dos.fr\/fr\/?s={search_term_string}"},"query-input":{"@type":"PropertyValueSpecification","valueRequired":true,"valueName":"search_term_string"}}],"inLanguage":"fr-FR"},{"@type":"Organization","@id":"https:\/\/www.institut-parisien-du-dos.fr\/fr\/#organization","name":"Institut Parisien du Dos","url":"https:\/\/www.institut-parisien-du-dos.fr\/fr\/","logo":{"@type":"ImageObject","inLanguage":"fr-FR","@id":"https:\/\/www.institut-parisien-du-dos.fr\/fr\/#\/schema\/logo\/image\/","url":"https:\/\/institut-parisien-du-dos.fr\/wp-content\/uploads\/2022\/10\/logo-institut-parisien-dos.jpg","contentUrl":"https:\/\/institut-parisien-du-dos.fr\/wp-content\/uploads\/2022\/10\/logo-institut-parisien-dos.jpg","width":800,"height":600,"caption":"Institut Parisien du Dos"},"image":{"@id":"https:\/\/www.institut-parisien-du-dos.fr\/fr\/#\/schema\/logo\/image\/"},"sameAs":["https:\/\/www.instagram.com\/institut_parisien_du_dos\/","https:\/\/www.linkedin.com\/company\/institut-parisien-du-dos\/"]}]}},"_links":{"self":[{"href":"https:\/\/www.institut-parisien-du-dos.fr\/fr\/wp-json\/wp\/v2\/pages\/8036","targetHints":{"allow":["GET"]}}],"collection":[{"href":"https:\/\/www.institut-parisien-du-dos.fr\/fr\/wp-json\/wp\/v2\/pages"}],"about":[{"href":"https:\/\/www.institut-parisien-du-dos.fr\/fr\/wp-json\/wp\/v2\/types\/page"}],"author":[{"embeddable":true,"href":"https:\/\/www.institut-parisien-du-dos.fr\/fr\/wp-json\/wp\/v2\/users\/1"}],"replies":[{"embeddable":true,"href":"https:\/\/www.institut-parisien-du-dos.fr\/fr\/wp-json\/wp\/v2\/comments?post=8036"}],"version-history":[{"count":6,"href":"https:\/\/www.institut-parisien-du-dos.fr\/fr\/wp-json\/wp\/v2\/pages\/8036\/revisions"}],"predecessor-version":[{"id":8514,"href":"https:\/\/www.institut-parisien-du-dos.fr\/fr\/wp-json\/wp\/v2\/pages\/8036\/revisions\/8514"}],"up":[{"embeddable":true,"href":"https:\/\/www.institut-parisien-du-dos.fr\/fr\/wp-json\/wp\/v2\/pages\/7908"}],"wp:featuredmedia":[{"embeddable":true,"href":"https:\/\/www.institut-parisien-du-dos.fr\/fr\/wp-json\/wp\/v2\/media\/7903"}],"wp:attachment":[{"href":"https:\/\/www.institut-parisien-du-dos.fr\/fr\/wp-json\/wp\/v2\/media?parent=8036"}],"curies":[{"name":"wp","href":"https:\/\/api.w.org\/{rel}","templated":true}]}}