{"id":7890,"date":"2022-07-19T09:26:14","date_gmt":"2022-07-19T09:26:14","guid":{"rendered":"https:\/\/www.ipad.xdev.ovh\/?page_id=7890"},"modified":"2024-03-18T19:42:34","modified_gmt":"2024-03-18T17:42:34","slug":"accueil","status":"publish","type":"page","link":"https:\/\/www.institut-parisien-du-dos.fr\/fr\/","title":{"rendered":"Accueil"},"content":{"rendered":"<section class=\"wpb-content-wrapper\"><section class=\"l-section wpb_row height_huge color_primary with_img\"><div class=\"l-section-img\" style=\"background-image: url(https:\/\/www.institut-parisien-du-dos.fr\/fr\/wp-content\/uploads\/2022\/10\/institut-parisien-dos-cover-accueil.jpg);background-position: top left;\" data-img-width=\"1500\" data-img-height=\"1000\"><\/div><div class=\"l-section-overlay\" style=\"background:var(--color-header-top-transparent-bg)\"><\/div><div class=\"l-section-h i-cf\"><div class=\"g-cols vc_row via_grid cols_2-1 laptops-cols_inherit tablets-cols_inherit mobiles-cols_1 valign_top type_default stacking_default\"><div class=\"wpb_column vc_column_container\"><div class=\"vc_column-inner\"><div class=\"w-separator  hide_on_default hide_on_laptops hide_on_tablets size_huge\"><\/div><div class=\"w-separator  hide_on_default hide_on_laptops hide_on_tablets size_huge\"><\/div><div class=\"w-separator size_huge\"><\/div><div class=\"wpb_text_column\"><div class=\"wpb_wrapper\"><h1>Institut de Chirurgie du Dos Paris<\/h1>\n<\/div><\/div><div class=\"g-cols wpb_row via_grid cols_5-1 laptops-cols_inherit tablets-cols_inherit mobiles-cols_1 valign_top type_default stacking_default\"><div class=\"wpb_column vc_column_container\"><div class=\"vc_column-inner\"><div class=\"wpb_text_column\"><div class=\"wpb_wrapper\"><p>L\u2019Institut Parisien du Dos, fond\u00e9 en 2010, regroupe des chirurgiens sp\u00e9cialis\u00e9s dans la prise en charge des pathologies de la colonne vert\u00e9brale. Il est le premier centre priv\u00e9 pluri-disciplinaire dans Paris intra-muros, id\u00e9alement plac\u00e9 au coeur de la capitale.<br \/>\nDans un lieu unique, d\u00e8s la premi\u00e8re consultation, l\u2019\u00e9quipe m\u00e9dicale et chirurgicale, en totale concertation, diagnostique, traite et prend en charge le patient.<\/p>\n<\/div><\/div><\/div><\/div><div class=\"wpb_column vc_column_container\"><div class=\"vc_column-inner\"><\/div><\/div><\/div><div class=\"w-separator size_medium\"><\/div><div class=\"w-btn-wrapper align_none\"><a class=\"w-btn us-btn-style_1 icon_atright\" target=\"_blank\" href=\"https:\/\/www.doctolib.fr\/cabinet-medical\/paris\/institut-parisien-du-dos-clinique-geoffroy-saint-hilaire\" rel=\"noopener\"><span class=\"w-btn-label\">R\u00e9server un RDV<\/span><i class=\"far fa-calendar\"><\/i><\/a><\/div><div class=\"w-btn-wrapper align_none\"><a class=\"w-btn us-btn-style_4 icon_atright\" href=\"\/fr\/hospitalisation.html\"><span class=\"w-btn-label\">Pr\u00e9parer sa venue<\/span><i class=\"far fa-suitcase\"><\/i><\/a><\/div><\/div><\/div><div class=\"wpb_column vc_column_container\"><div class=\"vc_column-inner\"><\/div><\/div><\/div><\/div><\/section><section class=\"l-section wpb_row height_large\"><div class=\"l-section-h i-cf\"><div class=\"g-cols vc_row via_grid cols_2 laptops-cols_inherit tablets-cols_inherit mobiles-cols_1 valign_middle type_default stacking_default\" style=\"grid-gap:4rem;\"><div class=\"wpb_column vc_column_container\"><div class=\"vc_column-inner\"><div class=\"w-image us_custom_6c21c073 us_animate_this has_ratio align_center\"><div class=\"w-image-h\"><div style=\"padding-bottom:75%\"><\/div><img decoding=\"async\" width=\"800\" height=\"600\" src=\"https:\/\/www.institut-parisien-du-dos.fr\/fr\/wp-content\/uploads\/2022\/10\/specialiste-chrirugie-dos-institut.jpg\" class=\"attachment-large size-large\" alt=\"specialiste-chrirugie-dos-institut\" srcset=\"https:\/\/www.institut-parisien-du-dos.fr\/fr\/wp-content\/uploads\/2022\/10\/specialiste-chrirugie-dos-institut.jpg 800w, https:\/\/www.institut-parisien-du-dos.fr\/fr\/wp-content\/uploads\/2022\/10\/specialiste-chrirugie-dos-institut-300x225.jpg 300w\" sizes=\"(max-width: 800px) 100vw, 800px\" \/><\/div><\/div><\/div><\/div><div class=\"wpb_column vc_column_container\"><div class=\"vc_column-inner\"><div class=\"wpb_text_column\"><div class=\"wpb_wrapper\"><h2>Qui sommes-nous ?<\/h2>\n<\/div><\/div><div class=\"wpb_text_column\"><div class=\"wpb_wrapper\"><p>L\u2019Institut Parisien du Dos permet d\u2019optimiser au mieux la prise en charge des patients souffrant d\u2019une pathologie rachidienne.<\/p>\n<p>Grace \u00e0 la diversit\u00e9 des comp\u00e9tences de nos membres, vous obtiendrez rapidement un diagnostic, un traitement m\u00e9dical ou chirurgical et un traitement pour l\u2019urgence \u00ab\u00a0neurologique\u00a0\u00bb.<\/p>\n<p>Tous les praticiens ont une longue exp\u00e9rience de cette pathologie, gr\u00e2ce \u00e0 leur cursus hospitalier et priv\u00e9.<\/p>\n<\/div><\/div><div class=\"w-separator size_medium\"><\/div><div class=\"w-btn-wrapper align_none\"><a class=\"w-btn us-btn-style_11\" href=\"\/fr\/l-institut.html\"><span class=\"w-btn-label\">L&rsquo;institut<\/span><\/a><\/div><\/div><\/div><\/div><\/div><\/section><section class=\"l-section wpb_row height_large color_alternate\"><div class=\"l-section-h i-cf\"><div class=\"g-cols vc_row via_grid cols_2-1 laptops-cols_inherit tablets-cols_inherit mobiles-cols_1 valign_top type_default stacking_default\" style=\"grid-gap:4rem;\"><div class=\"wpb_column vc_column_container\"><div class=\"vc_column-inner\"><div class=\"wpb_text_column\"><div class=\"wpb_wrapper\"><h2>Comment se d\u00e9roule l\u2019hospitalisation ?<\/h2>\n<\/div><\/div><div class=\"wpb_text_column\"><div class=\"wpb_wrapper\"><p>L\u2019institut Parisien du Dos vous accueille pour une intervention chirurgicale ? Retrouvez l\u2019ensemble des informations dont vous aurez besoin pour pr\u00e9parer au mieux votre venue ainsi que des pr\u00e9cisions sur l\u2019op\u00e9ration et les suites post-op\u00e9ratoires.<\/p>\n<\/div><\/div><div class=\"w-separator size_medium\"><\/div><div class=\"g-cols wpb_row via_grid cols_2 laptops-cols_inherit tablets-cols_inherit mobiles-cols_1 valign_top type_default\" style=\"grid-gap:4rem;\"><div class=\"wpb_column vc_column_container\"><div class=\"vc_column-inner\"><div class=\"w-text us_custom_75911887 has_text_color icon_atleft\"><span class=\"w-text-h\"><i class=\"fas fa-angle-right\"><\/i><span class=\"w-text-value\">Pr\u00e9parer son hospitalisation<\/span><\/span><\/div><div class=\"wpb_text_column\"><div class=\"wpb_wrapper\"><p>Votre op\u00e9ration est planifi\u00e9e, comment pr\u00e9parer votre hospitalisation ?<\/p>\n<\/div><\/div><div class=\"w-btn-wrapper align_none\"><a class=\"w-btn us-btn-style_15 us_custom_b2452879\" href=\"\/fr\/hospitalisation\/preparer-son-hospitalisation.html\"><span class=\"w-btn-label\">+ d&rsquo;informations<\/span><\/a><\/div><div class=\"w-separator size_medium\"><\/div><div class=\"w-text us_custom_75911887 has_text_color icon_atleft\"><span class=\"w-text-h\"><i class=\"fas fa-angle-right\"><\/i><span class=\"w-text-value\">L&rsquo;hospitalisation<\/span><\/span><\/div><div class=\"wpb_text_column\"><div class=\"wpb_wrapper\"><p>Comme se d\u00e9roule votre arriv\u00e9e pour l\u2019hospitalisation ?<\/p>\n<\/div><\/div><div class=\"w-btn-wrapper align_none\"><a class=\"w-btn us-btn-style_15 us_custom_b2452879\" href=\"\/fr\/hospitalisation\/lhospitalisation.html\"><span class=\"w-btn-label\">+ d&rsquo;informations<\/span><\/a><\/div><div class=\"w-separator size_medium\"><\/div><div class=\"w-text us_custom_75911887 has_text_color icon_atleft\"><span class=\"w-text-h\"><i class=\"fas fa-angle-right\"><\/i><span class=\"w-text-value\">L&rsquo;intervention chirurgicale<\/span><\/span><\/div><div class=\"wpb_text_column\"><div class=\"wpb_wrapper\"><p>Comment se d\u00e9roule l\u2019intervention chirurgicale ?<\/p>\n<\/div><\/div><div class=\"w-btn-wrapper align_none\"><a class=\"w-btn us-btn-style_15 us_custom_b2452879\" href=\"\/fr\/hospitalisation\/lintervention-chirurgicale.html\"><span class=\"w-btn-label\">+ d&rsquo;informations<\/span><\/a><\/div><\/div><\/div><div class=\"wpb_column vc_column_container\"><div class=\"vc_column-inner\"><div class=\"w-text us_custom_75911887 has_text_color icon_atleft\"><span class=\"w-text-h\"><i class=\"fas fa-angle-right\"><\/i><span class=\"w-text-value\">Le suites op\u00e9ratoires<\/span><\/span><\/div><div class=\"wpb_text_column\"><div class=\"wpb_wrapper\"><p>Que se passe-t-il apr\u00e8s l\u2019intervention chirurgicale ?<\/p>\n<\/div><\/div><div class=\"w-btn-wrapper align_none\"><a class=\"w-btn us-btn-style_15 us_custom_b2452879\" href=\"\/fr\/hospitalisation\/les-suites-operatoires.html\"><span class=\"w-btn-label\">+ d&rsquo;informations<\/span><\/a><\/div><div class=\"w-separator size_medium\"><\/div><div class=\"w-text us_custom_75911887 has_text_color icon_atleft\"><span class=\"w-text-h\"><i class=\"fas fa-angle-right\"><\/i><span class=\"w-text-value\">La sortie<\/span><\/span><\/div><div class=\"wpb_text_column\"><div class=\"wpb_wrapper\"><p>Comment se d\u00e9roule la sortie post-op\u00e9ratoire ?<\/p>\n<\/div><\/div><div class=\"w-btn-wrapper align_none\"><a class=\"w-btn us-btn-style_15 us_custom_b2452879\" href=\"\/fr\/hospitalisation\/la-sortie.html\"><span class=\"w-btn-label\">+ d&rsquo;informations<\/span><\/a><\/div><div class=\"w-separator size_medium\"><\/div><\/div><\/div><\/div><\/div><\/div><div class=\"wpb_column vc_column_container type_sticky\"><div class=\"vc_column-inner\"><div class=\"w-image us_custom_37236190 us_animate_this align_center\"><div class=\"w-image-h\"><img decoding=\"async\" width=\"667\" height=\"1000\" src=\"https:\/\/www.institut-parisien-du-dos.fr\/fr\/wp-content\/uploads\/2022\/10\/deroulement-hospitalisation-institut-parisien-dos.jpg\" class=\"attachment-full size-full\" alt=\"deroulement-hospitalisation-institut-parisien-dos\" srcset=\"https:\/\/www.institut-parisien-du-dos.fr\/fr\/wp-content\/uploads\/2022\/10\/deroulement-hospitalisation-institut-parisien-dos.jpg 667w, https:\/\/www.institut-parisien-du-dos.fr\/fr\/wp-content\/uploads\/2022\/10\/deroulement-hospitalisation-institut-parisien-dos-200x300.jpg 200w, https:\/\/www.institut-parisien-du-dos.fr\/fr\/wp-content\/uploads\/2022\/10\/deroulement-hospitalisation-institut-parisien-dos-683x1024.jpg 683w\" sizes=\"(max-width: 667px) 100vw, 667px\" \/><\/div><\/div><\/div><\/div><\/div><\/div><\/section><section class=\"l-section wpb_row height_large\"><div class=\"l-section-h i-cf\"><div class=\"g-cols vc_row via_grid cols_1 laptops-cols_inherit tablets-cols_inherit mobiles-cols_1 valign_top type_default stacking_default\"><div class=\"wpb_column vc_column_container\"><div class=\"vc_column-inner\"><div class=\"g-cols wpb_row via_grid cols_1-4-1 laptops-cols_inherit tablets-cols_inherit mobiles-cols_1 valign_top type_default stacking_default\"><div class=\"wpb_column vc_column_container\"><div class=\"vc_column-inner\"><\/div><\/div><div class=\"wpb_column vc_column_container us_custom_eb849559\"><div class=\"vc_column-inner\"><div class=\"wpb_text_column\"><div class=\"wpb_wrapper\"><h2>Votre \u00e9quipe chirurgicale<\/h2>\n<\/div><\/div><div class=\"wpb_text_column\"><div class=\"wpb_wrapper\"><p>L\u2019\u00e9quipe de l\u2019Institut Parisien du Dos est compos\u00e9e l\u2019ensemble des sp\u00e9cialistes dont vous aurez besoin.<\/p>\n<\/div><\/div><div class=\"w-separator size_medium\"><\/div><\/div><\/div><div class=\"wpb_column vc_column_container\"><div class=\"vc_column-inner\"><\/div><\/div><\/div><div class=\"w-grid type_grid layout_8075 cols_4 ratio_3x4\" id=\"us_grid_1\" data-filterable=\"true\"><style>#us_grid_1 .w-grid-item{padding:0.5rem}#us_grid_1 .w-grid-list{margin:-0.5rem}.w-grid + #us_grid_1 .w-grid-list,.w-grid-none + #us_grid_1 .w-grid-list{margin-top:0.5rem}@media (max-width:1199px){#us_grid_1 .w-grid-item{width:33.3333%}#us_grid_1 .w-grid-item.size_2x1,#us_grid_1 .w-grid-item.size_2x2{width:66.6667%}}@media (max-width:899px){#us_grid_1 .w-grid-item{width:50%}#us_grid_1 .w-grid-item.size_2x1,#us_grid_1 .w-grid-item.size_2x2{width:100%}}@media (max-width:599px){#us_grid_1 .w-grid-list{margin:0}#us_grid_1 .w-grid-item{width:100%;padding:0;margin-bottom:0.5rem}}.layout_8075 .w-grid-item-h:before{padding-bottom:133.3333%}@media (min-width:600px){.layout_8075 .w-grid-item.size_1x2 .w-grid-item-h:before{padding-bottom:calc(266.6667% + 0.5rem + 0.5rem)}.layout_8075 .w-grid-item.size_2x1 .w-grid-item-h:before{padding-bottom:calc(66.6667% - 0.5rem * 1.3333)}.layout_8075 .w-grid-item.size_2x2 .w-grid-item-h:before{padding-bottom:calc(133.3333% - 0.5rem * 0.6666)}}.layout_8075 .w-grid-item-h{background:#333;color:var(--color-header-middle-bg);border-radius:0.8rem;box-shadow:0 0.03rem 0.06rem rgba(0,0,0,0.1),0 0.1rem 0.3rem rgba(0,0,0,0.1);transition-duration:0.3s}.no-touch .layout_8075 .w-grid-item-h:hover{box-shadow:0 0.22rem 0.44rem rgba(0,0,0,0.1),0 0.73rem 2.2rem rgba(0,0,0,0.15);z-index:4}.layout_8075 .usg_vwrapper_1{transition-duration:0.3s;transform-origin:50% 50%;transform:scale(1) translate(0%,0%)}.layout_8075 .w-grid-item-h:hover .usg_vwrapper_1{transform:scale(1) translate(0%,0%);opacity:0.8;background:var(--color-header-middle-bg)!important;color:var(--color-header-middle-text-hover)!important}.layout_8075 .usg_post_image_1{position:absolute!important}.layout_8075 .usg_vwrapper_1{color:var(--color-header-transparent-text-hover)!important;position:absolute!important;left:0!important;bottom:0!important;right:0!important;background:linear-gradient(transparent,rgba(30,30,30,0.8))!important;padding:5% 7% 5% 7%!important}.layout_8075 .usg_post_title_1{font-size:28px!important;line-height:34px!important;font-family:var(--font-h1)!important;font-weight:700!important}<\/style><div class=\"w-grid-list\">\t<article class=\"w-grid-item size_1x1 post-330 us_portfolio type-us_portfolio status-publish has-post-thumbnail hentry us_portfolio_category-chirurgiens\" data-id=\"330\">\r\n\t\t<div class=\"w-grid-item-h\">\r\n\t\t\t\t\t\t<div class=\"w-post-elm post_image usg_post_image_1 has_ratio\"><div style=\"padding-bottom:133.3333%\"><\/div><a href=\"https:\/\/www.institut-parisien-du-dos.fr\/fr\/equipe\/docteur-nicolas-barut\/\" aria-label=\"Docteur Nicolas BARUT\"><img decoding=\"async\" width=\"726\" height=\"731\" src=\"https:\/\/www.institut-parisien-du-dos.fr\/fr\/wp-content\/uploads\/2022\/09\/IMG_4838-e1730672691492.jpg\" class=\"attachment-full size-full wp-post-image\" alt=\"\" srcset=\"https:\/\/www.institut-parisien-du-dos.fr\/fr\/wp-content\/uploads\/2022\/09\/IMG_4838-e1730672691492.jpg 726w, https:\/\/www.institut-parisien-du-dos.fr\/fr\/wp-content\/uploads\/2022\/09\/IMG_4838-e1730672691492-298x300.jpg 298w, https:\/\/www.institut-parisien-du-dos.fr\/fr\/wp-content\/uploads\/2022\/09\/IMG_4838-e1730672691492-150x150.jpg 150w\" sizes=\"(max-width: 726px) 100vw, 726px\" \/><\/a><\/div><div class=\"w-vwrapper usg_vwrapper_1 align_none valign_top\"><p class=\"w-post-elm post_title usg_post_title_1 entry-title color_link_inherit\"><a href=\"https:\/\/www.institut-parisien-du-dos.fr\/fr\/equipe\/docteur-nicolas-barut\/\">Docteur Nicolas BARUT<\/a><\/p><\/div>\t\t<\/div>\r\n\t<\/article>\r\n\t<article class=\"w-grid-item size_1x1 post-8065 us_portfolio type-us_portfolio status-publish has-post-thumbnail hentry us_portfolio_category-chirurgiens\" data-id=\"8065\">\r\n\t\t<div class=\"w-grid-item-h\">\r\n\t\t\t\t\t\t<div class=\"w-post-elm post_image usg_post_image_1 has_ratio\"><div style=\"padding-bottom:133.3333%\"><\/div><a href=\"https:\/\/www.institut-parisien-du-dos.fr\/fr\/equipe\/docteur-antonio-de-carvalho\/\" aria-label=\"Docteur Antonio DE CARVALHO\"><img decoding=\"async\" width=\"876\" height=\"1000\" src=\"https:\/\/www.institut-parisien-du-dos.fr\/fr\/wp-content\/uploads\/2022\/07\/de-carvalho.png\" class=\"attachment-full size-full wp-post-image\" alt=\"\" srcset=\"https:\/\/www.institut-parisien-du-dos.fr\/fr\/wp-content\/uploads\/2022\/07\/de-carvalho.png 876w, https:\/\/www.institut-parisien-du-dos.fr\/fr\/wp-content\/uploads\/2022\/07\/de-carvalho-263x300.png 263w, https:\/\/www.institut-parisien-du-dos.fr\/fr\/wp-content\/uploads\/2022\/07\/de-carvalho-897x1024.png 897w\" sizes=\"(max-width: 876px) 100vw, 876px\" \/><\/a><\/div><div class=\"w-vwrapper usg_vwrapper_1 align_none valign_top\"><p class=\"w-post-elm post_title usg_post_title_1 entry-title color_link_inherit\"><a href=\"https:\/\/www.institut-parisien-du-dos.fr\/fr\/equipe\/docteur-antonio-de-carvalho\/\">Docteur Antonio DE CARVALHO<\/a><\/p><\/div>\t\t<\/div>\r\n\t<\/article>\r\n\t<article class=\"w-grid-item size_1x1 post-8082 us_portfolio type-us_portfolio status-publish has-post-thumbnail hentry us_portfolio_category-chirurgiens\" data-id=\"8082\">\r\n\t\t<div class=\"w-grid-item-h\">\r\n\t\t\t\t\t\t<div class=\"w-post-elm post_image usg_post_image_1 has_ratio\"><div style=\"padding-bottom:133.3333%\"><\/div><a href=\"https:\/\/www.institut-parisien-du-dos.fr\/fr\/equipe\/docteur-thierry-dufour\/\" aria-label=\"Docteur Thierry DUFOUR\"><img decoding=\"async\" width=\"777\" height=\"1000\" src=\"https:\/\/www.institut-parisien-du-dos.fr\/fr\/wp-content\/uploads\/2022\/07\/dufour.png\" class=\"attachment-full size-full wp-post-image\" alt=\"\" srcset=\"https:\/\/www.institut-parisien-du-dos.fr\/fr\/wp-content\/uploads\/2022\/07\/dufour.png 777w, https:\/\/www.institut-parisien-du-dos.fr\/fr\/wp-content\/uploads\/2022\/07\/dufour-233x300.png 233w, https:\/\/www.institut-parisien-du-dos.fr\/fr\/wp-content\/uploads\/2022\/07\/dufour-795x1024.png 795w\" sizes=\"(max-width: 777px) 100vw, 777px\" \/><\/a><\/div><div class=\"w-vwrapper usg_vwrapper_1 align_none valign_top\"><p class=\"w-post-elm post_title usg_post_title_1 entry-title color_link_inherit\"><a href=\"https:\/\/www.institut-parisien-du-dos.fr\/fr\/equipe\/docteur-thierry-dufour\/\">Docteur Thierry DUFOUR<\/a><\/p><\/div>\t\t<\/div>\r\n\t<\/article>\r\n\t<article class=\"w-grid-item size_1x1 post-8086 us_portfolio type-us_portfolio status-publish has-post-thumbnail hentry us_portfolio_category-chirurgiens\" data-id=\"8086\">\r\n\t\t<div class=\"w-grid-item-h\">\r\n\t\t\t\t\t\t<div class=\"w-post-elm post_image usg_post_image_1 has_ratio\"><div style=\"padding-bottom:133.3333%\"><\/div><a href=\"https:\/\/www.institut-parisien-du-dos.fr\/fr\/equipe\/docteur-eric-enkaoua\/\" aria-label=\"Docteur Eric ENKAOUA\"><img decoding=\"async\" width=\"572\" height=\"688\" src=\"https:\/\/www.institut-parisien-du-dos.fr\/fr\/wp-content\/uploads\/2022\/07\/enkaoua.png\" class=\"attachment-full size-full wp-post-image\" alt=\"\" srcset=\"https:\/\/www.institut-parisien-du-dos.fr\/fr\/wp-content\/uploads\/2022\/07\/enkaoua.png 572w, https:\/\/www.institut-parisien-du-dos.fr\/fr\/wp-content\/uploads\/2022\/07\/enkaoua-249x300.png 249w\" sizes=\"(max-width: 572px) 100vw, 572px\" \/><\/a><\/div><div class=\"w-vwrapper usg_vwrapper_1 align_none valign_top\"><p class=\"w-post-elm post_title usg_post_title_1 entry-title color_link_inherit\"><a href=\"https:\/\/www.institut-parisien-du-dos.fr\/fr\/equipe\/docteur-eric-enkaoua\/\">Docteur Eric ENKAOUA<\/a><\/p><\/div>\t\t<\/div>\r\n\t<\/article>\r\n<\/div><div class=\"w-grid-preloader\"><div class=\"g-preloader type_1\">\r\n\t<div><\/div>\r\n<\/div>\r\n<\/div>\t<div class=\"w-grid-json hidden\" onclick='return {&quot;action&quot;:&quot;us_ajax_grid&quot;,&quot;ajax_url&quot;:&quot;https:\\\/\\\/www.institut-parisien-du-dos.fr\\\/fr\\\/wp-admin\\\/admin-ajax.php&quot;,&quot;infinite_scroll&quot;:0,&quot;max_num_pages&quot;:1,&quot;pagination&quot;:&quot;none&quot;,&quot;permalink_url&quot;:&quot;https:\\\/\\\/www.institut-parisien-du-dos.fr\\\/fr\\\/wp-json\\\/wp\\\/v2\\\/pages\\\/7890&quot;,&quot;template_vars&quot;:{&quot;columns&quot;:&quot;4&quot;,&quot;exclude_items&quot;:&quot;none&quot;,&quot;img_size&quot;:&quot;default&quot;,&quot;ignore_items_size&quot;:false,&quot;items_layout&quot;:&quot;8075&quot;,&quot;items_offset&quot;:&quot;1&quot;,&quot;load_animation&quot;:&quot;none&quot;,&quot;overriding_link&quot;:&quot;none&quot;,&quot;post_id&quot;:7890,&quot;query_args&quot;:{&quot;post_type&quot;:[&quot;us_portfolio&quot;],&quot;tax_query&quot;:[{&quot;taxonomy&quot;:&quot;us_portfolio_category&quot;,&quot;field&quot;:&quot;slug&quot;,&quot;terms&quot;:[&quot;chirurgiens&quot;]}],&quot;post_status&quot;:[&quot;publish&quot;,&quot;acf-disabled&quot;],&quot;posts_per_page&quot;:&quot;4&quot;},&quot;orderby_query_args&quot;:{&quot;orderby&quot;:{&quot;date&quot;:&quot;ASC&quot;}},&quot;type&quot;:&quot;grid&quot;,&quot;us_grid_ajax_index&quot;:1,&quot;us_grid_filter_params&quot;:null,&quot;us_grid_index&quot;:1,&quot;_us_grid_post_type&quot;:&quot;us_portfolio&quot;}}'><\/div>\r\n\t<\/div><div class=\"w-separator size_medium\"><\/div><div class=\"w-btn-wrapper align_center\"><a class=\"w-btn us-btn-style_11\" href=\"\/fr\/l-institut\/les-equipes-medico-chirurgicales.html\"><span class=\"w-btn-label\">+ sur l&rsquo;\u00e9quipe chirurgicale<\/span><\/a><\/div><\/div><\/div><\/div><\/div><\/section><section class=\"l-section wpb_row height_large color_alternate\"><div class=\"l-section-h i-cf\"><div class=\"g-cols vc_row via_grid cols_1 laptops-cols_inherit tablets-cols_inherit mobiles-cols_1 valign_top type_default stacking_default\"><div class=\"wpb_column vc_column_container\"><div class=\"vc_column-inner\"><div class=\"g-cols wpb_row via_grid cols_1-4-1 laptops-cols_inherit tablets-cols_inherit mobiles-cols_1 valign_top type_default stacking_default\"><div class=\"wpb_column vc_column_container\"><div class=\"vc_column-inner\"><\/div><\/div><div class=\"wpb_column vc_column_container us_custom_eb849559\"><div class=\"vc_column-inner\"><div class=\"wpb_text_column\"><div class=\"wpb_wrapper\"><h2>Les pathologies<\/h2>\n<\/div><\/div><div class=\"wpb_text_column\"><div class=\"wpb_wrapper\"><p>Vous recherchez des informations concernant une pathologie pr\u00e9cise du dos ? L\u2019Institut Parisien du Dos met \u00e0 votre disposition toutes les informations vous permettant de mieux comprendre votre pathologie.<\/p>\n<\/div><\/div><div class=\"w-separator size_medium\"><\/div><\/div><\/div><div class=\"wpb_column vc_column_container\"><div class=\"vc_column-inner\"><\/div><\/div><\/div><div class=\"g-cols wpb_row us_custom_1f257949 via_grid cols_1-2-1 laptops-cols_inherit tablets-cols_inherit mobiles-cols_1 valign_top type_default stacking_default\"><div class=\"wpb_column vc_column_container\"><div class=\"vc_column-inner\"><\/div><\/div><div class=\"wpb_column vc_column_container\"><div class=\"vc_column-inner\"><div class='ult_hotspot_container ult-adjust-bottom-margin ult-hotspot-tooltip-wrapper ' style=>  <img class='ult_hotspot_image' src=https:\/\/www.institut-parisien-du-dos.fr\/fr\/wp-content\/uploads\/2022\/07\/dos-pathologie.jpg alt='null'\/>     <div class='utl-hotspot-items ult-hotspot-item'><div class='ult-hotspot-item  ' style='top:-webkit-calc(16.988584657742862% - 15px);top:-moz-calc(16.988584657742862% - 15px);top:calc(16.988584657742862% - 15px);left: -webkit-calc(45.59228650137741% - 15px);left: -moz-calc(45.59228650137741% - 15px);left: calc(45.59228650137741% - 15px);' >  <div style='z-index: 39;position: relative;'>   <a data-link_style='tootip' data-mycust-id=\"hotspot-tooltip-8732\"  data-ultimate-target='#hotspot-tooltip-8732 .ult-tooltipster-content'  data-responsive-json-new='{\"font-size\":\"desktop:20px;\",\"line-height\":\"desktop:30px;\"}' data-tooltip-content-style=\"width:350px;padding:20px;\"data-tooltip-base-style=\"background-color:#ffffff;color:#4c4c4c;\" data-bubble-arrow=\"true\" data-tooltip-offsety=\"15\" class='ult-tooltipstered ult-hotspot-tooltip' href='#' data-status='show'><div class=\"ult-just-icon-wrapper  \"><div class=\"align-icon\" style=\"text-align:center;\">\n<div class=\"aio-icon advanced \"  style=\"color:#ffffff;background:rgba(195,10,60,0.81);border-style:solid;border-color:rgba(195,10,60,0.81);border-width:1px;width:40px;height:40px;line-height:40px;border-radius:500px;font-size:30px;display:inline-block;\">\n\t<i class=\"Defaults-info\"><\/i>\n<\/div><\/div><\/div><span class='hotspot-tooltip-content'>&lt;a href=&#039;\/fr\/les-pathologies\/la-pathologie-cervicale.html&#039;&gt;&lt;strong&gt;RACHIS CERVICAL&lt;\/strong&gt;&lt;\/a&gt;&lt;\/p&gt;\n&lt;p&gt;&lt;a href=&#039;\/fr\/les-pathologies\/la-pathologie-cervicale\/la-nevralgie-cervico-brachiale.html&#039;&gt;N\u00e9vralgie cervico-brachiale&lt;\/a&gt;&lt;br \/&gt;\n&lt;a href=&#039;\/fr\/les-pathologies\/la-pathologie-cervicale\/hernie-discale-cervicale.html&#039;&gt;Hernie discale cervicale&lt;\/a&gt;&lt;br \/&gt;\n&lt;a href=&#039;\/fr\/les-pathologies\/la-pathologie-cervicale\/canal-cervical-etroit-myelopathie-cervicale.html&#039;&gt;Canal cervical \u00e9troit&lt;\/a&gt;<\/span>  <\/a> <\/div><!-- ICON WRAP --> <div class='ult-glow' ><\/div><\/div><div class='ult-hotspot-item  ' style='top:-webkit-calc(64.56188132315592% - 15px);top:-moz-calc(64.56188132315592% - 15px);top:calc(64.56188132315592% - 15px);left: -webkit-calc(44.35046487603306% - 15px);left: -moz-calc(44.35046487603306% - 15px);left: calc(44.35046487603306% - 15px);' >  <div style='z-index: 39;position: relative;'>   <a data-link_style='tootip' data-mycust-id=\"hotspot-tooltip-4697\"  data-ultimate-target='#hotspot-tooltip-4697 .ult-tooltipster-content'  data-responsive-json-new='{\"font-size\":\"desktop:20px;\",\"line-height\":\"desktop:30px;\"}' data-tooltip-content-style=\"width:350px;padding:20px;\"data-tooltip-base-style=\"background-color:#ffffff;color:#4c4c4c;\" data-bubble-arrow=\"true\" data-tooltip-offsety=\"15\" class='ult-tooltipstered ult-hotspot-tooltip' href='#' data-status='show'><div class=\"ult-just-icon-wrapper  \"><div class=\"align-icon\" style=\"text-align:center;\">\n<div class=\"aio-icon advanced \"  style=\"color:#ffffff;background:rgba(195,10,60,0.81);border-style:solid;border-color:rgba(195,10,60,0.81);border-width:1px;width:40px;height:40px;line-height:40px;border-radius:500px;font-size:30px;display:inline-block;\">\n\t<i class=\"Defaults-info\"><\/i>\n<\/div><\/div><\/div><span class='hotspot-tooltip-content'>&lt;a href=&#039;\/fr\/les-pathologies\/la-pathologie-lombaire.html&#039;&gt;&lt;strong&gt;PATHOLOGIE RACHIS LOMBAIRE&lt;\/strong&gt;&lt;\/a&gt;&lt;\/p&gt;\n&lt;p&gt;&lt;a href=&#039;\/fr\/les-pathologies\/la-pathologie-lombaire\/la-cruralgie.html&#039;&gt;Cruralgie&lt;\/a&gt;&lt;br \/&gt;\n&lt;a href=&#039;\/fr\/les-pathologies\/la-pathologie-lombaire\/sciatique.html&#039;&gt;Sciatique&lt;\/a&gt;&lt;br \/&gt;\n&lt;a href=&#039;\/fr\/les-pathologies\/la-pathologie-lombaire\/hernie-discale-lombaire.html&#039;&gt;Hernie discale lombaire&lt;\/a&gt;&lt;br \/&gt;\n&lt;a href=&#039;\/fr\/les-pathologies\/la-pathologie-lombaire\/canal-lombaire-etroit-stenose-lombaire.html&#039;&gt;Canal lombaire \u00e9troit&lt;\/a&gt;&lt;br \/&gt;\n&lt;a href=&#039;\/fr\/les-pathologies\/la-pathologie-lombaire\/spondylolisthesis.html&#039;&gt;Spondylolisth\u00e9sis&lt;\/a&gt;&lt;br \/&gt;\n&lt;a href=&#039;\/fr\/les-pathologies\/la-lombalgie.html&#039;&gt;Lombalgie&lt;\/a&gt;<\/span>  <\/a> <\/div><!-- ICON WRAP --> <div class='ult-glow' ><\/div><\/div><div class='ult-hotspot-item  ' style='top:-webkit-calc(84.38323339561056% - 15px);top:-moz-calc(84.38323339561056% - 15px);top:calc(84.38323339561056% - 15px);left: -webkit-calc(50.548811983471076% - 15px);left: -moz-calc(50.548811983471076% - 15px);left: calc(50.548811983471076% - 15px);' >  <div style='z-index: 39;position: relative;'>   <a data-link_style='tootip' data-mycust-id=\"hotspot-tooltip-1811\"  data-ultimate-target='#hotspot-tooltip-1811 .ult-tooltipster-content'  data-responsive-json-new='{\"font-size\":\"desktop:20px;\",\"line-height\":\"desktop:30px;\"}' data-tooltip-content-style=\"width:350px;padding:20px;\"data-tooltip-base-style=\"background-color:#ffffff;color:#4c4c4c;\" data-bubble-arrow=\"true\" data-tooltip-offsety=\"15\" class='ult-tooltipstered ult-hotspot-tooltip' href='#' data-status='show'><div class=\"ult-just-icon-wrapper  \"><div class=\"align-icon\" style=\"text-align:center;\">\n<div class=\"aio-icon advanced \"  style=\"color:#ffffff;background:rgba(195,10,60,0.81);border-style:solid;border-color:rgba(195,10,60,0.81);border-width:1px;width:40px;height:40px;line-height:40px;border-radius:500px;font-size:30px;display:inline-block;\">\n\t<i class=\"Defaults-info\"><\/i>\n<\/div><\/div><\/div><span class='hotspot-tooltip-content'>&lt;a href=&#039;https:\/\/institut-parisien-du-dos.fr\/les-pathologies\/douleur-sacro-iliaque.html&#039;&gt;&lt;b&gt;LA DOULEUR SACRO-ILIAQUE&lt;\/b&gt;&lt;\/a&gt;<\/span>  <\/a> <\/div><!-- ICON WRAP --> <div class='ult-glow' ><\/div><\/div>\n<\/div>     <div style='color:#000;' data-image='    '><\/div><\/div><\/div><\/div><div class=\"wpb_column vc_column_container\"><div class=\"vc_column-inner\"><\/div><\/div><\/div><\/div><\/div><\/div><\/div><\/section><section class=\"l-section wpb_row height_small\"><div class=\"l-section-h i-cf\"><div class=\"g-cols vc_row via_grid cols_1-4-1 laptops-cols_inherit tablets-cols_inherit mobiles-cols_1 valign_middle type_default stacking_default\"><div class=\"wpb_column vc_column_container us_custom_eb849559\"><div class=\"vc_column-inner\"><\/div><\/div><div class=\"wpb_column vc_column_container us_custom_eb849559\"><div class=\"vc_column-inner\"><div class=\"w-separator size_large\"><\/div><div class=\"wpb_text_column\"><div class=\"wpb_wrapper\"><h2>Les traitements<\/h2>\n<\/div><\/div><div class=\"wpb_text_column\"><div class=\"wpb_wrapper\"><p>L\u2019institut Parisien du Dos intervient avec 2 types de traitements : les traitements m\u00e9dicaux et les traitements chirurgicaux.<\/p>\n<\/div><\/div><\/div><\/div><div class=\"wpb_column vc_column_container\"><div class=\"vc_column-inner\"><\/div><\/div><\/div><\/div><\/section><section class=\"l-section wpb_row height_auto\"><div class=\"l-section-h i-cf\"><div class=\"g-cols vc_row via_grid cols_2 laptops-cols_inherit tablets-cols_inherit mobiles-cols_1 valign_top type_default stacking_default\" style=\"grid-gap:0rem;\"><div class=\"wpb_column vc_column_container us_custom_36a19fc9 has_bg_color\"><div class=\"vc_column-inner\"><div class=\"w-separator size_medium\"><\/div><h2 class=\"w-text us_custom_7b586bcd icon_atleft\"><span class=\"w-text-h\"><i class=\"fal fa-briefcase-medical\"><\/i><span class=\"w-text-value\">Les traitements m\u00e9dicaux<\/span><\/span><\/h2><div class=\"wpb_text_column\"><div class=\"wpb_wrapper\"><p>Les traitement m\u00e9dicaux que nous proposons : infiltrations, acupuncture et hom\u00e9opathie pour le traitement de la douleur, hypnoth\u00e9rapie et m\u00e9decine manuelle (osth\u00e9opathie et rhumatologie)<\/p>\n<\/div><\/div><div class=\"w-separator size_small\"><\/div><div class=\"w-btn-wrapper align_none\"><a class=\"w-btn us-btn-style_15\" href=\"\/fr\/les-traitements\/medicaux.html\"><span class=\"w-btn-label\">D\u00e9tails des traitements m\u00e9dicaux<\/span><\/a><\/div><div class=\"w-separator size_medium\"><\/div><\/div><\/div><div class=\"wpb_column vc_column_container us_custom_7be66668 has_bg_color\"><div class=\"vc_column-inner\"><div class=\"w-separator size_medium\"><\/div><h2 class=\"w-text us_custom_7b586bcd icon_atleft\"><span class=\"w-text-h\"><i class=\"fal fa-diagnoses\"><\/i><span class=\"w-text-value\">Les traitements chirurgicaux<\/span><\/span><\/h2><div class=\"wpb_text_column\"><div class=\"wpb_wrapper\"><p>Lorsque le traitement m\u00e9dical n\u2019est plus efficace, il faut parfois avoir recours \u00e0 une intervention chirurgicale. Cliquez pour avoir des renseignements sur les diff\u00e9rentes chirurgies que nous proposons.<\/p>\n<\/div><\/div><div class=\"w-separator size_small\"><\/div><div class=\"w-btn-wrapper align_none\"><a class=\"w-btn us-btn-style_15\" href=\"\/fr\/les-traitements\/chirurgicaux.html\"><span class=\"w-btn-label\">D\u00e9tails des traitements chrirurgicaux<\/span><\/a><\/div><div class=\"w-separator size_medium\"><\/div><\/div><\/div><\/div><\/div><\/section><section class=\"l-section wpb_row height_auto\"><div class=\"l-section-h i-cf\"><div class=\"g-cols vc_row via_grid cols_1 laptops-cols_inherit tablets-cols_inherit mobiles-cols_1 valign_top type_default stacking_default\"><div class=\"wpb_column vc_column_container\"><div class=\"vc_column-inner\"><div class=\"w-separator size_large\"><\/div><\/div><\/div><\/div><\/div><\/section>\n\n\n<\/section>","protected":false},"excerpt":{"rendered":"Docteur Eric ENKAOUAPlanning des interventions Consultation au cabinet : Mardi matin de 9h \u00e0 13h, jeudi toute la journ\u00e9e de 9h \u00e0 16h30, vendredi matin de 9h \u00e0 13h Equipe m\u00e9dico-chirurgicale : Anesth\u00e9siste : Dr Marc Zana Secr\u00e9taire : Madame Sandy Le Moing Parcours et qualifications : Ancien Interne des hopitaux Ancien Chef de Clinique...","protected":false},"author":1,"featured_media":0,"parent":0,"menu_order":0,"comment_status":"closed","ping_status":"closed","template":"","meta":{"footnotes":""},"class_list":["post-7890","page","type-page","status-publish","hentry"],"acf":[],"yoast_head":"<!-- This site is optimized with the Yoast SEO plugin v27.5 - https:\/\/yoast.com\/product\/yoast-seo-wordpress\/ -->\n<title>Institut du Dos Paris - Sp\u00e9cialistes en chirurgie de la colonne vert\u00e9brale \u00e0 Paris<\/title>\n<meta name=\"description\" content=\"Cet institut, fond\u00e9 en 2010, regroupe des chirurgiens sp\u00e9cialis\u00e9s dans la prise en charge des pathologies du dos.\" \/>\n<meta name=\"robots\" content=\"index, follow, max-snippet:-1, max-image-preview:large, max-video-preview:-1\" \/>\n<link rel=\"canonical\" href=\"https:\/\/www.institut-parisien-du-dos.fr\/fr\/\" \/>\n<meta property=\"og:locale\" content=\"fr_FR\" \/>\n<meta property=\"og:type\" content=\"article\" \/>\n<meta property=\"og:title\" content=\"Institut du Dos Paris - Sp\u00e9cialistes en chirurgie de la colonne vert\u00e9brale \u00e0 Paris\" \/>\n<meta property=\"og:description\" content=\"Cet institut, fond\u00e9 en 2010, regroupe des chirurgiens sp\u00e9cialis\u00e9s dans la prise en charge des pathologies du dos.\" \/>\n<meta property=\"og:url\" content=\"https:\/\/www.institut-parisien-du-dos.fr\/fr\/\" \/>\n<meta property=\"og:site_name\" content=\"Institut de Chirurgie du Dos Paris\" \/>\n<meta property=\"article:modified_time\" content=\"2024-03-18T17:42:34+00:00\" \/>\n<meta name=\"twitter:card\" content=\"summary_large_image\" \/>\n<meta name=\"twitter:label1\" content=\"Dur\u00e9e de lecture estim\u00e9e\" \/>\n\t<meta name=\"twitter:data1\" content=\"4 minutes\" \/>\n<script type=\"application\/ld+json\" class=\"yoast-schema-graph\">{\"@context\":\"https:\\\/\\\/schema.org\",\"@graph\":[{\"@type\":\"WebPage\",\"@id\":\"https:\\\/\\\/www.institut-parisien-du-dos.fr\\\/fr\\\/\",\"url\":\"https:\\\/\\\/www.institut-parisien-du-dos.fr\\\/fr\\\/\",\"name\":\"Institut du Dos Paris - Sp\u00e9cialistes en chirurgie de la colonne vert\u00e9brale \u00e0 Paris\",\"isPartOf\":{\"@id\":\"https:\\\/\\\/www.institut-parisien-du-dos.fr\\\/fr\\\/#website\"},\"datePublished\":\"2022-07-19T09:26:14+00:00\",\"dateModified\":\"2024-03-18T17:42:34+00:00\",\"description\":\"Cet institut, fond\u00e9 en 2010, regroupe des chirurgiens sp\u00e9cialis\u00e9s dans la prise en charge des pathologies du dos.\",\"breadcrumb\":{\"@id\":\"https:\\\/\\\/www.institut-parisien-du-dos.fr\\\/fr\\\/#breadcrumb\"},\"inLanguage\":\"fr-FR\",\"potentialAction\":[{\"@type\":\"ReadAction\",\"target\":[\"https:\\\/\\\/www.institut-parisien-du-dos.fr\\\/fr\\\/\"]}]},{\"@type\":\"BreadcrumbList\",\"@id\":\"https:\\\/\\\/www.institut-parisien-du-dos.fr\\\/fr\\\/#breadcrumb\",\"itemListElement\":[{\"@type\":\"ListItem\",\"position\":1,\"name\":\"Accueil\",\"item\":\"https:\\\/\\\/www.institut-parisien-du-dos.fr\\\/fr\\\/\"},{\"@type\":\"ListItem\",\"position\":2,\"name\":\"Accueil\"}]},{\"@type\":\"WebSite\",\"@id\":\"https:\\\/\\\/www.institut-parisien-du-dos.fr\\\/fr\\\/#website\",\"url\":\"https:\\\/\\\/www.institut-parisien-du-dos.fr\\\/fr\\\/\",\"name\":\"Institut Parisien du Dos\",\"description\":\"\",\"publisher\":{\"@id\":\"https:\\\/\\\/www.institut-parisien-du-dos.fr\\\/fr\\\/#organization\"},\"potentialAction\":[{\"@type\":\"SearchAction\",\"target\":{\"@type\":\"EntryPoint\",\"urlTemplate\":\"https:\\\/\\\/www.institut-parisien-du-dos.fr\\\/fr\\\/?s={search_term_string}\"},\"query-input\":{\"@type\":\"PropertyValueSpecification\",\"valueRequired\":true,\"valueName\":\"search_term_string\"}}],\"inLanguage\":\"fr-FR\"},{\"@type\":\"Organization\",\"@id\":\"https:\\\/\\\/www.institut-parisien-du-dos.fr\\\/fr\\\/#organization\",\"name\":\"Institut Parisien du Dos\",\"url\":\"https:\\\/\\\/www.institut-parisien-du-dos.fr\\\/fr\\\/\",\"logo\":{\"@type\":\"ImageObject\",\"inLanguage\":\"fr-FR\",\"@id\":\"https:\\\/\\\/www.institut-parisien-du-dos.fr\\\/fr\\\/#\\\/schema\\\/logo\\\/image\\\/\",\"url\":\"https:\\\/\\\/institut-parisien-du-dos.fr\\\/wp-content\\\/uploads\\\/2022\\\/10\\\/logo-institut-parisien-dos.jpg\",\"contentUrl\":\"https:\\\/\\\/institut-parisien-du-dos.fr\\\/wp-content\\\/uploads\\\/2022\\\/10\\\/logo-institut-parisien-dos.jpg\",\"width\":800,\"height\":600,\"caption\":\"Institut Parisien du Dos\"},\"image\":{\"@id\":\"https:\\\/\\\/www.institut-parisien-du-dos.fr\\\/fr\\\/#\\\/schema\\\/logo\\\/image\\\/\"},\"sameAs\":[\"https:\\\/\\\/www.instagram.com\\\/institut_parisien_du_dos\\\/\",\"https:\\\/\\\/www.linkedin.com\\\/company\\\/institut-parisien-du-dos\\\/\"]}]}<\/script>\n<!-- \/ Yoast SEO plugin. -->","yoast_head_json":{"title":"Institut du Dos Paris - Sp\u00e9cialistes en chirurgie de la colonne vert\u00e9brale \u00e0 Paris","description":"Cet institut, fond\u00e9 en 2010, regroupe des chirurgiens sp\u00e9cialis\u00e9s dans la prise en charge des pathologies du dos.","robots":{"index":"index","follow":"follow","max-snippet":"max-snippet:-1","max-image-preview":"max-image-preview:large","max-video-preview":"max-video-preview:-1"},"canonical":"https:\/\/www.institut-parisien-du-dos.fr\/fr\/","og_locale":"fr_FR","og_type":"article","og_title":"Institut du Dos Paris - Sp\u00e9cialistes en chirurgie de la colonne vert\u00e9brale \u00e0 Paris","og_description":"Cet institut, fond\u00e9 en 2010, regroupe des chirurgiens sp\u00e9cialis\u00e9s dans la prise en charge des pathologies du dos.","og_url":"https:\/\/www.institut-parisien-du-dos.fr\/fr\/","og_site_name":"Institut de Chirurgie du Dos Paris","article_modified_time":"2024-03-18T17:42:34+00:00","twitter_card":"summary_large_image","twitter_misc":{"Dur\u00e9e de lecture estim\u00e9e":"4 minutes"},"schema":{"@context":"https:\/\/schema.org","@graph":[{"@type":"WebPage","@id":"https:\/\/www.institut-parisien-du-dos.fr\/fr\/","url":"https:\/\/www.institut-parisien-du-dos.fr\/fr\/","name":"Institut du Dos Paris - Sp\u00e9cialistes en chirurgie de la colonne vert\u00e9brale \u00e0 Paris","isPartOf":{"@id":"https:\/\/www.institut-parisien-du-dos.fr\/fr\/#website"},"datePublished":"2022-07-19T09:26:14+00:00","dateModified":"2024-03-18T17:42:34+00:00","description":"Cet institut, fond\u00e9 en 2010, regroupe des chirurgiens sp\u00e9cialis\u00e9s dans la prise en charge des pathologies du dos.","breadcrumb":{"@id":"https:\/\/www.institut-parisien-du-dos.fr\/fr\/#breadcrumb"},"inLanguage":"fr-FR","potentialAction":[{"@type":"ReadAction","target":["https:\/\/www.institut-parisien-du-dos.fr\/fr\/"]}]},{"@type":"BreadcrumbList","@id":"https:\/\/www.institut-parisien-du-dos.fr\/fr\/#breadcrumb","itemListElement":[{"@type":"ListItem","position":1,"name":"Accueil","item":"https:\/\/www.institut-parisien-du-dos.fr\/fr\/"},{"@type":"ListItem","position":2,"name":"Accueil"}]},{"@type":"WebSite","@id":"https:\/\/www.institut-parisien-du-dos.fr\/fr\/#website","url":"https:\/\/www.institut-parisien-du-dos.fr\/fr\/","name":"Institut Parisien du Dos","description":"","publisher":{"@id":"https:\/\/www.institut-parisien-du-dos.fr\/fr\/#organization"},"potentialAction":[{"@type":"SearchAction","target":{"@type":"EntryPoint","urlTemplate":"https:\/\/www.institut-parisien-du-dos.fr\/fr\/?s={search_term_string}"},"query-input":{"@type":"PropertyValueSpecification","valueRequired":true,"valueName":"search_term_string"}}],"inLanguage":"fr-FR"},{"@type":"Organization","@id":"https:\/\/www.institut-parisien-du-dos.fr\/fr\/#organization","name":"Institut Parisien du Dos","url":"https:\/\/www.institut-parisien-du-dos.fr\/fr\/","logo":{"@type":"ImageObject","inLanguage":"fr-FR","@id":"https:\/\/www.institut-parisien-du-dos.fr\/fr\/#\/schema\/logo\/image\/","url":"https:\/\/institut-parisien-du-dos.fr\/wp-content\/uploads\/2022\/10\/logo-institut-parisien-dos.jpg","contentUrl":"https:\/\/institut-parisien-du-dos.fr\/wp-content\/uploads\/2022\/10\/logo-institut-parisien-dos.jpg","width":800,"height":600,"caption":"Institut Parisien du Dos"},"image":{"@id":"https:\/\/www.institut-parisien-du-dos.fr\/fr\/#\/schema\/logo\/image\/"},"sameAs":["https:\/\/www.instagram.com\/institut_parisien_du_dos\/","https:\/\/www.linkedin.com\/company\/institut-parisien-du-dos\/"]}]}},"_links":{"self":[{"href":"https:\/\/www.institut-parisien-du-dos.fr\/fr\/wp-json\/wp\/v2\/pages\/7890","targetHints":{"allow":["GET"]}}],"collection":[{"href":"https:\/\/www.institut-parisien-du-dos.fr\/fr\/wp-json\/wp\/v2\/pages"}],"about":[{"href":"https:\/\/www.institut-parisien-du-dos.fr\/fr\/wp-json\/wp\/v2\/types\/page"}],"author":[{"embeddable":true,"href":"https:\/\/www.institut-parisien-du-dos.fr\/fr\/wp-json\/wp\/v2\/users\/1"}],"replies":[{"embeddable":true,"href":"https:\/\/www.institut-parisien-du-dos.fr\/fr\/wp-json\/wp\/v2\/comments?post=7890"}],"version-history":[{"count":65,"href":"https:\/\/www.institut-parisien-du-dos.fr\/fr\/wp-json\/wp\/v2\/pages\/7890\/revisions"}],"predecessor-version":[{"id":8873,"href":"https:\/\/www.institut-parisien-du-dos.fr\/fr\/wp-json\/wp\/v2\/pages\/7890\/revisions\/8873"}],"wp:attachment":[{"href":"https:\/\/www.institut-parisien-du-dos.fr\/fr\/wp-json\/wp\/v2\/media?parent=7890"}],"curies":[{"name":"wp","href":"https:\/\/api.w.org\/{rel}","templated":true}]}}